{"id":3795,"date":"2025-03-05T13:32:12","date_gmt":"2025-03-05T13:32:12","guid":{"rendered":"https:\/\/bellaitaliacycling.com\/fahrradverleih-in-bardolino-cisano\/"},"modified":"2026-03-03T17:16:25","modified_gmt":"2026-03-03T17:16:25","slug":"fahrradverleih-in-bardolino-cisano","status":"publish","type":"page","link":"https:\/\/bellaitaliacycling.com\/de\/fahrradverleih-in-bardolino-cisano\/","title":{"rendered":"Fahrradverleih in Bardolino Cisano"},"content":{"rendered":"\t\t<div data-elementor-type=\"wp-page\" data-elementor-id=\"3795\" class=\"elementor elementor-3795 elementor-1948\" data-elementor-post-type=\"page\">\n\t\t\t\t<div class=\"elementor-element elementor-element-1c9600e e-flex e-con-boxed e-con e-parent\" data-id=\"1c9600e\" data-element_type=\"container\" data-settings=\"{&quot;sticky&quot;:&quot;top&quot;,&quot;sticky_on&quot;:[&quot;widescreen&quot;,&quot;desktop&quot;],&quot;sticky_offset&quot;:0,&quot;sticky_effects_offset&quot;:0,&quot;sticky_anchor_link_offset&quot;:0}\">\n\t\t\t\t\t<div class=\"e-con-inner\">\n\t\t<div class=\"elementor-element elementor-element-fc43796 e-con-full e-flex e-con e-child\" data-id=\"fc43796\" data-element_type=\"container\">\n\t\t\t\t<\/div>\n\t\t<div class=\"elementor-element elementor-element-89ba600 e-con-full elementor-hidden-tablet elementor-hidden-mobile e-flex e-con e-child\" data-id=\"89ba600\" data-element_type=\"container\">\n\t\t\t\t<\/div>\n\t\t\t\t\t<\/div>\n\t\t\t\t<\/div>\n\t\t<div class=\"elementor-element elementor-element-b9a9384 e-flex e-con-boxed e-con e-parent\" data-id=\"b9a9384\" data-element_type=\"container\" data-settings=\"{&quot;background_background&quot;:&quot;classic&quot;,&quot;background_motion_fx_motion_fx_scrolling&quot;:&quot;yes&quot;,&quot;background_motion_fx_translateY_effect&quot;:&quot;yes&quot;,&quot;background_motion_fx_translateY_speed&quot;:{&quot;unit&quot;:&quot;px&quot;,&quot;size&quot;:5,&quot;sizes&quot;:[]},&quot;background_motion_fx_translateY_affectedRange&quot;:{&quot;unit&quot;:&quot;%&quot;,&quot;size&quot;:&quot;&quot;,&quot;sizes&quot;:{&quot;start&quot;:0,&quot;end&quot;:100}},&quot;background_motion_fx_devices&quot;:[&quot;widescreen&quot;,&quot;desktop&quot;,&quot;laptop&quot;,&quot;tablet&quot;,&quot;mobile&quot;]}\">\n\t\t\t\t\t<div class=\"e-con-inner\">\n\t\t\t\t<div class=\"elementor-element elementor-element-860a76f elementor-align-right elementor-absolute elementor-hidden-tablet elementor-hidden-mobile elementor-widget elementor-widget-button\" data-id=\"860a76f\" data-element_type=\"widget\" data-settings=\"{&quot;_position&quot;:&quot;absolute&quot;}\" data-widget_type=\"button.default\">\n\t\t\t\t<div class=\"elementor-widget-container\">\n\t\t\t\t\t\t\t\t\t<div class=\"elementor-button-wrapper\">\n\t\t\t\t\t<a class=\"elementor-button elementor-button-link elementor-size-sm\" href=\"#noleggio\">\n\t\t\t\t\t\t<span class=\"elementor-button-content-wrapper\">\n\t\t\t\t\t\t<span class=\"elementor-button-icon\">\n\t\t\t\t<i aria-hidden=\"true\" class=\" arrow_left-down\"><\/i>\t\t\t<\/span>\n\t\t\t\t\t\t\t\t\t<span class=\"elementor-button-text\">Finden Sie Ihr Mietfahrrad<br> in Bardolino Cisano<\/span>\n\t\t\t\t\t<\/span>\n\t\t\t\t\t<\/a>\n\t\t\t\t<\/div>\n\t\t\t\t\t\t\t\t<\/div>\n\t\t\t\t<\/div>\n\t\t\t\t\t<\/div>\n\t\t\t\t<\/div>\n\t\t<div class=\"elementor-element elementor-element-ea1da96 e-flex e-con-boxed e-con e-parent\" data-id=\"ea1da96\" data-element_type=\"container\" id=\"rent-bike\" data-settings=\"{&quot;background_background&quot;:&quot;classic&quot;}\">\n\t\t\t\t\t<div class=\"e-con-inner\">\n\t\t\t\t<div class=\"elementor-element elementor-element-d6a5cc0 elementor-widget elementor-widget-heading\" data-id=\"d6a5cc0\" data-element_type=\"widget\" data-widget_type=\"heading.default\">\n\t\t\t\t<div class=\"elementor-widget-container\">\n\t\t\t\t\t<h2 class=\"elementor-heading-title elementor-size-default\">Mieten Sie ein Fahrrad online<\/h2>\t\t\t\t<\/div>\n\t\t\t\t<\/div>\n\t\t\t\t<div class=\"elementor-element elementor-element-cdfe0b2 elementor-widget elementor-widget-text-editor\" data-id=\"cdfe0b2\" data-element_type=\"widget\" data-widget_type=\"text-editor.default\">\n\t\t\t\t<div class=\"elementor-widget-container\">\n\t\t\t\t\t\t\t\t\t<p>Unser umfangreicher Fahrradpark bietet verschiedene L\u00f6sungen, von <strong>Muscle Bikes<\/strong> bis hin zu <strong>Fahrr\u00e4dern mit Tretunterst\u00fctzung <\/strong>, um den unterschiedlichsten Bed\u00fcrfnissen gerecht zu werden, von Familien bis hin zu erfahrenen Gruppen.  <\/p>\t\t\t\t\t\t\t\t<\/div>\n\t\t\t\t<\/div>\n\t\t\t\t\t<\/div>\n\t\t\t\t<\/div>\n\t\t<div class=\"elementor-element elementor-element-c312f4c e-flex e-con-boxed e-con e-parent\" data-id=\"c312f4c\" data-element_type=\"container\" data-settings=\"{&quot;background_background&quot;:&quot;classic&quot;}\">\n\t\t\t\t\t<div class=\"e-con-inner\">\n\t\t\t\t<div class=\"elementor-element elementor-element-1e0a20f elementor-widget elementor-widget-html\" data-id=\"1e0a20f\" data-element_type=\"widget\" data-widget_type=\"html.default\">\n\t\t\t\t<div class=\"elementor-widget-container\">\n\t\t\t\t\t<div id=\"ESKbookingBox\"\n     data-ESKwebid=\"BICYCAST\"\n     data-ESKkeyword=\"704\"\n     data-ESKsport=\"2\">\n<\/div>\n<script>\n  (function () {\n    var lang = (document.documentElement.lang || 'it').toLowerCase();\n    if (lang.startsWith('it')) lang = 'it';\n    else if (lang.startsWith('en')) lang = 'en';\n    else if (lang.startsWith('de')) lang = 'de';\n    else if (lang.startsWith('nl')) lang = 'nl';\n    else lang = 'en';\n\n    var box = document.getElementById('ESKbookingBox');\n    if (box) box.setAttribute('data-ESKlang', lang);\n  })();\n<\/script>\n<script src=\"https:\/\/code.jquery.com\/jquery-3.6.0.min.js\"\n        integrity=\"sha256-\/xUj+3OJU5yExlq6GSYGSHk7tPXikynS7ogEvDej\/m4=\"\n        crossorigin=\"anonymous\"><\/script>\n\n<script src=\"https:\/\/admin.bookyourrent.com\/ESwidget\/js\/ESbookingBox.js\"><\/script>\t\t\t\t<\/div>\n\t\t\t\t<\/div>\n\t\t\t\t\t<\/div>\n\t\t\t\t<\/div>\n\t\t<div class=\"elementor-element elementor-element-06ef16d e-flex e-con-boxed e-con e-parent\" data-id=\"06ef16d\" data-element_type=\"container\" id=\"noleggio\" data-settings=\"{&quot;background_background&quot;:&quot;classic&quot;}\">\n\t\t\t\t\t<div class=\"e-con-inner\">\n\t\t<div class=\"elementor-element elementor-element-005cff5 e-con-full e-flex e-con e-child\" data-id=\"005cff5\" data-element_type=\"container\">\n\t\t<div class=\"elementor-element elementor-element-89e5219 e-con-full e-flex e-con e-child\" data-id=\"89e5219\" data-element_type=\"container\" data-settings=\"{&quot;background_background&quot;:&quot;classic&quot;,&quot;background_motion_fx_motion_fx_scrolling&quot;:&quot;yes&quot;,&quot;background_motion_fx_scale_effect&quot;:&quot;yes&quot;,&quot;sticky&quot;:&quot;top&quot;,&quot;sticky_offset&quot;:100,&quot;sticky_parent&quot;:&quot;yes&quot;,&quot;background_motion_fx_scale_direction&quot;:&quot;out-in&quot;,&quot;background_motion_fx_scale_speed&quot;:{&quot;unit&quot;:&quot;px&quot;,&quot;size&quot;:4,&quot;sizes&quot;:[]},&quot;background_motion_fx_scale_range&quot;:{&quot;unit&quot;:&quot;%&quot;,&quot;size&quot;:&quot;&quot;,&quot;sizes&quot;:{&quot;start&quot;:20,&quot;end&quot;:80}},&quot;background_motion_fx_devices&quot;:[&quot;widescreen&quot;,&quot;desktop&quot;,&quot;laptop&quot;,&quot;tablet&quot;,&quot;mobile&quot;],&quot;sticky_on&quot;:[&quot;widescreen&quot;,&quot;desktop&quot;,&quot;laptop&quot;,&quot;tablet&quot;,&quot;mobile&quot;],&quot;sticky_effects_offset&quot;:0,&quot;sticky_anchor_link_offset&quot;:0}\">\n\t\t\t\t<\/div>\n\t\t\t\t<\/div>\n\t\t<div class=\"elementor-element elementor-element-4cee789 e-con-full e-flex e-con e-child\" data-id=\"4cee789\" data-element_type=\"container\">\n\t\t\t\t<div class=\"elementor-element elementor-element-427534e elementor-widget elementor-widget-heading\" data-id=\"427534e\" data-element_type=\"widget\" data-widget_type=\"heading.default\">\n\t\t\t\t<div class=\"elementor-widget-container\">\n\t\t\t\t\t<h2 class=\"elementor-heading-title elementor-size-default\">Bella Italia Radfahren in BARDOLINO CISANO<\/h2>\t\t\t\t<\/div>\n\t\t\t\t<\/div>\n\t\t\t\t<div class=\"elementor-element elementor-element-133bd51 elementor-widget elementor-widget-text-editor\" data-id=\"133bd51\" data-element_type=\"widget\" data-widget_type=\"text-editor.default\">\n\t\t\t\t<div class=\"elementor-widget-container\">\n\t\t\t\t\t\t\t\t\t<p>Vertrauen Sie auf <strong>Bella Italia Cycling<\/strong>, den idealen Fahrradverleih in <strong>Bardolino Cisano<\/strong>, um den Gardasee und seine Umgebung zu erkunden. Wir bieten hochwertige Fahrr\u00e4der f\u00fcr jeden Bedarf, von landschaftlich reizvollen Routen bis hin zu sportlichen Abenteuern. Buchen Sie jetzt und genie\u00dfen Sie ein einzigartiges Erlebnis auf zwei R\u00e4dern!  <\/p>\t\t\t\t\t\t\t\t<\/div>\n\t\t\t\t<\/div>\n\t\t\t\t<div class=\"elementor-element elementor-element-41deda4 elementor-widget__width-auto elementor-widget elementor-widget-button\" data-id=\"41deda4\" data-element_type=\"widget\" data-widget_type=\"button.default\">\n\t\t\t\t<div class=\"elementor-widget-container\">\n\t\t\t\t\t\t\t\t\t<div class=\"elementor-button-wrapper\">\n\t\t\t\t\t<a class=\"elementor-button elementor-button-link elementor-size-sm elementor-animation-float\" href=\"#rent-bike\">\n\t\t\t\t\t\t<span class=\"elementor-button-content-wrapper\">\n\t\t\t\t\t\t\t\t\t<span class=\"elementor-button-text\">Unsere Fahrr\u00e4der<\/span>\n\t\t\t\t\t<\/span>\n\t\t\t\t\t<\/a>\n\t\t\t\t<\/div>\n\t\t\t\t\t\t\t\t<\/div>\n\t\t\t\t<\/div>\n\t\t\t\t<div class=\"elementor-element elementor-element-ba7c951 elementor-icon-list--layout-traditional elementor-list-item-link-full_width elementor-widget elementor-widget-icon-list\" data-id=\"ba7c951\" data-element_type=\"widget\" data-widget_type=\"icon-list.default\">\n\t\t\t\t<div class=\"elementor-widget-container\">\n\t\t\t\t\t\t\t<ul class=\"elementor-icon-list-items\">\n\t\t\t\t\t\t\t<li class=\"elementor-icon-list-item\">\n\t\t\t\t\t\t\t\t\t\t\t<span class=\"elementor-icon-list-icon\">\n\t\t\t\t\t\t\t<i aria-hidden=\"true\" class=\" ti-check\"><\/i>\t\t\t\t\t\t<\/span>\n\t\t\t\t\t\t\t\t\t\t<span class=\"elementor-icon-list-text\">500 Meter vom Zentrum von Cisano entfernt  <\/span>\n\t\t\t\t\t\t\t\t\t<\/li>\n\t\t\t\t\t\t\t\t<li class=\"elementor-icon-list-item\">\n\t\t\t\t\t\t\t\t\t\t\t<span class=\"elementor-icon-list-icon\">\n\t\t\t\t\t\t\t<i aria-hidden=\"true\" class=\" ti-check\"><\/i>\t\t\t\t\t\t<\/span>\n\t\t\t\t\t\t\t\t\t\t<span class=\"elementor-icon-list-text\">Verleih-, Abhol- und Lieferservice f\u00fcr Elektror\u00e4der und Elektroroller<\/span>\n\t\t\t\t\t\t\t\t\t<\/li>\n\t\t\t\t\t\t\t\t<li class=\"elementor-icon-list-item\">\n\t\t\t\t\t\t\t\t\t\t\t<span class=\"elementor-icon-list-icon\">\n\t\t\t\t\t\t\t<i aria-hidden=\"true\" class=\" ti-check\"><\/i>\t\t\t\t\t\t<\/span>\n\t\t\t\t\t\t\t\t\t\t<span class=\"elementor-icon-list-text\">In der N\u00e4he des Radwegs Lazise-Bardolino und Celeste del Garda<\/span>\n\t\t\t\t\t\t\t\t\t<\/li>\n\t\t\t\t\t\t\t\t<li class=\"elementor-icon-list-item\">\n\t\t\t\t\t\t\t\t\t\t\t<span class=\"elementor-icon-list-icon\">\n\t\t\t\t\t\t\t<i aria-hidden=\"true\" class=\" ti-check\"><\/i>\t\t\t\t\t\t<\/span>\n\t\t\t\t\t\t\t\t\t\t<span class=\"elementor-icon-list-text\">Trekkingr\u00e4der, Citybikes, Elektrofahrr\u00e4der und Kinderfahrr\u00e4der<\/span>\n\t\t\t\t\t\t\t\t\t<\/li>\n\t\t\t\t\t\t\t\t<li class=\"elementor-icon-list-item\">\n\t\t\t\t\t\t\t\t\t\t\t<span class=\"elementor-icon-list-icon\">\n\t\t\t\t\t\t\t<i aria-hidden=\"true\" class=\" ti-check\"><\/i>\t\t\t\t\t\t<\/span>\n\t\t\t\t\t\t\t\t\t\t<span class=\"elementor-icon-list-text\">Ge\u00f6ffnet von April bis Oktober<\/span>\n\t\t\t\t\t\t\t\t\t<\/li>\n\t\t\t\t\t\t<\/ul>\n\t\t\t\t\t\t<\/div>\n\t\t\t\t<\/div>\n\t\t\t\t<div class=\"elementor-element elementor-element-b57901b elementor-widget elementor-widget-menu-anchor\" data-id=\"b57901b\" data-element_type=\"widget\" data-widget_type=\"menu-anchor.default\">\n\t\t\t\t<div class=\"elementor-widget-container\">\n\t\t\t\t\t\t\t<div class=\"elementor-menu-anchor\" id=\"Formular-Kontakte\"><\/div>\n\t\t\t\t\t\t<\/div>\n\t\t\t\t<\/div>\n\t\t\t\t<div class=\"elementor-element elementor-element-35a8fcf elementor-widget__width-auto elementor-widget elementor-widget-heading\" data-id=\"35a8fcf\" data-element_type=\"widget\" data-widget_type=\"heading.default\">\n\t\t\t\t<div class=\"elementor-widget-container\">\n\t\t\t\t\t<h2 class=\"elementor-heading-title elementor-size-default\">f\u00fcr weitere Informationen<\/h2>\t\t\t\t<\/div>\n\t\t\t\t<\/div>\n\t\t\t\t<div class=\"elementor-element elementor-element-3c88af9 elementor-widget__width-auto elementor-widget elementor-widget-heading\" data-id=\"3c88af9\" data-element_type=\"widget\" data-widget_type=\"heading.default\">\n\t\t\t\t<div class=\"elementor-widget-container\">\n\t\t\t\t\t<h2 class=\"elementor-heading-title elementor-size-default\">F\u00fcllen Sie das Formular aus<\/h2>\t\t\t\t<\/div>\n\t\t\t\t<\/div>\n\t\t\t\t<div class=\"elementor-element elementor-element-5a0657e elementor-button-align-end elementor-widget elementor-widget-form\" data-id=\"5a0657e\" data-element_type=\"widget\" id=\"form-contatti\" data-settings=\"{&quot;step_next_label&quot;:&quot;N\\u00e4chste&quot;,&quot;step_previous_label&quot;:&quot;Vorherige&quot;,&quot;button_width&quot;:&quot;100&quot;,&quot;step_type&quot;:&quot;number_text&quot;,&quot;step_icon_shape&quot;:&quot;circle&quot;}\" data-widget_type=\"form.default\">\n\t\t\t\t<div class=\"elementor-widget-container\">\n\t\t\t\t\t\t\t<form class=\"elementor-form\" method=\"post\" name=\"BARDOLINO CISANO - Anfrageformular f\u00fcr Fahrr\u00e4der\">\n\t\t\t<input type=\"hidden\" name=\"post_id\" value=\"3795\"\/>\n\t\t\t<input type=\"hidden\" name=\"form_id\" value=\"5a0657e\"\/>\n\t\t\t<input type=\"hidden\" name=\"referer_title\" value=\"Fahrradverleih in Bardolino Cisano - Bella Italia Cycling\" \/>\n\n\t\t\t\t\t\t\t<input type=\"hidden\" name=\"queried_id\" value=\"3795\"\/>\n\t\t\t\n\t\t\t<div class=\"elementor-form-fields-wrapper elementor-labels-\">\n\t\t\t\t\t\t\t\t<div class=\"elementor-field-type-html elementor-field-group elementor-column elementor-field-group-field_301c1d2 elementor-col-100\">\n\t\t\t\t\tPERS\u00d6NLICHE DATEN\t\t\t\t<\/div>\n\t\t\t\t\t\t\t\t<div class=\"elementor-field-type-text elementor-field-group elementor-column elementor-field-group-field_38a1e2f elementor-col-25 elementor-field-required\">\n\t\t\t\t\t\t\t\t\t\t\t\t<label for=\"form-field-field_38a1e2f\" class=\"elementor-field-label elementor-screen-only\">\n\t\t\t\t\t\t\t\tName\t\t\t\t\t\t\t<\/label>\n\t\t\t\t\t\t\t\t\t\t\t\t\t\t<input size=\"1\" type=\"text\" name=\"form_fields[field_38a1e2f]\" id=\"form-field-field_38a1e2f\" class=\"elementor-field elementor-size-sm  elementor-field-textual\" placeholder=\"Name *\" required=\"required\" aria-required=\"true\">\n\t\t\t\t\t\t\t\t\t\t\t<\/div>\n\t\t\t\t\t\t\t\t<div class=\"elementor-field-type-text elementor-field-group elementor-column elementor-field-group-name elementor-col-25 elementor-field-required\">\n\t\t\t\t\t\t\t\t\t\t\t\t<label for=\"form-field-name\" class=\"elementor-field-label elementor-screen-only\">\n\t\t\t\t\t\t\t\tNachname\t\t\t\t\t\t\t<\/label>\n\t\t\t\t\t\t\t\t\t\t\t\t\t\t<input size=\"1\" type=\"text\" name=\"form_fields[name]\" id=\"form-field-name\" class=\"elementor-field elementor-size-sm  elementor-field-textual\" placeholder=\"Nachname *\" required=\"required\" aria-required=\"true\">\n\t\t\t\t\t\t\t\t\t\t\t<\/div>\n\t\t\t\t\t\t\t\t<div class=\"elementor-field-type-tel elementor-field-group elementor-column elementor-field-group-email elementor-col-25 elementor-field-required\">\n\t\t\t\t\t\t\t\t\t\t\t\t<label for=\"form-field-email\" class=\"elementor-field-label elementor-screen-only\">\n\t\t\t\t\t\t\t\tTelefon\t\t\t\t\t\t\t<\/label>\n\t\t\t\t\t\t\t\t<input size=\"1\" type=\"tel\" name=\"form_fields[email]\" id=\"form-field-email\" class=\"elementor-field elementor-size-sm  elementor-field-textual\" placeholder=\"Telefon *\" required=\"required\" aria-required=\"true\" pattern=\"[0-9()#&amp;+*-=.]+\" title=\"Nur Nummern oder Telefon-Zeichen (#, -, *, etc) werden akzeptiert.\">\n\n\t\t\t\t\t\t<\/div>\n\t\t\t\t\t\t\t\t<div class=\"elementor-field-type-email elementor-field-group elementor-column elementor-field-group-field_83783e5 elementor-col-25 elementor-field-required\">\n\t\t\t\t\t\t\t\t\t\t\t\t<label for=\"form-field-field_83783e5\" class=\"elementor-field-label elementor-screen-only\">\n\t\t\t\t\t\t\t\tE-Mail\t\t\t\t\t\t\t<\/label>\n\t\t\t\t\t\t\t\t\t\t\t\t\t\t<input size=\"1\" type=\"email\" name=\"form_fields[field_83783e5]\" id=\"form-field-field_83783e5\" class=\"elementor-field elementor-size-sm  elementor-field-textual\" placeholder=\"E-Mail *\" required=\"required\" aria-required=\"true\">\n\t\t\t\t\t\t\t\t\t\t\t<\/div>\n\t\t\t\t\t\t\t\t<div class=\"elementor-field-type-html elementor-field-group elementor-column elementor-field-group-field_9c128ed elementor-col-100\">\n\t\t\t\t\tMIETEN DETAILS\t\t\t\t<\/div>\n\t\t\t\t\t\t\t\t<div class=\"elementor-field-type-number elementor-field-group elementor-column elementor-field-group-field_e9db9fe elementor-col-33\">\n\t\t\t\t\t\t\t\t\t\t\t\t<label for=\"form-field-field_e9db9fe\" class=\"elementor-field-label elementor-screen-only\">\n\t\t\t\t\t\t\t\tAnzahl der erwachsenen Teilnehmer\t\t\t\t\t\t\t<\/label>\n\t\t\t\t\t\t\t\t\t<input type=\"number\" name=\"form_fields[field_e9db9fe]\" id=\"form-field-field_e9db9fe\" class=\"elementor-field elementor-size-sm  elementor-field-textual\" placeholder=\"Anzahl der erwachsenen Teilnehmer\" min=\"0\" max=\"\" >\n\t\t\t\t\t\t<\/div>\n\t\t\t\t\t\t\t\t<div class=\"elementor-field-type-number elementor-field-group elementor-column elementor-field-group-field_8026fb4 elementor-col-33\">\n\t\t\t\t\t\t\t\t\t\t\t\t<label for=\"form-field-field_8026fb4\" class=\"elementor-field-label elementor-screen-only\">\n\t\t\t\t\t\t\t\tAnzahl der Teilnehmer 6-14 Jahre\t\t\t\t\t\t\t<\/label>\n\t\t\t\t\t\t\t\t\t<input type=\"number\" name=\"form_fields[field_8026fb4]\" id=\"form-field-field_8026fb4\" class=\"elementor-field elementor-size-sm  elementor-field-textual\" placeholder=\"Anzahl der Teilnehmer 6-14 Jahre\" min=\"0\" max=\"\" >\n\t\t\t\t\t\t<\/div>\n\t\t\t\t\t\t\t\t<div class=\"elementor-field-type-number elementor-field-group elementor-column elementor-field-group-field_99ec864 elementor-col-33\">\n\t\t\t\t\t\t\t\t\t\t\t\t<label for=\"form-field-field_99ec864\" class=\"elementor-field-label elementor-screen-only\">\n\t\t\t\t\t\t\t\tAnzahl der Teilnehmer &lt; 6 Jahre\t\t\t\t\t\t\t<\/label>\n\t\t\t\t\t\t\t\t\t<input type=\"number\" name=\"form_fields[field_99ec864]\" id=\"form-field-field_99ec864\" class=\"elementor-field elementor-size-sm  elementor-field-textual\" placeholder=\"Anzahl der Kinder &lt; 6 Jahre\" min=\"0\" max=\"\" >\n\t\t\t\t\t\t<\/div>\n\t\t\t\t\t\t\t\t<div class=\"elementor-field-type-select elementor-field-group elementor-column elementor-field-group-field_41b38a5 elementor-col-100\">\n\t\t\t\t\t\t\t\t\t\t\t\t<label for=\"form-field-field_41b38a5\" class=\"elementor-field-label elementor-screen-only\">\n\t\t\t\t\t\t\t\tFahrradmodell erforderlich\t\t\t\t\t\t\t<\/label>\n\t\t\t\t\t\t\t\t<div class=\"elementor-field elementor-select-wrapper remove-before \">\n\t\t\t<div class=\"select-caret-down-wrapper\">\n\t\t\t\t<svg aria-hidden=\"true\" class=\"e-font-icon-svg e-eicon-caret-down\" viewBox=\"0 0 571.4 571.4\" xmlns=\"http:\/\/www.w3.org\/2000\/svg\"><path d=\"M571 393Q571 407 561 418L311 668Q300 679 286 679T261 668L11 418Q0 407 0 393T11 368 36 357H536Q550 357 561 368T571 393Z\"><\/path><\/svg>\t\t\t<\/div>\n\t\t\t<select name=\"form_fields[field_41b38a5]\" id=\"form-field-field_41b38a5\" class=\"elementor-field-textual elementor-size-sm\">\n\t\t\t\t\t\t\t\t\t<option value=\"E-Bike\">E-Bike<\/option>\n\t\t\t\t\t\t\t\t\t<option value=\"Trekking\">Trekking<\/option>\n\t\t\t\t\t\t\t\t\t<option value=\"Road\">Road<\/option>\n\t\t\t\t\t\t\t\t\t<option value=\"Gravel\">Gravel<\/option>\n\t\t\t\t\t\t\t\t\t<option value=\"MTB\">MTB<\/option>\n\t\t\t\t\t\t\t\t\t<option value=\"Kids Bike\">Kids Bike<\/option>\n\t\t\t\t\t\t\t\t\t<option value=\"Stadtrad\">Stadtrad<\/option>\n\t\t\t\t\t\t\t<\/select>\n\t\t<\/div>\n\t\t\t\t\t\t<\/div>\n\t\t\t\t\t\t\t\t<div class=\"elementor-field-type-textarea elementor-field-group elementor-column elementor-field-group-field_4292d69 elementor-col-100 elementor-field-required\">\n\t\t\t\t\t<textarea class=\"elementor-field-textual elementor-field  elementor-size-sm\" name=\"form_fields[field_4292d69]\" id=\"form-field-field_4292d69\" rows=\"4\" placeholder=\"Gr\u00f6\u00dfe aller Teilnehmer (geben Sie an, ob Erwachsener M\/F, Junge oder Kind)*\" required=\"required\" aria-required=\"true\"><\/textarea>\t\t\t\t<\/div>\n\t\t\t\t\t\t\t\t<div class=\"elementor-field-type-select elementor-field-group elementor-column elementor-field-group-field_4bffb45 elementor-col-100 elementor-field-required\">\n\t\t\t\t\t\t\t\t\t\t\t\t<label for=\"form-field-field_4bffb45\" class=\"elementor-field-label elementor-screen-only\">\n\t\t\t\t\t\t\t\tZubeh\u00f6r\t\t\t\t\t\t\t<\/label>\n\t\t\t\t\t\t\t\t<div class=\"elementor-field elementor-select-wrapper remove-before \">\n\t\t\t<div class=\"select-caret-down-wrapper\">\n\t\t\t\t<svg aria-hidden=\"true\" class=\"e-font-icon-svg e-eicon-caret-down\" viewBox=\"0 0 571.4 571.4\" xmlns=\"http:\/\/www.w3.org\/2000\/svg\"><path d=\"M571 393Q571 407 561 418L311 668Q300 679 286 679T261 668L11 418Q0 407 0 393T11 368 36 357H536Q550 357 561 368T571 393Z\"><\/path><\/svg>\t\t\t<\/div>\n\t\t\t<select name=\"form_fields[field_4bffb45]\" id=\"form-field-field_4bffb45\" class=\"elementor-field-textual elementor-size-sm\" required=\"required\" aria-required=\"true\">\n\t\t\t\t\t\t\t\t\t<option value=\"Ich brauche kein Zubeh\u00f6r\">Ich brauche kein Zubeh\u00f6r<\/option>\n\t\t\t\t\t\t\t\t\t<option value=\"Kinderwagen\">Kinderwagen<\/option>\n\t\t\t\t\t\t\t\t\t<option value=\"Kinderr\u00fccksitz\">Kinderr\u00fccksitz<\/option>\n\t\t\t\t\t\t\t\t\t<option value=\"Hundewagen\">Hundewagen<\/option>\n\t\t\t\t\t\t\t\t\t<option value=\"Hundekorb\">Hundekorb<\/option>\n\t\t\t\t\t\t\t\t\t<option value=\"Telefonhalter\">Telefonhalter<\/option>\n\t\t\t\t\t\t\t\t\t<option value=\"Seitentaschen\">Seitentaschen<\/option>\n\t\t\t\t\t\t\t\t\t<option value=\"Pedale SPD\">Pedale SPD<\/option>\n\t\t\t\t\t\t\t\t\t<option value=\"\"><\/option>\n\t\t\t\t\t\t\t<\/select>\n\t\t<\/div>\n\t\t\t\t\t\t<\/div>\n\t\t\t\t\t\t\t\t<div class=\"elementor-field-type-html elementor-field-group elementor-column elementor-field-group-field_ba5b05c elementor-col-100\">\n\t\t\t\t\tZEITPLANUNG UND LOGISTIK\t\t\t\t<\/div>\n\t\t\t\t\t\t\t\t<div class=\"elementor-field-type-select elementor-field-group elementor-column elementor-field-group-field_d0e3318 elementor-col-100\">\n\t\t\t\t\t\t\t\t\t\t\t\t<label for=\"form-field-field_d0e3318\" class=\"elementor-field-label elementor-screen-only\">\n\t\t\t\t\t\t\t\tVerleihstelle\t\t\t\t\t\t\t<\/label>\n\t\t\t\t\t\t\t\t<div class=\"elementor-field elementor-select-wrapper remove-before \">\n\t\t\t<div class=\"select-caret-down-wrapper\">\n\t\t\t\t<svg aria-hidden=\"true\" class=\"e-font-icon-svg e-eicon-caret-down\" viewBox=\"0 0 571.4 571.4\" xmlns=\"http:\/\/www.w3.org\/2000\/svg\"><path d=\"M571 393Q571 407 561 418L311 668Q300 679 286 679T261 668L11 418Q0 407 0 393T11 368 36 357H536Q550 357 561 368T571 393Z\"><\/path><\/svg>\t\t\t<\/div>\n\t\t\t<select name=\"form_fields[field_d0e3318]\" id=\"form-field-field_d0e3318\" class=\"elementor-field-textual elementor-size-sm\">\n\t\t\t\t\t\t\t\t\t<option value=\"BARDOLINO - Cisano\">BARDOLINO - Cisano<\/option>\n\t\t\t\t\t\t\t\t\t<option value=\"Abholstelle der Autovermietung\">Abholstelle der Autovermietung<\/option>\n\t\t\t\t\t\t\t<\/select>\n\t\t<\/div>\n\t\t\t\t\t\t<\/div>\n\t\t\t\t\t\t\t\t<div class=\"elementor-field-type-date elementor-field-group elementor-column elementor-field-group-field_d87496c elementor-col-50 elementor-field-required\">\n\t\t\t\t\t\t\t\t\t\t\t\t<label for=\"form-field-field_d87496c\" class=\"elementor-field-label elementor-screen-only\">\n\t\t\t\t\t\t\t\tDatum des Mietbeginns\t\t\t\t\t\t\t<\/label>\n\t\t\t\t\t\t\n\t\t<input type=\"date\" name=\"form_fields[field_d87496c]\" id=\"form-field-field_d87496c\" class=\"elementor-field elementor-size-sm  elementor-field-textual elementor-date-field\" placeholder=\"Datum des Mietbeginns\" required=\"required\" aria-required=\"true\" pattern=\"[0-9]{4}-[0-9]{2}-[0-9]{2}\">\n\t\t\t\t\t\t<\/div>\n\t\t\t\t\t\t\t\t<div class=\"elementor-field-type-select elementor-field-group elementor-column elementor-field-group-field_fa76aec elementor-col-50\">\n\t\t\t\t\t\t\t\t\t\t\t\t<label for=\"form-field-field_fa76aec\" class=\"elementor-field-label elementor-screen-only\">\n\t\t\t\t\t\t\t\tStartzeit der Vermietung\t\t\t\t\t\t\t<\/label>\n\t\t\t\t\t\t\t\t<div class=\"elementor-field elementor-select-wrapper remove-before \">\n\t\t\t<div class=\"select-caret-down-wrapper\">\n\t\t\t\t<svg aria-hidden=\"true\" class=\"e-font-icon-svg e-eicon-caret-down\" viewBox=\"0 0 571.4 571.4\" xmlns=\"http:\/\/www.w3.org\/2000\/svg\"><path d=\"M571 393Q571 407 561 418L311 668Q300 679 286 679T261 668L11 418Q0 407 0 393T11 368 36 357H536Q550 357 561 368T571 393Z\"><\/path><\/svg>\t\t\t<\/div>\n\t\t\t<select name=\"form_fields[field_fa76aec]\" id=\"form-field-field_fa76aec\" class=\"elementor-field-textual elementor-size-sm\">\n\t\t\t\t\t\t\t\t\t<option value=\"Mietbeginn\">Mietbeginn<\/option>\n\t\t\t\t\t\t\t\t\t<option value=\"9:30 - 10:30\">9:30 - 10:30<\/option>\n\t\t\t\t\t\t\t\t\t<option value=\"10:30 - 11:30\">10:30 - 11:30<\/option>\n\t\t\t\t\t\t\t\t\t<option value=\"11:30 - 12:30\">11:30 - 12:30<\/option>\n\t\t\t\t\t\t\t\t\t<option value=\"14:30 - 15:30\">14:30 - 15:30<\/option>\n\t\t\t\t\t\t\t\t\t<option value=\"15:30 - 16:30\">15:30 - 16:30<\/option>\n\t\t\t\t\t\t\t\t\t<option value=\"17:30 - 18:30\">17:30 - 18:30<\/option>\n\t\t\t\t\t\t\t<\/select>\n\t\t<\/div>\n\t\t\t\t\t\t<\/div>\n\t\t\t\t\t\t\t\t<div class=\"elementor-field-type-date elementor-field-group elementor-column elementor-field-group-field_df35a2b elementor-col-50 elementor-field-required\">\n\t\t\t\t\t\t\t\t\t\t\t\t<label for=\"form-field-field_df35a2b\" class=\"elementor-field-label elementor-screen-only\">\n\t\t\t\t\t\t\t\tEnddatum der Miete\t\t\t\t\t\t\t<\/label>\n\t\t\t\t\t\t\n\t\t<input type=\"date\" name=\"form_fields[field_df35a2b]\" id=\"form-field-field_df35a2b\" class=\"elementor-field elementor-size-sm  elementor-field-textual elementor-date-field\" placeholder=\"Enddatum der Miete\" required=\"required\" aria-required=\"true\" pattern=\"[0-9]{4}-[0-9]{2}-[0-9]{2}\">\n\t\t\t\t\t\t<\/div>\n\t\t\t\t\t\t\t\t<div class=\"elementor-field-type-select elementor-field-group elementor-column elementor-field-group-field_0ab285a elementor-col-50\">\n\t\t\t\t\t\t\t\t\t\t\t\t<label for=\"form-field-field_0ab285a\" class=\"elementor-field-label elementor-screen-only\">\n\t\t\t\t\t\t\t\tEndzeit der Vermietung\t\t\t\t\t\t\t<\/label>\n\t\t\t\t\t\t\t\t<div class=\"elementor-field elementor-select-wrapper remove-before \">\n\t\t\t<div class=\"select-caret-down-wrapper\">\n\t\t\t\t<svg aria-hidden=\"true\" class=\"e-font-icon-svg e-eicon-caret-down\" viewBox=\"0 0 571.4 571.4\" xmlns=\"http:\/\/www.w3.org\/2000\/svg\"><path d=\"M571 393Q571 407 561 418L311 668Q300 679 286 679T261 668L11 418Q0 407 0 393T11 368 36 357H536Q550 357 561 368T571 393Z\"><\/path><\/svg>\t\t\t<\/div>\n\t\t\t<select name=\"form_fields[field_0ab285a]\" id=\"form-field-field_0ab285a\" class=\"elementor-field-textual elementor-size-sm\">\n\t\t\t\t\t\t\t\t\t<option value=\"Mietende\">Mietende<\/option>\n\t\t\t\t\t\t\t\t\t<option value=\"9:30 - 10:30\">9:30 - 10:30<\/option>\n\t\t\t\t\t\t\t\t\t<option value=\"10:30 - 11:30\">10:30 - 11:30<\/option>\n\t\t\t\t\t\t\t\t\t<option value=\"11:30 - 12:30\">11:30 - 12:30<\/option>\n\t\t\t\t\t\t\t\t\t<option value=\"14:30 - 15:30\">14:30 - 15:30<\/option>\n\t\t\t\t\t\t\t\t\t<option value=\"15:30 - 16:30\">15:30 - 16:30<\/option>\n\t\t\t\t\t\t\t\t\t<option value=\"17:30 - 18:30\">17:30 - 18:30<\/option>\n\t\t\t\t\t\t\t<\/select>\n\t\t<\/div>\n\t\t\t\t\t\t<\/div>\n\t\t\t\t\t\t\t\t<div class=\"elementor-field-type-textarea elementor-field-group elementor-column elementor-field-group-field_a7aed25 elementor-col-100\">\n\t\t\t\t\t\t\t\t\t\t\t\t<label for=\"form-field-field_a7aed25\" class=\"elementor-field-label elementor-screen-only\">\n\t\t\t\t\t\t\t\tIn welchem Hotel\/Campingplatz \u00fcbernachten Sie?\t\t\t\t\t\t\t<\/label>\n\t\t\t\t\t\t<textarea class=\"elementor-field-textual elementor-field  elementor-size-sm\" name=\"form_fields[field_a7aed25]\" id=\"form-field-field_a7aed25\" rows=\"4\" placeholder=\"In welchem Hotel\/Campingplatz \u00fcbernachten Sie?\"><\/textarea>\t\t\t\t<\/div>\n\t\t\t\t\t\t\t\t<div class=\"elementor-field-type-html elementor-field-group elementor-column elementor-field-group-field_1367d7c elementor-col-100\">\n\t\t\t\t\tSONDERW\u00dcNSCHE ODER ANGABEN ZUR LIEFERUNG\t\t\t\t<\/div>\n\t\t\t\t\t\t\t\t<div class=\"elementor-field-type-textarea elementor-field-group elementor-column elementor-field-group-message elementor-col-100\">\n\t\t\t\t\t\t\t\t\t\t\t\t<label for=\"form-field-message\" class=\"elementor-field-label elementor-screen-only\">\n\t\t\t\t\t\t\t\tNachricht\t\t\t\t\t\t\t<\/label>\n\t\t\t\t\t\t<textarea class=\"elementor-field-textual elementor-field  elementor-size-sm\" name=\"form_fields[message]\" id=\"form-field-message\" rows=\"4\" placeholder=\"Anmerkungen oder besondere Anforderungen\"><\/textarea>\t\t\t\t<\/div>\n\t\t\t\t\t\t\t\t<div class=\"elementor-field-type-html elementor-field-group elementor-column elementor-field-group-field_feeac01 elementor-col-100\">\n\t\t\t\t\t<div style=\"padding-bottom:10px\"><strong>ACHTUNG! Das obige Kontaktformular ist nicht als Reservierung gedacht, sondern als Anfrage. Wir werden Sie je nach den hier ge\u00e4u\u00dferten W\u00fcnschen \u00fcber unsere Verf\u00fcgbarkeit informieren.  <\/strong><\/div>\t\t\t\t<\/div>\n\t\t\t\t\t\t\t\t<div class=\"elementor-field-type-text\">\n\t\t\t\t\t<input size=\"1\" type=\"text\" name=\"form_fields[field_62fe42f]\" id=\"form-field-field_62fe42f\" class=\"elementor-field elementor-size-sm \" style=\"display:none !important;\">\t\t\t\t<\/div>\n\t\t\t\t\t\t\t\t<div class=\"elementor-field-type-acceptance elementor-field-group elementor-column elementor-field-group-field_d72c830 elementor-col-100\">\n\t\t\t\t\t\t\t<div class=\"elementor-field-subgroup\">\n\t\t\t<span class=\"elementor-field-option\">\n\t\t\t\t<input type=\"checkbox\" name=\"form_fields[field_d72c830]\" id=\"form-field-field_d72c830\" class=\"elementor-field elementor-size-sm  elementor-acceptance-field\">\n\t\t\t\t<label for=\"form-field-field_d72c830\">Ich stimme der Verarbeitung meiner Daten zu und erkl\u00e4re, dass ich die <a href=\"https:\/\/www.iubenda.com\/privacy-policy\/29887622\" target=\"_blank\" style=\"color:#ffffff;font-weight:400\">Datenschutzbestimmungen<\/a> (Gesetzesdekret 2016\/679) gelesen habe.<\/label>\t\t\t<\/span>\n\t\t<\/div>\n\t\t\t\t\t\t<\/div>\n\t\t\t\t\t\t\t\t<div class=\"elementor-field-type-recaptcha_v3 elementor-field-group elementor-column elementor-field-group-field_bfcf0c3 elementor-col-100 recaptcha_v3-bottomright\">\n\t\t\t\t\t<div class=\"elementor-field\" id=\"form-field-field_bfcf0c3\"><div class=\"elementor-g-recaptcha\" data-sitekey=\"6LezAPEqAAAAAHPIEZuwEzknBzBK6ywSE9ctXXke\" data-type=\"v3\" data-action=\"Form\" data-badge=\"bottomright\" data-size=\"invisible\"><\/div><\/div>\t\t\t\t<\/div>\n\t\t\t\t\t\t\t\t<div class=\"elementor-field-group elementor-column elementor-field-type-submit elementor-col-100 e-form__buttons\">\n\t\t\t\t\t<button class=\"elementor-button elementor-size-sm\" type=\"submit\">\n\t\t\t\t\t\t<span class=\"elementor-button-content-wrapper\">\n\t\t\t\t\t\t\t\t\t\t\t\t\t\t\t\t\t\t\t\t\t\t<span class=\"elementor-button-text\">Senden Sie<\/span>\n\t\t\t\t\t\t\t\t\t\t\t\t\t<\/span>\n\t\t\t\t\t<\/button>\n\t\t\t\t<\/div>\n\t\t\t<\/div>\n\t\t<\/form>\n\t\t\t\t\t\t<\/div>\n\t\t\t\t<\/div>\n\t\t\t\t<\/div>\n\t\t\t\t\t<\/div>\n\t\t\t\t<\/div>\n\t\t<div class=\"elementor-element elementor-element-a145c11 e-flex e-con-boxed e-con e-parent\" data-id=\"a145c11\" data-element_type=\"container\" data-settings=\"{&quot;background_background&quot;:&quot;classic&quot;}\">\n\t\t\t\t\t<div class=\"e-con-inner\">\n\t\t<div class=\"elementor-element elementor-element-642492d e-con-full e-flex e-con e-child\" data-id=\"642492d\" data-element_type=\"container\">\n\t\t\t\t<div class=\"elementor-element elementor-element-5b9b1d5 e-transform elementor-widget__width-auto elementor-widget elementor-widget-heading\" data-id=\"5b9b1d5\" data-element_type=\"widget\" data-settings=\"{&quot;_transform_rotateZ_effect&quot;:{&quot;unit&quot;:&quot;px&quot;,&quot;size&quot;:-11,&quot;sizes&quot;:[]},&quot;_transform_rotateZ_effect_mobile&quot;:{&quot;unit&quot;:&quot;deg&quot;,&quot;size&quot;:6,&quot;sizes&quot;:[]},&quot;_transform_rotateZ_effect_widescreen&quot;:{&quot;unit&quot;:&quot;deg&quot;,&quot;size&quot;:&quot;&quot;,&quot;sizes&quot;:[]},&quot;_transform_rotateZ_effect_laptop&quot;:{&quot;unit&quot;:&quot;deg&quot;,&quot;size&quot;:&quot;&quot;,&quot;sizes&quot;:[]},&quot;_transform_rotateZ_effect_tablet&quot;:{&quot;unit&quot;:&quot;deg&quot;,&quot;size&quot;:&quot;&quot;,&quot;sizes&quot;:[]}}\" data-widget_type=\"heading.default\">\n\t\t\t\t<div class=\"elementor-widget-container\">\n\t\t\t\t\t<h5 class=\"elementor-heading-title elementor-size-default\">&gt;Wo finden Sie uns?<\/h5>\t\t\t\t<\/div>\n\t\t\t\t<\/div>\n\t\t\t\t<div class=\"elementor-element elementor-element-b04db8e elementor-icon-list--layout-traditional elementor-list-item-link-full_width elementor-widget elementor-widget-icon-list\" data-id=\"b04db8e\" data-element_type=\"widget\" data-widget_type=\"icon-list.default\">\n\t\t\t\t<div class=\"elementor-widget-container\">\n\t\t\t\t\t\t\t<ul class=\"elementor-icon-list-items\">\n\t\t\t\t\t\t\t<li class=\"elementor-icon-list-item\">\n\t\t\t\t\t\t\t\t\t\t\t<span class=\"elementor-icon-list-icon\">\n\t\t\t\t\t\t\t<i aria-hidden=\"true\" class=\" icon_pushpin\"><\/i>\t\t\t\t\t\t<\/span>\n\t\t\t\t\t\t\t\t\t\t<span class=\"elementor-icon-list-text\"><strong>BICY - Cisano San Vito<\/strong><br>Via Pralesi, 2, 37011 Cisano VR<\/span>\n\t\t\t\t\t\t\t\t\t<\/li>\n\t\t\t\t\t\t<\/ul>\n\t\t\t\t\t\t<\/div>\n\t\t\t\t<\/div>\n\t\t\t\t<\/div>\n\t\t<div class=\"elementor-element elementor-element-ee7d1cb e-con-full e-flex e-con e-child\" data-id=\"ee7d1cb\" data-element_type=\"container\">\n\t\t\t\t<div class=\"elementor-element elementor-element-0c472cb e-transform elementor-widget__width-auto elementor-widget elementor-widget-heading\" data-id=\"0c472cb\" data-element_type=\"widget\" data-settings=\"{&quot;_transform_rotateZ_effect&quot;:{&quot;unit&quot;:&quot;px&quot;,&quot;size&quot;:3,&quot;sizes&quot;:[]},&quot;_transform_rotateZ_effect_widescreen&quot;:{&quot;unit&quot;:&quot;deg&quot;,&quot;size&quot;:&quot;&quot;,&quot;sizes&quot;:[]},&quot;_transform_rotateZ_effect_laptop&quot;:{&quot;unit&quot;:&quot;deg&quot;,&quot;size&quot;:&quot;&quot;,&quot;sizes&quot;:[]},&quot;_transform_rotateZ_effect_tablet&quot;:{&quot;unit&quot;:&quot;deg&quot;,&quot;size&quot;:&quot;&quot;,&quot;sizes&quot;:[]},&quot;_transform_rotateZ_effect_mobile&quot;:{&quot;unit&quot;:&quot;deg&quot;,&quot;size&quot;:&quot;&quot;,&quot;sizes&quot;:[]}}\" data-widget_type=\"heading.default\">\n\t\t\t\t<div class=\"elementor-widget-container\">\n\t\t\t\t\t<h5 class=\"elementor-heading-title elementor-size-default\">&gt;Wann?<\/h5>\t\t\t\t<\/div>\n\t\t\t\t<\/div>\n\t\t\t\t<div class=\"elementor-element elementor-element-18fb714 elementor-icon-list--layout-traditional elementor-list-item-link-full_width elementor-widget elementor-widget-icon-list\" data-id=\"18fb714\" data-element_type=\"widget\" data-widget_type=\"icon-list.default\">\n\t\t\t\t<div class=\"elementor-widget-container\">\n\t\t\t\t\t\t\t<ul class=\"elementor-icon-list-items\">\n\t\t\t\t\t\t\t<li class=\"elementor-icon-list-item\">\n\t\t\t\t\t\t\t\t\t\t\t<span class=\"elementor-icon-list-icon\">\n\t\t\t\t\t\t\t<i aria-hidden=\"true\" class=\" icon_clock_alt\"><\/i>\t\t\t\t\t\t<\/span>\n\t\t\t\t\t\t\t\t\t\t<span class=\"elementor-icon-list-text\"><strong>GANZJ\u00c4HRIG GE\u00d6FFNET<\/strong><br> 7 Tage die Woche <br>von 09:30 bis 18:30<\/span>\n\t\t\t\t\t\t\t\t\t<\/li>\n\t\t\t\t\t\t<\/ul>\n\t\t\t\t\t\t<\/div>\n\t\t\t\t<\/div>\n\t\t\t\t<\/div>\n\t\t<div class=\"elementor-element elementor-element-05a09ed e-con-full e-flex e-con e-child\" data-id=\"05a09ed\" data-element_type=\"container\">\n\t\t\t\t<div class=\"elementor-element elementor-element-05dd174 e-transform elementor-widget__width-auto elementor-widget elementor-widget-heading\" data-id=\"05dd174\" data-element_type=\"widget\" data-settings=\"{&quot;_transform_rotateZ_effect&quot;:{&quot;unit&quot;:&quot;px&quot;,&quot;size&quot;:7,&quot;sizes&quot;:[]},&quot;_transform_rotateZ_effect_mobile&quot;:{&quot;unit&quot;:&quot;deg&quot;,&quot;size&quot;:3,&quot;sizes&quot;:[]},&quot;_transform_rotateZ_effect_widescreen&quot;:{&quot;unit&quot;:&quot;deg&quot;,&quot;size&quot;:&quot;&quot;,&quot;sizes&quot;:[]},&quot;_transform_rotateZ_effect_laptop&quot;:{&quot;unit&quot;:&quot;deg&quot;,&quot;size&quot;:&quot;&quot;,&quot;sizes&quot;:[]},&quot;_transform_rotateZ_effect_tablet&quot;:{&quot;unit&quot;:&quot;deg&quot;,&quot;size&quot;:&quot;&quot;,&quot;sizes&quot;:[]}}\" data-widget_type=\"heading.default\">\n\t\t\t\t<div class=\"elementor-widget-container\">\n\t\t\t\t\t<h5 class=\"elementor-heading-title elementor-size-default\">&gt;Wie k\u00f6nnen Sie uns kontaktieren?<\/h5>\t\t\t\t<\/div>\n\t\t\t\t<\/div>\n\t\t\t\t<div class=\"elementor-element elementor-element-6f089ee elementor-icon-list--layout-traditional elementor-list-item-link-full_width elementor-widget elementor-widget-icon-list\" data-id=\"6f089ee\" data-element_type=\"widget\" data-widget_type=\"icon-list.default\">\n\t\t\t\t<div class=\"elementor-widget-container\">\n\t\t\t\t\t\t\t<ul class=\"elementor-icon-list-items\">\n\t\t\t\t\t\t\t<li class=\"elementor-icon-list-item\">\n\t\t\t\t\t\t\t\t\t\t\t<a href=\"tel:+39%20351%20408%206776\">\n\n\t\t\t\t\t\t\t\t\t\t\t\t<span class=\"elementor-icon-list-icon\">\n\t\t\t\t\t\t\t<i aria-hidden=\"true\" class=\"lnr lnr-phone-handset\"><\/i>\t\t\t\t\t\t<\/span>\n\t\t\t\t\t\t\t\t\t\t<span class=\"elementor-icon-list-text\">+39 351 408 6776<\/span>\n\t\t\t\t\t\t\t\t\t\t\t<\/a>\n\t\t\t\t\t\t\t\t\t<\/li>\n\t\t\t\t\t\t\t\t<li class=\"elementor-icon-list-item\">\n\t\t\t\t\t\t\t\t\t\t\t<a href=\"mailto:info@bellaitaliacycling.it\">\n\n\t\t\t\t\t\t\t\t\t\t\t\t<span class=\"elementor-icon-list-icon\">\n\t\t\t\t\t\t\t<i aria-hidden=\"true\" class=\"lnr lnr-envelope\"><\/i>\t\t\t\t\t\t<\/span>\n\t\t\t\t\t\t\t\t\t\t<span class=\"elementor-icon-list-text\">info@bellaitaliacycling.it<\/span>\n\t\t\t\t\t\t\t\t\t\t\t<\/a>\n\t\t\t\t\t\t\t\t\t<\/li>\n\t\t\t\t\t\t<\/ul>\n\t\t\t\t\t\t<\/div>\n\t\t\t\t<\/div>\n\t\t\t\t<\/div>\n\t\t\t\t\t<\/div>\n\t\t\t\t<\/div>\n\t\t<div class=\"elementor-element elementor-element-5fce21b e-flex e-con-boxed e-con e-parent\" data-id=\"5fce21b\" data-element_type=\"container\" data-settings=\"{&quot;background_background&quot;:&quot;classic&quot;}\">\n\t\t\t\t\t<div class=\"e-con-inner\">\n\t\t<div class=\"elementor-element elementor-element-6b49f61 e-con-full e-flex e-con e-child\" data-id=\"6b49f61\" data-element_type=\"container\">\n\t\t\t\t<div class=\"elementor-element elementor-element-668a742 elementor-widget elementor-widget-heading\" data-id=\"668a742\" data-element_type=\"widget\" data-widget_type=\"heading.default\">\n\t\t\t\t<div class=\"elementor-widget-container\">\n\t\t\t\t\t<h2 class=\"elementor-heading-title elementor-size-default\">FAHRRADVERLEIH MIT LIEFERUNG UND ABHOLUNG - KOMFORT AUF ZWEI R\u00c4DERN!  \n<\/h2>\t\t\t\t<\/div>\n\t\t\t\t<\/div>\n\t\t\t\t<div class=\"elementor-element elementor-element-74f5a78 elementor-widget elementor-widget-text-editor\" data-id=\"74f5a78\" data-element_type=\"widget\" data-widget_type=\"text-editor.default\">\n\t\t\t\t<div class=\"elementor-widget-container\">\n\t\t\t\t\t\t\t\t\t<p><span style=\"font-weight: 400;\">Sie m\u00f6chten lieber nicht umziehen? Kein Problem!   <\/span><\/p><p><span style=\"font-weight: 400;\">Wir bringen Ihr Fahrrad <\/span><b>direkt dorthin, wo Sie wollen<\/b><span style=\"font-weight: 400;\">! <\/span> <\/p><p><span style=\"font-weight: 400;\">Ob Sie es empfangen m\u00f6chten <\/span><b>in Ihrem Hotel, am Bahnhof oder an einem anderen Ort Ihrer Wahl<\/b><span style=\"font-weight: 400;\">unser Service der <\/span><b>Lieferung und Abholung<\/b><span style=\"font-weight: 400;\"> garantiert Ihnen maximalen Komfort.<\/span><\/p>\t\t\t\t\t\t\t\t<\/div>\n\t\t\t\t<\/div>\n\t\t\t\t<div class=\"elementor-element elementor-element-dbd5496 elementor-icon-list--layout-traditional elementor-list-item-link-full_width elementor-widget elementor-widget-icon-list\" data-id=\"dbd5496\" data-element_type=\"widget\" data-widget_type=\"icon-list.default\">\n\t\t\t\t<div class=\"elementor-widget-container\">\n\t\t\t\t\t\t\t<ul class=\"elementor-icon-list-items\">\n\t\t\t\t\t\t\t<li class=\"elementor-icon-list-item\">\n\t\t\t\t\t\t\t\t\t\t\t<span class=\"elementor-icon-list-icon\">\n\t\t\t\t\t\t\t<i aria-hidden=\"true\" class=\" arrow_right\"><\/i>\t\t\t\t\t\t<\/span>\n\t\t\t\t\t\t\t\t\t\t<span class=\"elementor-icon-list-text\">Mindestmietdauer <strong>2 Tage<\/strong> <\/span>\n\t\t\t\t\t\t\t\t\t<\/li>\n\t\t\t\t\t\t\t\t<li class=\"elementor-icon-list-item\">\n\t\t\t\t\t\t\t\t\t\t\t<span class=\"elementor-icon-list-icon\">\n\t\t\t\t\t\t\t<i aria-hidden=\"true\" class=\" arrow_right\"><\/i>\t\t\t\t\t\t<\/span>\n\t\t\t\t\t\t\t\t\t\t<span class=\"elementor-icon-list-text\">Reservierung mindestens <strong>48 Stunden im Voraus<\/strong> erforderlich<\/span>\n\t\t\t\t\t\t\t\t\t<\/li>\n\t\t\t\t\t\t\t\t<li class=\"elementor-icon-list-item\">\n\t\t\t\t\t\t\t\t\t\t\t<span class=\"elementor-icon-list-icon\">\n\t\t\t\t\t\t\t<i aria-hidden=\"true\" class=\" arrow_right\"><\/i>\t\t\t\t\t\t<\/span>\n\t\t\t\t\t\t\t\t\t\t<span class=\"elementor-icon-list-text\">Die Transportkosten werden je nach <strong>Entfernung<\/strong> und <strong>Anzahl der Fahrr\u00e4der<\/strong> berechnet<\/span>\n\t\t\t\t\t\t\t\t\t<\/li>\n\t\t\t\t\t\t<\/ul>\n\t\t\t\t\t\t<\/div>\n\t\t\t\t<\/div>\n\t\t\t\t<div class=\"elementor-element elementor-element-12cfb94 elementor-widget__width-auto elementor-widget elementor-widget-button\" data-id=\"12cfb94\" data-element_type=\"widget\" data-widget_type=\"button.default\">\n\t\t\t\t<div class=\"elementor-widget-container\">\n\t\t\t\t\t\t\t\t\t<div class=\"elementor-button-wrapper\">\n\t\t\t\t\t<a class=\"elementor-button elementor-button-link elementor-size-sm elementor-animation-float\" href=\"#form-contatti\">\n\t\t\t\t\t\t<span class=\"elementor-button-content-wrapper\">\n\t\t\t\t\t\t\t\t\t<span class=\"elementor-button-text\">Kontaktieren Sie uns f\u00fcr ein Angebot<\/span>\n\t\t\t\t\t<\/span>\n\t\t\t\t\t<\/a>\n\t\t\t\t<\/div>\n\t\t\t\t\t\t\t\t<\/div>\n\t\t\t\t<\/div>\n\t\t\t\t<\/div>\n\t\t<div class=\"elementor-element elementor-element-5aa4a5f e-con-full e-flex e-con e-child\" data-id=\"5aa4a5f\" data-element_type=\"container\" data-settings=\"{&quot;background_background&quot;:&quot;classic&quot;,&quot;background_motion_fx_motion_fx_scrolling&quot;:&quot;yes&quot;,&quot;background_motion_fx_scale_effect&quot;:&quot;yes&quot;,&quot;background_motion_fx_devices&quot;:[&quot;widescreen&quot;,&quot;desktop&quot;,&quot;laptop&quot;],&quot;background_motion_fx_scale_direction&quot;:&quot;out-in&quot;,&quot;background_motion_fx_scale_speed&quot;:{&quot;unit&quot;:&quot;px&quot;,&quot;size&quot;:4,&quot;sizes&quot;:[]},&quot;background_motion_fx_scale_range&quot;:{&quot;unit&quot;:&quot;%&quot;,&quot;size&quot;:&quot;&quot;,&quot;sizes&quot;:{&quot;start&quot;:20,&quot;end&quot;:80}}}\">\n\t\t\t\t<\/div>\n\t\t\t\t\t<\/div>\n\t\t\t\t<\/div>\n\t\t<div class=\"elementor-element elementor-element-a6a0525 e-flex e-con-boxed e-con e-parent\" data-id=\"a6a0525\" data-element_type=\"container\" data-settings=\"{&quot;background_background&quot;:&quot;classic&quot;,&quot;background_motion_fx_motion_fx_scrolling&quot;:&quot;yes&quot;,&quot;background_motion_fx_translateY_effect&quot;:&quot;yes&quot;,&quot;background_motion_fx_translateY_speed&quot;:{&quot;unit&quot;:&quot;px&quot;,&quot;size&quot;:6,&quot;sizes&quot;:[]},&quot;background_motion_fx_translateY_affectedRange&quot;:{&quot;unit&quot;:&quot;%&quot;,&quot;size&quot;:&quot;&quot;,&quot;sizes&quot;:{&quot;start&quot;:0,&quot;end&quot;:100}},&quot;background_motion_fx_devices&quot;:[&quot;widescreen&quot;,&quot;desktop&quot;,&quot;laptop&quot;,&quot;tablet&quot;,&quot;mobile&quot;]}\">\n\t\t\t\t\t<div class=\"e-con-inner\">\n\t\t\t\t<div class=\"elementor-element elementor-element-88eb9c7 elementor-fixed elementor-hidden-widescreen elementor-hidden-desktop elementor-hidden-laptop elementor-hidden-tablet elementor-hidden-mobile elementor-widget elementor-widget-button\" data-id=\"88eb9c7\" data-element_type=\"widget\" data-settings=\"{&quot;_position&quot;:&quot;fixed&quot;}\" data-widget_type=\"button.default\">\n\t\t\t\t<div class=\"elementor-widget-container\">\n\t\t\t\t\t\t\t\t\t<div class=\"elementor-button-wrapper\">\n\t\t\t\t\t<a class=\"elementor-button elementor-button-link elementor-size-sm\" href=\"https:\/\/fareharbor.com\/embeds\/book\/bellaitaliacycling\/?full-items=yes&#038;flow=1373622\">\n\t\t\t\t\t\t<span class=\"elementor-button-content-wrapper\">\n\t\t\t\t\t\t<span class=\"elementor-button-icon\">\n\t\t\t\t<i aria-hidden=\"true\" class=\" icon_calendar\"><\/i>\t\t\t<\/span>\n\t\t\t\t\t\t\t\t\t<span class=\"elementor-button-text\">Jetzt ein Fahrrad buchen<\/span>\n\t\t\t\t\t<\/span>\n\t\t\t\t\t<\/a>\n\t\t\t\t<\/div>\n\t\t\t\t\t\t\t\t<\/div>\n\t\t\t\t<\/div>\n\t\t\t\t\t<\/div>\n\t\t\t\t<\/div>\n\t\t<div class=\"elementor-element elementor-element-51586fc e-flex e-con-boxed e-con e-parent\" data-id=\"51586fc\" data-element_type=\"container\" data-settings=\"{&quot;background_background&quot;:&quot;classic&quot;}\">\n\t\t\t\t\t<div class=\"e-con-inner\">\n\t\t<div class=\"elementor-element elementor-element-efc5556 e-con-full e-flex e-con e-child\" data-id=\"efc5556\" data-element_type=\"container\">\n\t\t\t\t<div class=\"elementor-element elementor-element-3131bc6 elementor-widget elementor-widget-image\" data-id=\"3131bc6\" data-element_type=\"widget\" data-widget_type=\"image.default\">\n\t\t\t\t<div class=\"elementor-widget-container\">\n\t\t\t\t\t\t\t\t\t\t\t\t\t\t\t<img fetchpriority=\"high\" decoding=\"async\" width=\"800\" height=\"450\" src=\"https:\/\/bellaitaliacycling.com\/wp-content\/uploads\/2025\/02\/tour-guidati-1024x576.png\" class=\"attachment-large size-large wp-image-2741\" alt=\"\" srcset=\"https:\/\/bellaitaliacycling.com\/wp-content\/uploads\/2025\/02\/tour-guidati-1024x576.png 1024w, https:\/\/bellaitaliacycling.com\/wp-content\/uploads\/2025\/02\/tour-guidati-600x337.png 600w, https:\/\/bellaitaliacycling.com\/wp-content\/uploads\/2025\/02\/tour-guidati-300x169.png 300w, https:\/\/bellaitaliacycling.com\/wp-content\/uploads\/2025\/02\/tour-guidati-768x432.png 768w, https:\/\/bellaitaliacycling.com\/wp-content\/uploads\/2025\/02\/tour-guidati-1536x864.png 1536w, https:\/\/bellaitaliacycling.com\/wp-content\/uploads\/2025\/02\/tour-guidati-2048x1152.png 2048w\" sizes=\"(max-width: 800px) 100vw, 800px\" \/>\t\t\t\t\t\t\t\t\t\t\t\t\t\t\t<\/div>\n\t\t\t\t<\/div>\n\t\t\t\t<div class=\"elementor-element elementor-element-4b55b7f elementor-widget elementor-widget-heading\" data-id=\"4b55b7f\" data-element_type=\"widget\" data-widget_type=\"heading.default\">\n\t\t\t\t<div class=\"elementor-widget-container\">\n\t\t\t\t\t<h3 class=\"elementor-heading-title elementor-size-default\">Gef\u00fchrte Touren<\/h3>\t\t\t\t<\/div>\n\t\t\t\t<\/div>\n\t\t\t\t<div class=\"elementor-element elementor-element-f81c885 elementor-widget elementor-widget-text-editor\" data-id=\"f81c885\" data-element_type=\"widget\" data-widget_type=\"text-editor.default\">\n\t\t\t\t<div class=\"elementor-widget-container\">\n\t\t\t\t\t\t\t\t\t<p>Bella Italia Cycling organisiert <strong>gef\u00fchrte Touren<\/strong> mit dem Ziel, unser geliebtes <strong>Gebiet<\/strong> bekannt und beliebt zu machen. Von den <strong>einfachsten<\/strong> Touren, die f\u00fcr die ganze Familie geeignet sind, \u00fcber <strong>anspruchsvollere<\/strong> Touren bis hin zu <strong>gastronomischen<\/strong> Touren, um die Vorz\u00fcge des Gardasees zu entdecken. Warten Sie nicht und buchen Sie die Tour, die Sie bevorzugen!  <\/p>\t\t\t\t\t\t\t\t<\/div>\n\t\t\t\t<\/div>\n\t\t\t\t<div class=\"elementor-element elementor-element-2999d3e elementor-widget__width-auto elementor-widget elementor-widget-button\" data-id=\"2999d3e\" data-element_type=\"widget\" data-widget_type=\"button.default\">\n\t\t\t\t<div class=\"elementor-widget-container\">\n\t\t\t\t\t\t\t\t\t<div class=\"elementor-button-wrapper\">\n\t\t\t\t\t<a class=\"elementor-button elementor-button-link elementor-size-sm elementor-animation-float\" href=\"https:\/\/bellaitaliacycling.com\/de\/gefuehrte-fahrradtouren\/\">\n\t\t\t\t\t\t<span class=\"elementor-button-content-wrapper\">\n\t\t\t\t\t\t<span class=\"elementor-button-icon\">\n\t\t\t\t<i aria-hidden=\"true\" class=\" icon_calendar\"><\/i>\t\t\t<\/span>\n\t\t\t\t\t\t\t\t\t<span class=\"elementor-button-text\">Buchen Sie eine gef\u00fchrte Tour<\/span>\n\t\t\t\t\t<\/span>\n\t\t\t\t\t<\/a>\n\t\t\t\t<\/div>\n\t\t\t\t\t\t\t\t<\/div>\n\t\t\t\t<\/div>\n\t\t\t\t<\/div>\n\t\t<div class=\"elementor-element elementor-element-742d1d9 e-con-full e-flex e-con e-child\" data-id=\"742d1d9\" data-element_type=\"container\">\n\t\t<div class=\"elementor-element elementor-element-31aa3df e-con-full e-flex e-con e-child\" data-id=\"31aa3df\" data-element_type=\"container\">\n\t\t\t\t<div class=\"elementor-element elementor-element-b7290a7 elementor-widget elementor-widget-image\" data-id=\"b7290a7\" data-element_type=\"widget\" data-widget_type=\"image.default\">\n\t\t\t\t<div class=\"elementor-widget-container\">\n\t\t\t\t\t\t\t\t\t\t\t\t\t\t\t<img decoding=\"async\" width=\"800\" height=\"450\" src=\"https:\/\/bellaitaliacycling.com\/wp-content\/uploads\/2025\/02\/tour-di-gruppo-1024x576.png\" class=\"attachment-large size-large wp-image-2738\" alt=\"\" srcset=\"https:\/\/bellaitaliacycling.com\/wp-content\/uploads\/2025\/02\/tour-di-gruppo-1024x576.png 1024w, https:\/\/bellaitaliacycling.com\/wp-content\/uploads\/2025\/02\/tour-di-gruppo-600x337.png 600w, https:\/\/bellaitaliacycling.com\/wp-content\/uploads\/2025\/02\/tour-di-gruppo-300x169.png 300w, https:\/\/bellaitaliacycling.com\/wp-content\/uploads\/2025\/02\/tour-di-gruppo-768x432.png 768w, https:\/\/bellaitaliacycling.com\/wp-content\/uploads\/2025\/02\/tour-di-gruppo-1536x864.png 1536w, https:\/\/bellaitaliacycling.com\/wp-content\/uploads\/2025\/02\/tour-di-gruppo-2048x1152.png 2048w\" sizes=\"(max-width: 800px) 100vw, 800px\" \/>\t\t\t\t\t\t\t\t\t\t\t\t\t\t\t<\/div>\n\t\t\t\t<\/div>\n\t\t\t\t<div class=\"elementor-element elementor-element-b39fc27 elementor-widget elementor-widget-heading\" data-id=\"b39fc27\" data-element_type=\"widget\" data-widget_type=\"heading.default\">\n\t\t\t\t<div class=\"elementor-widget-container\">\n\t\t\t\t\t<h3 class=\"elementor-heading-title elementor-size-default\">Gruppenreisen<\/h3>\t\t\t\t<\/div>\n\t\t\t\t<\/div>\n\t\t\t\t<div class=\"elementor-element elementor-element-34c3f35 elementor-widget elementor-widget-text-editor\" data-id=\"34c3f35\" data-element_type=\"widget\" data-widget_type=\"text-editor.default\">\n\t\t\t\t<div class=\"elementor-widget-container\">\n\t\t\t\t\t\t\t\t\t<p>Wenn Sie eine <strong>gro\u00dfe<\/strong> Gruppe sind, z. B. eine Schulklasse, eine Reisegruppe oder ein Unternehmen, keine Sorge&#8230; wir hei\u00dfen Sie gerne willkommen! Bitte kontaktieren Sie uns und teilen Sie uns mit <strong>, wann<\/strong> Sie die Tour organisieren m\u00f6chten und <strong>wie viele<\/strong> von Ihnen teilnehmen werden. <\/p>\t\t\t\t\t\t\t\t<\/div>\n\t\t\t\t<\/div>\n\t\t\t\t<\/div>\n\t\t<div class=\"elementor-element elementor-element-f6a7802 e-con-full e-flex e-con e-child\" data-id=\"f6a7802\" data-element_type=\"container\">\n\t\t\t\t<div class=\"elementor-element elementor-element-8c2b56a elementor-widget__width-auto elementor-widget elementor-widget-button\" data-id=\"8c2b56a\" data-element_type=\"widget\" data-widget_type=\"button.default\">\n\t\t\t\t<div class=\"elementor-widget-container\">\n\t\t\t\t\t\t\t\t\t<div class=\"elementor-button-wrapper\">\n\t\t\t\t\t<a class=\"elementor-button elementor-button-link elementor-size-sm elementor-animation-float\" href=\"https:\/\/bellaitaliacycling.com\/de\/radtouren-fuer-gruppen-und-reisebueros\/\">\n\t\t\t\t\t\t<span class=\"elementor-button-content-wrapper\">\n\t\t\t\t\t\t<span class=\"elementor-button-icon\">\n\t\t\t\t<svg aria-hidden=\"true\" class=\"e-font-icon-svg e-far-envelope\" viewBox=\"0 0 512 512\" xmlns=\"http:\/\/www.w3.org\/2000\/svg\"><path d=\"M464 64H48C21.49 64 0 85.49 0 112v288c0 26.51 21.49 48 48 48h416c26.51 0 48-21.49 48-48V112c0-26.51-21.49-48-48-48zm0 48v40.805c-22.422 18.259-58.168 46.651-134.587 106.49-16.841 13.247-50.201 45.072-73.413 44.701-23.208.375-56.579-31.459-73.413-44.701C106.18 199.465 70.425 171.067 48 152.805V112h416zM48 400V214.398c22.914 18.251 55.409 43.862 104.938 82.646 21.857 17.205 60.134 55.186 103.062 54.955 42.717.231 80.509-37.199 103.053-54.947 49.528-38.783 82.032-64.401 104.947-82.653V400H48z\"><\/path><\/svg>\t\t\t<\/span>\n\t\t\t\t\t\t\t\t\t<span class=\"elementor-button-text\">Kontaktieren Sie uns<\/span>\n\t\t\t\t\t<\/span>\n\t\t\t\t\t<\/a>\n\t\t\t\t<\/div>\n\t\t\t\t\t\t\t\t<\/div>\n\t\t\t\t<\/div>\n\t\t\t\t<\/div>\n\t\t\t\t<\/div>\n\t\t<div class=\"elementor-element elementor-element-24003f7 e-con-full e-flex e-con e-child\" data-id=\"24003f7\" data-element_type=\"container\">\n\t\t\t\t<div class=\"elementor-element elementor-element-ddf5a6a elementor-widget elementor-widget-image\" data-id=\"ddf5a6a\" data-element_type=\"widget\" data-widget_type=\"image.default\">\n\t\t\t\t<div class=\"elementor-widget-container\">\n\t\t\t\t\t\t\t\t\t\t\t\t\t\t\t<img decoding=\"async\" width=\"800\" height=\"450\" src=\"https:\/\/bellaitaliacycling.com\/wp-content\/uploads\/2025\/02\/tour-individuale-1024x576.png\" class=\"attachment-large size-large wp-image-2747\" alt=\"\" srcset=\"https:\/\/bellaitaliacycling.com\/wp-content\/uploads\/2025\/02\/tour-individuale-1024x576.png 1024w, https:\/\/bellaitaliacycling.com\/wp-content\/uploads\/2025\/02\/tour-individuale-600x337.png 600w, https:\/\/bellaitaliacycling.com\/wp-content\/uploads\/2025\/02\/tour-individuale-300x169.png 300w, https:\/\/bellaitaliacycling.com\/wp-content\/uploads\/2025\/02\/tour-individuale-768x432.png 768w, https:\/\/bellaitaliacycling.com\/wp-content\/uploads\/2025\/02\/tour-individuale-1536x864.png 1536w, https:\/\/bellaitaliacycling.com\/wp-content\/uploads\/2025\/02\/tour-individuale-2048x1152.png 2048w\" sizes=\"(max-width: 800px) 100vw, 800px\" \/>\t\t\t\t\t\t\t\t\t\t\t\t\t\t\t<\/div>\n\t\t\t\t<\/div>\n\t\t\t\t<div class=\"elementor-element elementor-element-b8bcaa4 elementor-widget elementor-widget-heading\" data-id=\"b8bcaa4\" data-element_type=\"widget\" data-widget_type=\"heading.default\">\n\t\t\t\t<div class=\"elementor-widget-container\">\n\t\t\t\t\t<h3 class=\"elementor-heading-title elementor-size-default\">Selbsttouren und GPS-Tracks<\/h3>\t\t\t\t<\/div>\n\t\t\t\t<\/div>\n\t\t\t\t<div class=\"elementor-element elementor-element-58f8dac elementor-widget elementor-widget-text-editor\" data-id=\"58f8dac\" data-element_type=\"widget\" data-widget_type=\"text-editor.default\">\n\t\t\t\t<div class=\"elementor-widget-container\">\n\t\t\t\t\t\t\t\t\t<p>Wenn Sie ein erfahrener Radfahrer sind, der es gewohnt ist, Touren auf eigene Faust zu unternehmen, und auf der Suche nach neuen, aufregenden Routen sind, sollten Sie sich unsere <strong>Reiseroute<\/strong> ansehen. Wir haben eine Reihe von <strong>GPS-Touren<\/strong> mit<strong> unterschiedlichen Schwierigkeitsgraden<\/strong> ausgew\u00e4hlt<strong>. <\/strong>Alles, was Sie tun m\u00fcssen, ist, sie herunterzuladen, sie mit Ihrer Lieblings-App zu \u00f6ffnen&#8230; und sich aufs Rad zu schwingen!<\/p>\t\t\t\t\t\t\t\t<\/div>\n\t\t\t\t<\/div>\n\t\t<div class=\"elementor-element elementor-element-7f592d7 e-con-full e-flex e-con e-child\" data-id=\"7f592d7\" data-element_type=\"container\">\n\t\t\t\t<div class=\"elementor-element elementor-element-d630f34 elementor-widget__width-auto elementor-widget elementor-widget-button\" data-id=\"d630f34\" data-element_type=\"widget\" data-widget_type=\"button.default\">\n\t\t\t\t<div class=\"elementor-widget-container\">\n\t\t\t\t\t\t\t\t\t<div class=\"elementor-button-wrapper\">\n\t\t\t\t\t<a class=\"elementor-button elementor-button-link elementor-size-sm elementor-animation-float\" href=\"https:\/\/bellaitaliacycling.com\/de\/selbststaendige-tour-mit-dem-fahrrad\/\">\n\t\t\t\t\t\t<span class=\"elementor-button-content-wrapper\">\n\t\t\t\t\t\t<span class=\"elementor-button-icon\">\n\t\t\t\t<i aria-hidden=\"true\" class=\" icon_compass_alt\"><\/i>\t\t\t<\/span>\n\t\t\t\t\t\t\t\t\t<span class=\"elementor-button-text\">Zu GPS-Routen gehen<\/span>\n\t\t\t\t\t<\/span>\n\t\t\t\t\t<\/a>\n\t\t\t\t<\/div>\n\t\t\t\t\t\t\t\t<\/div>\n\t\t\t\t<\/div>\n\t\t\t\t<div class=\"elementor-element elementor-element-5ec6c1e elementor-widget__width-auto elementor-widget elementor-widget-button\" data-id=\"5ec6c1e\" data-element_type=\"widget\" data-widget_type=\"button.default\">\n\t\t\t\t<div class=\"elementor-widget-container\">\n\t\t\t\t\t\t\t\t\t<div class=\"elementor-button-wrapper\">\n\t\t\t\t\t<a class=\"elementor-button elementor-button-link elementor-size-sm elementor-animation-float\" href=\"https:\/\/bellaitaliacycling.com\/de\/gps-tracks-fuer-radtouren\/\">\n\t\t\t\t\t\t<span class=\"elementor-button-content-wrapper\">\n\t\t\t\t\t\t<span class=\"elementor-button-icon\">\n\t\t\t\t<i aria-hidden=\"true\" class=\"lnr lnr-user\"><\/i>\t\t\t<\/span>\n\t\t\t\t\t\t\t\t\t<span class=\"elementor-button-text\">Zu den Selbsttouren gehen<\/span>\n\t\t\t\t\t<\/span>\n\t\t\t\t\t<\/a>\n\t\t\t\t<\/div>\n\t\t\t\t\t\t\t\t<\/div>\n\t\t\t\t<\/div>\n\t\t\t\t<\/div>\n\t\t\t\t<\/div>\n\t\t\t\t\t<\/div>\n\t\t\t\t<\/div>\n\t\t\t\t<\/div>\n\t\t","protected":false},"excerpt":{"rendered":"<p>Finden Sie Ihr Mietfahrrad in Bardolino Cisano Mieten Sie ein Fahrrad online Unser umfangreicher Fahrradpark bietet verschiedene L\u00f6sungen, von Muscle Bikes bis hin zu Fahrr\u00e4dern mit Tretunterst\u00fctzung , um den unterschiedlichsten Bed\u00fcrfnissen gerecht zu werden, von Familien bis hin zu erfahrenen Gruppen. Bella Italia Radfahren in BARDOLINO CISANO Vertrauen Sie auf Bella Italia Cycling, den [&hellip;]<\/p>\n","protected":false},"author":2,"featured_media":0,"parent":0,"menu_order":0,"comment_status":"closed","ping_status":"closed","template":"","meta":{"_acf_changed":false,"footnotes":""},"class_list":["post-3795","page","type-page","status-publish","hentry"],"acf":[],"yoast_head":"<!-- This site is optimized with the Yoast SEO plugin v26.3 - https:\/\/yoast.com\/wordpress\/plugins\/seo\/ -->\n<title>Fahrradverleih in Bardolino Cisano - Bella Italia Cycling<\/title>\n<meta name=\"description\" content=\"Fahrradverleih in Bardolino del Garda. Unser breites Angebot umfasst Citybikes, Trekkingr\u00e4der, E-Bikes, Mountainbikes und Kinderfahrr\u00e4der.\" \/>\n<meta name=\"robots\" content=\"index, follow, max-snippet:-1, max-image-preview:large, max-video-preview:-1\" \/>\n<link rel=\"canonical\" href=\"https:\/\/bellaitaliacycling.com\/de\/fahrradverleih-in-bardolino-cisano\/\" \/>\n<meta property=\"og:locale\" content=\"de_DE\" \/>\n<meta property=\"og:type\" content=\"article\" \/>\n<meta property=\"og:title\" content=\"Fahrradverleih in Bardolino Cisano - Bella Italia Cycling\" \/>\n<meta property=\"og:description\" content=\"Fahrradverleih in Bardolino del Garda. Unser breites Angebot umfasst Citybikes, Trekkingr\u00e4der, E-Bikes, Mountainbikes und Kinderfahrr\u00e4der.\" \/>\n<meta property=\"og:url\" content=\"https:\/\/bellaitaliacycling.com\/de\/fahrradverleih-in-bardolino-cisano\/\" \/>\n<meta property=\"og:site_name\" content=\"Bella Italia Cycling\" \/>\n<meta property=\"article:publisher\" content=\"https:\/\/www.facebook.com\/p\/Bella-Italia-CYcling-61557438540626\/\" \/>\n<meta property=\"article:modified_time\" content=\"2026-03-03T17:16:25+00:00\" \/>\n<meta property=\"og:image\" content=\"https:\/\/bellaitaliacycling.com\/wp-content\/uploads\/2025\/02\/tour-guidati.png\" \/>\n\t<meta property=\"og:image:width\" content=\"3048\" \/>\n\t<meta property=\"og:image:height\" content=\"1714\" \/>\n\t<meta property=\"og:image:type\" content=\"image\/png\" \/>\n<meta name=\"twitter:card\" content=\"summary_large_image\" \/>\n<meta name=\"twitter:label1\" content=\"Gesch\u00e4tzte Lesezeit\" \/>\n\t<meta name=\"twitter:data1\" content=\"4\u00a0Minuten\" \/>\n<script type=\"application\/ld+json\" class=\"yoast-schema-graph\">{\"@context\":\"https:\/\/schema.org\",\"@graph\":[{\"@type\":\"WebPage\",\"@id\":\"https:\/\/bellaitaliacycling.com\/de\/fahrradverleih-in-bardolino-cisano\/\",\"url\":\"https:\/\/bellaitaliacycling.com\/de\/fahrradverleih-in-bardolino-cisano\/\",\"name\":\"Fahrradverleih in Bardolino Cisano - Bella Italia Cycling\",\"isPartOf\":{\"@id\":\"https:\/\/bellaitaliacycling.com\/de\/#website\"},\"primaryImageOfPage\":{\"@id\":\"https:\/\/bellaitaliacycling.com\/de\/fahrradverleih-in-bardolino-cisano\/#primaryimage\"},\"image\":{\"@id\":\"https:\/\/bellaitaliacycling.com\/de\/fahrradverleih-in-bardolino-cisano\/#primaryimage\"},\"thumbnailUrl\":\"https:\/\/bellaitaliacycling.com\/wp-content\/uploads\/2025\/02\/tour-guidati-1024x576.png\",\"datePublished\":\"2025-03-05T13:32:12+00:00\",\"dateModified\":\"2026-03-03T17:16:25+00:00\",\"description\":\"Fahrradverleih in Bardolino del Garda. Unser breites Angebot umfasst Citybikes, Trekkingr\u00e4der, E-Bikes, Mountainbikes und Kinderfahrr\u00e4der.\",\"breadcrumb\":{\"@id\":\"https:\/\/bellaitaliacycling.com\/de\/fahrradverleih-in-bardolino-cisano\/#breadcrumb\"},\"inLanguage\":\"de\",\"potentialAction\":[{\"@type\":\"ReadAction\",\"target\":[\"https:\/\/bellaitaliacycling.com\/de\/fahrradverleih-in-bardolino-cisano\/\"]}]},{\"@type\":\"ImageObject\",\"inLanguage\":\"de\",\"@id\":\"https:\/\/bellaitaliacycling.com\/de\/fahrradverleih-in-bardolino-cisano\/#primaryimage\",\"url\":\"https:\/\/bellaitaliacycling.com\/wp-content\/uploads\/2025\/02\/tour-guidati-1024x576.png\",\"contentUrl\":\"https:\/\/bellaitaliacycling.com\/wp-content\/uploads\/2025\/02\/tour-guidati-1024x576.png\"},{\"@type\":\"BreadcrumbList\",\"@id\":\"https:\/\/bellaitaliacycling.com\/de\/fahrradverleih-in-bardolino-cisano\/#breadcrumb\",\"itemListElement\":[{\"@type\":\"ListItem\",\"position\":1,\"name\":\"Startseite\",\"item\":\"https:\/\/bellaitaliacycling.com\/de\/\"},{\"@type\":\"ListItem\",\"position\":2,\"name\":\"Fahrradverleih in Bardolino Cisano\"}]},{\"@type\":\"WebSite\",\"@id\":\"https:\/\/bellaitaliacycling.com\/de\/#website\",\"url\":\"https:\/\/bellaitaliacycling.com\/de\/\",\"name\":\"Bella Italia Cycling\",\"description\":\"Noleggio bici sul lago di Garda\",\"publisher\":{\"@id\":\"https:\/\/bellaitaliacycling.com\/de\/#organization\"},\"potentialAction\":[{\"@type\":\"SearchAction\",\"target\":{\"@type\":\"EntryPoint\",\"urlTemplate\":\"https:\/\/bellaitaliacycling.com\/de\/?s={search_term_string}\"},\"query-input\":{\"@type\":\"PropertyValueSpecification\",\"valueRequired\":true,\"valueName\":\"search_term_string\"}}],\"inLanguage\":\"de\"},{\"@type\":\"Organization\",\"@id\":\"https:\/\/bellaitaliacycling.com\/de\/#organization\",\"name\":\"Bella Italia Radfahren\",\"url\":\"https:\/\/bellaitaliacycling.com\/de\/\",\"logo\":{\"@type\":\"ImageObject\",\"inLanguage\":\"de\",\"@id\":\"https:\/\/bellaitaliacycling.com\/de\/#\/schema\/logo\/image\/\",\"url\":\"https:\/\/bellaitaliacycling.com\/wp-content\/uploads\/2024\/12\/logo-bicy-semplice.png\",\"contentUrl\":\"https:\/\/bellaitaliacycling.com\/wp-content\/uploads\/2024\/12\/logo-bicy-semplice.png\",\"width\":1000,\"height\":515,\"caption\":\"Bella Italia Radfahren\"},\"image\":{\"@id\":\"https:\/\/bellaitaliacycling.com\/de\/#\/schema\/logo\/image\/\"},\"sameAs\":[\"https:\/\/www.facebook.com\/p\/Bella-Italia-CYcling-61557438540626\/\"]}]}<\/script>\n<!-- \/ Yoast SEO plugin. -->","yoast_head_json":{"title":"Fahrradverleih in Bardolino Cisano - Bella Italia Cycling","description":"Fahrradverleih in Bardolino del Garda. Unser breites Angebot umfasst Citybikes, Trekkingr\u00e4der, E-Bikes, Mountainbikes und Kinderfahrr\u00e4der.","robots":{"index":"index","follow":"follow","max-snippet":"max-snippet:-1","max-image-preview":"max-image-preview:large","max-video-preview":"max-video-preview:-1"},"canonical":"https:\/\/bellaitaliacycling.com\/de\/fahrradverleih-in-bardolino-cisano\/","og_locale":"de_DE","og_type":"article","og_title":"Fahrradverleih in Bardolino Cisano - Bella Italia Cycling","og_description":"Fahrradverleih in Bardolino del Garda. Unser breites Angebot umfasst Citybikes, Trekkingr\u00e4der, E-Bikes, Mountainbikes und Kinderfahrr\u00e4der.","og_url":"https:\/\/bellaitaliacycling.com\/de\/fahrradverleih-in-bardolino-cisano\/","og_site_name":"Bella Italia Cycling","article_publisher":"https:\/\/www.facebook.com\/p\/Bella-Italia-CYcling-61557438540626\/","article_modified_time":"2026-03-03T17:16:25+00:00","og_image":[{"width":3048,"height":1714,"url":"https:\/\/bellaitaliacycling.com\/wp-content\/uploads\/2025\/02\/tour-guidati.png","type":"image\/png"}],"twitter_card":"summary_large_image","twitter_misc":{"Gesch\u00e4tzte Lesezeit":"4\u00a0Minuten"},"schema":{"@context":"https:\/\/schema.org","@graph":[{"@type":"WebPage","@id":"https:\/\/bellaitaliacycling.com\/de\/fahrradverleih-in-bardolino-cisano\/","url":"https:\/\/bellaitaliacycling.com\/de\/fahrradverleih-in-bardolino-cisano\/","name":"Fahrradverleih in Bardolino Cisano - Bella Italia Cycling","isPartOf":{"@id":"https:\/\/bellaitaliacycling.com\/de\/#website"},"primaryImageOfPage":{"@id":"https:\/\/bellaitaliacycling.com\/de\/fahrradverleih-in-bardolino-cisano\/#primaryimage"},"image":{"@id":"https:\/\/bellaitaliacycling.com\/de\/fahrradverleih-in-bardolino-cisano\/#primaryimage"},"thumbnailUrl":"https:\/\/bellaitaliacycling.com\/wp-content\/uploads\/2025\/02\/tour-guidati-1024x576.png","datePublished":"2025-03-05T13:32:12+00:00","dateModified":"2026-03-03T17:16:25+00:00","description":"Fahrradverleih in Bardolino del Garda. Unser breites Angebot umfasst Citybikes, Trekkingr\u00e4der, E-Bikes, Mountainbikes und Kinderfahrr\u00e4der.","breadcrumb":{"@id":"https:\/\/bellaitaliacycling.com\/de\/fahrradverleih-in-bardolino-cisano\/#breadcrumb"},"inLanguage":"de","potentialAction":[{"@type":"ReadAction","target":["https:\/\/bellaitaliacycling.com\/de\/fahrradverleih-in-bardolino-cisano\/"]}]},{"@type":"ImageObject","inLanguage":"de","@id":"https:\/\/bellaitaliacycling.com\/de\/fahrradverleih-in-bardolino-cisano\/#primaryimage","url":"https:\/\/bellaitaliacycling.com\/wp-content\/uploads\/2025\/02\/tour-guidati-1024x576.png","contentUrl":"https:\/\/bellaitaliacycling.com\/wp-content\/uploads\/2025\/02\/tour-guidati-1024x576.png"},{"@type":"BreadcrumbList","@id":"https:\/\/bellaitaliacycling.com\/de\/fahrradverleih-in-bardolino-cisano\/#breadcrumb","itemListElement":[{"@type":"ListItem","position":1,"name":"Startseite","item":"https:\/\/bellaitaliacycling.com\/de\/"},{"@type":"ListItem","position":2,"name":"Fahrradverleih in Bardolino Cisano"}]},{"@type":"WebSite","@id":"https:\/\/bellaitaliacycling.com\/de\/#website","url":"https:\/\/bellaitaliacycling.com\/de\/","name":"Bella Italia Cycling","description":"Noleggio bici sul lago di Garda","publisher":{"@id":"https:\/\/bellaitaliacycling.com\/de\/#organization"},"potentialAction":[{"@type":"SearchAction","target":{"@type":"EntryPoint","urlTemplate":"https:\/\/bellaitaliacycling.com\/de\/?s={search_term_string}"},"query-input":{"@type":"PropertyValueSpecification","valueRequired":true,"valueName":"search_term_string"}}],"inLanguage":"de"},{"@type":"Organization","@id":"https:\/\/bellaitaliacycling.com\/de\/#organization","name":"Bella Italia Radfahren","url":"https:\/\/bellaitaliacycling.com\/de\/","logo":{"@type":"ImageObject","inLanguage":"de","@id":"https:\/\/bellaitaliacycling.com\/de\/#\/schema\/logo\/image\/","url":"https:\/\/bellaitaliacycling.com\/wp-content\/uploads\/2024\/12\/logo-bicy-semplice.png","contentUrl":"https:\/\/bellaitaliacycling.com\/wp-content\/uploads\/2024\/12\/logo-bicy-semplice.png","width":1000,"height":515,"caption":"Bella Italia Radfahren"},"image":{"@id":"https:\/\/bellaitaliacycling.com\/de\/#\/schema\/logo\/image\/"},"sameAs":["https:\/\/www.facebook.com\/p\/Bella-Italia-CYcling-61557438540626\/"]}]}},"_links":{"self":[{"href":"https:\/\/bellaitaliacycling.com\/de\/wp-json\/wp\/v2\/pages\/3795","targetHints":{"allow":["GET"]}}],"collection":[{"href":"https:\/\/bellaitaliacycling.com\/de\/wp-json\/wp\/v2\/pages"}],"about":[{"href":"https:\/\/bellaitaliacycling.com\/de\/wp-json\/wp\/v2\/types\/page"}],"author":[{"embeddable":true,"href":"https:\/\/bellaitaliacycling.com\/de\/wp-json\/wp\/v2\/users\/2"}],"replies":[{"embeddable":true,"href":"https:\/\/bellaitaliacycling.com\/de\/wp-json\/wp\/v2\/comments?post=3795"}],"version-history":[{"count":16,"href":"https:\/\/bellaitaliacycling.com\/de\/wp-json\/wp\/v2\/pages\/3795\/revisions"}],"predecessor-version":[{"id":7260,"href":"https:\/\/bellaitaliacycling.com\/de\/wp-json\/wp\/v2\/pages\/3795\/revisions\/7260"}],"wp:attachment":[{"href":"https:\/\/bellaitaliacycling.com\/de\/wp-json\/wp\/v2\/media?parent=3795"}],"curies":[{"name":"wp","href":"https:\/\/api.w.org\/{rel}","templated":true}]}}