{"id":3913,"date":"2025-01-14T10:26:26","date_gmt":"2025-01-14T10:26:26","guid":{"rendered":"https:\/\/bellaitaliacycling.com\/fahrradverleih-gardasee\/"},"modified":"2026-03-05T14:26:59","modified_gmt":"2026-03-05T14:26:59","slug":"fahrradverleih-gardasee","status":"publish","type":"page","link":"https:\/\/bellaitaliacycling.com\/de\/fahrradverleih-gardasee\/","title":{"rendered":"Fahrradverleih Gardasee"},"content":{"rendered":"\t\t<div data-elementor-type=\"wp-page\" data-elementor-id=\"3913\" class=\"elementor elementor-3913 elementor-549\" data-elementor-post-type=\"page\">\n\t\t\t\t<div class=\"elementor-element elementor-element-b9a9384 e-flex e-con-boxed e-con e-parent\" data-id=\"b9a9384\" data-element_type=\"container\" data-settings=\"{&quot;background_background&quot;:&quot;classic&quot;,&quot;background_motion_fx_motion_fx_scrolling&quot;:&quot;yes&quot;,&quot;background_motion_fx_translateY_effect&quot;:&quot;yes&quot;,&quot;background_motion_fx_translateY_speed&quot;:{&quot;unit&quot;:&quot;px&quot;,&quot;size&quot;:5,&quot;sizes&quot;:[]},&quot;background_motion_fx_translateY_affectedRange&quot;:{&quot;unit&quot;:&quot;%&quot;,&quot;size&quot;:&quot;&quot;,&quot;sizes&quot;:{&quot;start&quot;:0,&quot;end&quot;:100}},&quot;background_motion_fx_devices&quot;:[&quot;widescreen&quot;,&quot;desktop&quot;,&quot;laptop&quot;,&quot;tablet&quot;,&quot;mobile&quot;]}\">\n\t\t\t\t\t<div class=\"e-con-inner\">\n\t\t\t\t<div class=\"elementor-element elementor-element-f3d34bb elementor-widget elementor-widget-heading\" data-id=\"f3d34bb\" data-element_type=\"widget\" data-widget_type=\"heading.default\">\n\t\t\t\t<div class=\"elementor-widget-container\">\n\t\t\t\t\t<h3 class=\"elementor-heading-title elementor-size-default\">Willkommen im Herzen einer der malerischsten Gegenden Italiens, einem wahren Paradies f\u00fcr Fahrradliebhaber! \n\n<\/h3>\t\t\t\t<\/div>\n\t\t\t\t<\/div>\n\t\t\t\t\t<\/div>\n\t\t\t\t<\/div>\n\t\t<div class=\"elementor-element elementor-element-1a24795 e-flex e-con-boxed e-con e-parent\" data-id=\"1a24795\" data-element_type=\"container\" data-settings=\"{&quot;background_background&quot;:&quot;gradient&quot;}\">\n\t\t\t\t\t<div class=\"e-con-inner\">\n\t\t\t\t<div class=\"elementor-element elementor-element-ceffda3 elementor-widget elementor-widget-heading\" data-id=\"ceffda3\" data-element_type=\"widget\" data-widget_type=\"heading.default\">\n\t\t\t\t<div class=\"elementor-widget-container\">\n\t\t\t\t\t<h2 class=\"elementor-heading-title elementor-size-default\">Unsere Mietstationen am Gardasee<\/h2>\t\t\t\t<\/div>\n\t\t\t\t<\/div>\n\t\t\t\t<div class=\"elementor-element elementor-element-7acbf26 elementor-widget elementor-widget-text-editor\" data-id=\"7acbf26\" data-element_type=\"widget\" data-widget_type=\"text-editor.default\">\n\t\t\t\t<div class=\"elementor-widget-container\">\n\t\t\t\t\t\t\t\t\t<p>Unsere Fahrradverleihstellen sind strategisch g\u00fcnstig gelegen, um Ihnen das beste Erlebnis am <strong>und um den Gardasee<\/strong> zu bieten <strong>.<\/strong><\/p>\t\t\t\t\t\t\t\t<\/div>\n\t\t\t\t<\/div>\n\t\t<div class=\"elementor-element elementor-element-e089e1e e-con-full e-flex e-con e-child\" data-id=\"e089e1e\" data-element_type=\"container\">\n\t\t<div class=\"elementor-element elementor-element-f5a54d9 e-con-full e-flex e-con e-child\" data-id=\"f5a54d9\" data-element_type=\"container\">\n\t\t<div class=\"elementor-element elementor-element-43b891c e-con-full e-flex e-con e-child\" data-id=\"43b891c\" data-element_type=\"container\">\n\t\t\t\t<div class=\"elementor-element elementor-element-f0bf562 elementor-widget elementor-widget-image\" data-id=\"f0bf562\" data-element_type=\"widget\" data-widget_type=\"image.default\">\n\t\t\t\t<div class=\"elementor-widget-container\">\n\t\t\t\t\t\t\t\t\t\t\t\t\t\t\t\t<a href=\"https:\/\/bellaitaliacycling.com\/de\/fahrradverleih-peschiera-del-garda\/\">\n\t\t\t\t\t\t\t<img fetchpriority=\"high\" decoding=\"async\" width=\"1500\" height=\"1200\" src=\"https:\/\/bellaitaliacycling.com\/wp-content\/uploads\/2026\/02\/bella-italia-bicy-peschiera.jpg\" class=\"attachment-full size-full wp-image-7104\" alt=\"\" srcset=\"https:\/\/bellaitaliacycling.com\/wp-content\/uploads\/2026\/02\/bella-italia-bicy-peschiera.jpg 1500w, https:\/\/bellaitaliacycling.com\/wp-content\/uploads\/2026\/02\/bella-italia-bicy-peschiera-300x240.jpg 300w, https:\/\/bellaitaliacycling.com\/wp-content\/uploads\/2026\/02\/bella-italia-bicy-peschiera-1024x819.jpg 1024w, https:\/\/bellaitaliacycling.com\/wp-content\/uploads\/2026\/02\/bella-italia-bicy-peschiera-768x614.jpg 768w, https:\/\/bellaitaliacycling.com\/wp-content\/uploads\/2026\/02\/bella-italia-bicy-peschiera-600x480.jpg 600w\" sizes=\"(max-width: 1500px) 100vw, 1500px\" \/>\t\t\t\t\t\t\t\t<\/a>\n\t\t\t\t\t\t\t\t\t\t\t\t\t\t\t<\/div>\n\t\t\t\t<\/div>\n\t\t\t\t<div class=\"elementor-element elementor-element-c4d816d elementor-widget elementor-widget-heading\" data-id=\"c4d816d\" data-element_type=\"widget\" data-widget_type=\"heading.default\">\n\t\t\t\t<div class=\"elementor-widget-container\">\n\t\t\t\t\t<h2 class=\"elementor-heading-title elementor-size-default\"><a href=\"https:\/\/bellaitaliacycling.com\/de\/fahrradverleih-peschiera-del-garda\/\">Peschiera BICY- Stra\u00dfe Bella Italia<\/a><\/h2>\t\t\t\t<\/div>\n\t\t\t\t<\/div>\n\t\t\t\t<div class=\"elementor-element elementor-element-62edcba elementor-widget elementor-widget-text-editor\" data-id=\"62edcba\" data-element_type=\"widget\" data-widget_type=\"text-editor.default\">\n\t\t\t\t<div class=\"elementor-widget-container\">\n\t\t\t\t\t\t\t\t\t<p><span style=\"font-weight: 400;\">Perfetto per avventurarsi verso la Ciclopedonale Sirmione-Desenzano, scoprire le colline moreniche e i vigneti del Lugana, oppure pedalare lungo la Ciclabile Mantova-Peschiera e la ciclopedonale Lazise-Bardolino. <\/span><\/p>\t\t\t\t\t\t\t\t<\/div>\n\t\t\t\t<\/div>\n\t\t\t\t<div class=\"elementor-element elementor-element-43fe945 elementor-icon-list--layout-traditional elementor-list-item-link-full_width elementor-widget elementor-widget-icon-list\" data-id=\"43fe945\" data-element_type=\"widget\" data-widget_type=\"icon-list.default\">\n\t\t\t\t<div class=\"elementor-widget-container\">\n\t\t\t\t\t\t\t<ul class=\"elementor-icon-list-items\">\n\t\t\t\t\t\t\t<li class=\"elementor-icon-list-item\">\n\t\t\t\t\t\t\t\t\t\t\t<a href=\"https:\/\/bellaitaliacycling.com\/de\/fahrradverleih-peschiera-del-garda\/\">\n\n\t\t\t\t\t\t\t\t\t\t\t\t<span class=\"elementor-icon-list-icon\">\n\t\t\t\t\t\t\t<i aria-hidden=\"true\" class=\" icon_pushpin\"><\/i>\t\t\t\t\t\t<\/span>\n\t\t\t\t\t\t\t\t\t\t<span class=\"elementor-icon-list-text\">BICY Bella Italia<\/span>\n\t\t\t\t\t\t\t\t\t\t\t<\/a>\n\t\t\t\t\t\t\t\t\t<\/li>\n\t\t\t\t\t\t<\/ul>\n\t\t\t\t\t\t<\/div>\n\t\t\t\t<\/div>\n\t\t\t\t<\/div>\n\t\t\t\t<div class=\"elementor-element elementor-element-83f5839 elementor-widget__width-auto elementor-widget elementor-widget-button\" data-id=\"83f5839\" data-element_type=\"widget\" data-widget_type=\"button.default\">\n\t\t\t\t<div class=\"elementor-widget-container\">\n\t\t\t\t\t\t\t\t\t<div class=\"elementor-button-wrapper\">\n\t\t\t\t\t<a class=\"elementor-button elementor-button-link elementor-size-sm elementor-animation-float\" href=\"https:\/\/bellaitaliacycling.com\/de\/fahrradverleih-peschiera-del-garda\/\">\n\t\t\t\t\t\t<span class=\"elementor-button-content-wrapper\">\n\t\t\t\t\t\t<span class=\"elementor-button-icon\">\n\t\t\t\t<i aria-hidden=\"true\" class=\"lnr lnr-arrow-right\"><\/i>\t\t\t<\/span>\n\t\t\t\t\t\t\t\t\t<span class=\"elementor-button-text\">Gehen Sie zum Pfirsichgarten mieten<\/span>\n\t\t\t\t\t<\/span>\n\t\t\t\t\t<\/a>\n\t\t\t\t<\/div>\n\t\t\t\t\t\t\t\t<\/div>\n\t\t\t\t<\/div>\n\t\t\t\t<\/div>\n\t\t<div class=\"elementor-element elementor-element-44cecee e-con-full e-flex e-con e-child\" data-id=\"44cecee\" data-element_type=\"container\">\n\t\t<div class=\"elementor-element elementor-element-9c386b9 e-con-full e-flex e-con e-child\" data-id=\"9c386b9\" data-element_type=\"container\">\n\t\t\t\t<div class=\"elementor-element elementor-element-dff537f elementor-widget elementor-widget-image\" data-id=\"dff537f\" data-element_type=\"widget\" data-widget_type=\"image.default\">\n\t\t\t\t<div class=\"elementor-widget-container\">\n\t\t\t\t\t\t\t\t\t\t\t\t\t\t\t\t<a href=\"https:\/\/bellaitaliacycling.com\/de\/fahrradverleih-in-valeggio-sul-mincio\/\">\n\t\t\t\t\t\t\t<img decoding=\"async\" width=\"2560\" height=\"1920\" src=\"https:\/\/bellaitaliacycling.com\/wp-content\/uploads\/2025\/05\/2-scaled.jpg\" class=\"attachment-full size-full wp-image-6403\" alt=\"\" srcset=\"https:\/\/bellaitaliacycling.com\/wp-content\/uploads\/2025\/05\/2-scaled.jpg 2560w, https:\/\/bellaitaliacycling.com\/wp-content\/uploads\/2025\/05\/2-300x225.jpg 300w, https:\/\/bellaitaliacycling.com\/wp-content\/uploads\/2025\/05\/2-1024x768.jpg 1024w, https:\/\/bellaitaliacycling.com\/wp-content\/uploads\/2025\/05\/2-768x576.jpg 768w, https:\/\/bellaitaliacycling.com\/wp-content\/uploads\/2025\/05\/2-1536x1152.jpg 1536w, https:\/\/bellaitaliacycling.com\/wp-content\/uploads\/2025\/05\/2-2048x1536.jpg 2048w, https:\/\/bellaitaliacycling.com\/wp-content\/uploads\/2025\/05\/2-600x450.jpg 600w\" sizes=\"(max-width: 2560px) 100vw, 2560px\" \/>\t\t\t\t\t\t\t\t<\/a>\n\t\t\t\t\t\t\t\t\t\t\t\t\t\t\t<\/div>\n\t\t\t\t<\/div>\n\t\t\t\t<div class=\"elementor-element elementor-element-500ef57 elementor-widget elementor-widget-heading\" data-id=\"500ef57\" data-element_type=\"widget\" data-widget_type=\"heading.default\">\n\t\t\t\t<div class=\"elementor-widget-container\">\n\t\t\t\t\t<h2 class=\"elementor-heading-title elementor-size-default\"><a href=\"https:\/\/bellaitaliacycling.com\/de\/fahrradverleih-in-valeggio-sul-mincio\/\">Salionze di valeggio sul mincio - LA LITTORINA<\/a><\/h2>\t\t\t\t<\/div>\n\t\t\t\t<\/div>\n\t\t\t\t<div class=\"elementor-element elementor-element-6484a10 elementor-widget elementor-widget-text-editor\" data-id=\"6484a10\" data-element_type=\"widget\" data-widget_type=\"text-editor.default\">\n\t\t\t\t<div class=\"elementor-widget-container\">\n\t\t\t\t\t\t\t\t\t<p><span style=\"font-weight: 400;\">Dieser Ort ist von Natur umgeben und liegt direkt am Radweg EV7 Peschiera-Mantova. Es ist der ideale Ausgangspunkt f\u00fcr die Erkundung der Custoza-H\u00fcgel, des romantischen Borghetto sul Mincio, des unteren Gardasees und vieles mehr. <\/span><\/p>\t\t\t\t\t\t\t\t<\/div>\n\t\t\t\t<\/div>\n\t\t\t\t<div class=\"elementor-element elementor-element-5df4eb2 elementor-icon-list--layout-traditional elementor-list-item-link-full_width elementor-widget elementor-widget-icon-list\" data-id=\"5df4eb2\" data-element_type=\"widget\" data-widget_type=\"icon-list.default\">\n\t\t\t\t<div class=\"elementor-widget-container\">\n\t\t\t\t\t\t\t<ul class=\"elementor-icon-list-items\">\n\t\t\t\t\t\t\t<li class=\"elementor-icon-list-item\">\n\t\t\t\t\t\t\t\t\t\t\t<a href=\"https:\/\/bellaitaliacycling.com\/de\/fahrradverleih-in-valeggio-sul-mincio\/\">\n\n\t\t\t\t\t\t\t\t\t\t\t\t<span class=\"elementor-icon-list-icon\">\n\t\t\t\t\t\t\t<i aria-hidden=\"true\" class=\" icon_pushpin\"><\/i>\t\t\t\t\t\t<\/span>\n\t\t\t\t\t\t\t\t\t\t<span class=\"elementor-icon-list-text\">La Littorina am Mincio<\/span>\n\t\t\t\t\t\t\t\t\t\t\t<\/a>\n\t\t\t\t\t\t\t\t\t<\/li>\n\t\t\t\t\t\t<\/ul>\n\t\t\t\t\t\t<\/div>\n\t\t\t\t<\/div>\n\t\t\t\t<\/div>\n\t\t\t\t<div class=\"elementor-element elementor-element-e5e1d9d elementor-widget__width-auto elementor-widget elementor-widget-button\" data-id=\"e5e1d9d\" data-element_type=\"widget\" data-widget_type=\"button.default\">\n\t\t\t\t<div class=\"elementor-widget-container\">\n\t\t\t\t\t\t\t\t\t<div class=\"elementor-button-wrapper\">\n\t\t\t\t\t<a class=\"elementor-button elementor-button-link elementor-size-sm elementor-animation-float\" href=\"https:\/\/bellaitaliacycling.com\/de\/fahrradverleih-in-valeggio-sul-mincio\/\">\n\t\t\t\t\t\t<span class=\"elementor-button-content-wrapper\">\n\t\t\t\t\t\t<span class=\"elementor-button-icon\">\n\t\t\t\t<i aria-hidden=\"true\" class=\"lnr lnr-arrow-right\"><\/i>\t\t\t<\/span>\n\t\t\t\t\t\t\t\t\t<span class=\"elementor-button-text\">Zum Valeggio-Verleih gehen<\/span>\n\t\t\t\t\t<\/span>\n\t\t\t\t\t<\/a>\n\t\t\t\t<\/div>\n\t\t\t\t\t\t\t\t<\/div>\n\t\t\t\t<\/div>\n\t\t\t\t<\/div>\n\t\t<div class=\"elementor-element elementor-element-d80258f e-con-full e-flex e-con e-child\" data-id=\"d80258f\" data-element_type=\"container\">\n\t\t<div class=\"elementor-element elementor-element-a4cde0c e-con-full e-flex e-con e-child\" data-id=\"a4cde0c\" data-element_type=\"container\">\n\t\t\t\t<div class=\"elementor-element elementor-element-3b05e70 elementor-widget elementor-widget-image\" data-id=\"3b05e70\" data-element_type=\"widget\" data-widget_type=\"image.default\">\n\t\t\t\t<div class=\"elementor-widget-container\">\n\t\t\t\t\t\t\t\t\t\t\t\t\t\t\t\t<a href=\"https:\/\/bellaitaliacycling.com\/de\/fahrradverleih-in-bardolino-cisano\/\">\n\t\t\t\t\t\t\t<img decoding=\"async\" width=\"1070\" height=\"1280\" src=\"https:\/\/bellaitaliacycling.com\/wp-content\/uploads\/2025\/05\/photo_2025-05-16_15-32-32.jpg\" class=\"attachment-full size-full wp-image-6411\" alt=\"\" srcset=\"https:\/\/bellaitaliacycling.com\/wp-content\/uploads\/2025\/05\/photo_2025-05-16_15-32-32.jpg 1070w, https:\/\/bellaitaliacycling.com\/wp-content\/uploads\/2025\/05\/photo_2025-05-16_15-32-32-251x300.jpg 251w, https:\/\/bellaitaliacycling.com\/wp-content\/uploads\/2025\/05\/photo_2025-05-16_15-32-32-856x1024.jpg 856w, https:\/\/bellaitaliacycling.com\/wp-content\/uploads\/2025\/05\/photo_2025-05-16_15-32-32-768x919.jpg 768w, https:\/\/bellaitaliacycling.com\/wp-content\/uploads\/2025\/05\/photo_2025-05-16_15-32-32-600x718.jpg 600w\" sizes=\"(max-width: 1070px) 100vw, 1070px\" \/>\t\t\t\t\t\t\t\t<\/a>\n\t\t\t\t\t\t\t\t\t\t\t\t\t\t\t<\/div>\n\t\t\t\t<\/div>\n\t\t\t\t<div class=\"elementor-element elementor-element-a2918b5 elementor-widget elementor-widget-heading\" data-id=\"a2918b5\" data-element_type=\"widget\" data-widget_type=\"heading.default\">\n\t\t\t\t<div class=\"elementor-widget-container\">\n\t\t\t\t\t<h2 class=\"elementor-heading-title elementor-size-default\"><a href=\"https:\/\/bellaitaliacycling.com\/de\/fahrradverleih-in-bardolino-cisano\/\">Cisano di bardolino - Camping Cisano San VITO<\/a><\/h2>\t\t\t\t<\/div>\n\t\t\t\t<\/div>\n\t\t\t\t<div class=\"elementor-element elementor-element-8a39de3 elementor-widget elementor-widget-text-editor\" data-id=\"8a39de3\" data-element_type=\"widget\" data-widget_type=\"text-editor.default\">\n\t\t\t\t<div class=\"elementor-widget-container\">\n\t\t\t\t\t\t\t\t\t<p><span style=\"font-weight: 400;\">Hier k\u00f6nnen Sie das sch\u00f6ne Seeufer genie\u00dfen, sich auf dem Celeste del Garda Radweg entspannen oder die umliegenden H\u00fcgel zwischen Weinbergen und Olivenhainen erkunden.<\/span><\/p>\t\t\t\t\t\t\t\t<\/div>\n\t\t\t\t<\/div>\n\t\t\t\t<div class=\"elementor-element elementor-element-913dd59 elementor-icon-list--layout-traditional elementor-list-item-link-full_width elementor-widget elementor-widget-icon-list\" data-id=\"913dd59\" data-element_type=\"widget\" data-widget_type=\"icon-list.default\">\n\t\t\t\t<div class=\"elementor-widget-container\">\n\t\t\t\t\t\t\t<ul class=\"elementor-icon-list-items\">\n\t\t\t\t\t\t\t<li class=\"elementor-icon-list-item\">\n\t\t\t\t\t\t\t\t\t\t\t<a href=\"https:\/\/bellaitaliacycling.com\/de\/fahrradverleih-in-bardolino-cisano\/\">\n\n\t\t\t\t\t\t\t\t\t\t\t\t<span class=\"elementor-icon-list-icon\">\n\t\t\t\t\t\t\t<i aria-hidden=\"true\" class=\" icon_pushpin\"><\/i>\t\t\t\t\t\t<\/span>\n\t\t\t\t\t\t\t\t\t\t<span class=\"elementor-icon-list-text\">Campingplatz Cisano-San Vito<\/span>\n\t\t\t\t\t\t\t\t\t\t\t<\/a>\n\t\t\t\t\t\t\t\t\t<\/li>\n\t\t\t\t\t\t<\/ul>\n\t\t\t\t\t\t<\/div>\n\t\t\t\t<\/div>\n\t\t\t\t<\/div>\n\t\t\t\t<div class=\"elementor-element elementor-element-440acb5 elementor-widget__width-auto elementor-widget elementor-widget-button\" data-id=\"440acb5\" data-element_type=\"widget\" data-widget_type=\"button.default\">\n\t\t\t\t<div class=\"elementor-widget-container\">\n\t\t\t\t\t\t\t\t\t<div class=\"elementor-button-wrapper\">\n\t\t\t\t\t<a class=\"elementor-button elementor-button-link elementor-size-sm elementor-animation-float\" href=\"https:\/\/bellaitaliacycling.com\/de\/fahrradverleih-in-bardolino-cisano\/\">\n\t\t\t\t\t\t<span class=\"elementor-button-content-wrapper\">\n\t\t\t\t\t\t<span class=\"elementor-button-icon\">\n\t\t\t\t<i aria-hidden=\"true\" class=\"lnr lnr-arrow-right\"><\/i>\t\t\t<\/span>\n\t\t\t\t\t\t\t\t\t<span class=\"elementor-button-text\">Zum Bardolino-Verleih gehen<\/span>\n\t\t\t\t\t<\/span>\n\t\t\t\t\t<\/a>\n\t\t\t\t<\/div>\n\t\t\t\t\t\t\t\t<\/div>\n\t\t\t\t<\/div>\n\t\t\t\t<\/div>\n\t\t\t\t<\/div>\n\t\t<div class=\"elementor-element elementor-element-bcdf44a e-con-full e-flex e-con e-child\" data-id=\"bcdf44a\" data-element_type=\"container\">\n\t\t\t\t<div class=\"elementor-element elementor-element-96c02fb elementor-widget elementor-widget-heading\" data-id=\"96c02fb\" data-element_type=\"widget\" data-widget_type=\"heading.default\">\n\t\t\t\t<div class=\"elementor-widget-container\">\n\t\t\t\t\t<h3 class=\"elementor-heading-title elementor-size-default\">Kontaktieren Sie uns jetzt!<\/h3>\t\t\t\t<\/div>\n\t\t\t\t<\/div>\n\t\t\t\t<div class=\"elementor-element elementor-element-75510b2 elementor-button-align-end elementor-widget elementor-widget-form\" data-id=\"75510b2\" data-element_type=\"widget\" id=\"form-contatti\" data-settings=\"{&quot;step_next_label&quot;:&quot;N\\u00e4chste&quot;,&quot;step_previous_label&quot;:&quot;Vorherige&quot;,&quot;button_width&quot;:&quot;100&quot;,&quot;step_type&quot;:&quot;number_text&quot;,&quot;step_icon_shape&quot;:&quot;circle&quot;}\" data-widget_type=\"form.default\">\n\t\t\t\t<div class=\"elementor-widget-container\">\n\t\t\t\t\t\t\t<form class=\"elementor-form\" method=\"post\" name=\"Allgemeines Formular f\u00fcr Fahrradanfragen\">\n\t\t\t<input type=\"hidden\" name=\"post_id\" value=\"3913\"\/>\n\t\t\t<input type=\"hidden\" name=\"form_id\" value=\"75510b2\"\/>\n\t\t\t<input type=\"hidden\" name=\"referer_title\" value=\"Fahrradverleih Gardasee - Bella Italia Cycling\" \/>\n\n\t\t\t\t\t\t\t<input type=\"hidden\" name=\"queried_id\" value=\"3913\"\/>\n\t\t\t\n\t\t\t<div class=\"elementor-form-fields-wrapper elementor-labels-\">\n\t\t\t\t\t\t\t\t<div class=\"elementor-field-type-html elementor-field-group elementor-column elementor-field-group-field_301c1d2 elementor-col-100\">\n\t\t\t\t\tPERS\u00d6NLICHE DATEN\t\t\t\t<\/div>\n\t\t\t\t\t\t\t\t<div class=\"elementor-field-type-text elementor-field-group elementor-column elementor-field-group-field_38a1e2f elementor-col-25 elementor-field-required\">\n\t\t\t\t\t\t\t\t\t\t\t\t<label for=\"form-field-field_38a1e2f\" class=\"elementor-field-label elementor-screen-only\">\n\t\t\t\t\t\t\t\tName\t\t\t\t\t\t\t<\/label>\n\t\t\t\t\t\t\t\t\t\t\t\t\t\t<input size=\"1\" type=\"text\" name=\"form_fields[field_38a1e2f]\" id=\"form-field-field_38a1e2f\" class=\"elementor-field elementor-size-sm  elementor-field-textual\" placeholder=\"Name *\" required=\"required\" aria-required=\"true\">\n\t\t\t\t\t\t\t\t\t\t\t<\/div>\n\t\t\t\t\t\t\t\t<div class=\"elementor-field-type-text elementor-field-group elementor-column elementor-field-group-name elementor-col-25 elementor-field-required\">\n\t\t\t\t\t\t\t\t\t\t\t\t<label for=\"form-field-name\" class=\"elementor-field-label elementor-screen-only\">\n\t\t\t\t\t\t\t\tNachname\t\t\t\t\t\t\t<\/label>\n\t\t\t\t\t\t\t\t\t\t\t\t\t\t<input size=\"1\" type=\"text\" name=\"form_fields[name]\" id=\"form-field-name\" class=\"elementor-field elementor-size-sm  elementor-field-textual\" placeholder=\"Nachname *\" required=\"required\" aria-required=\"true\">\n\t\t\t\t\t\t\t\t\t\t\t<\/div>\n\t\t\t\t\t\t\t\t<div class=\"elementor-field-type-tel elementor-field-group elementor-column elementor-field-group-email elementor-col-25 elementor-field-required\">\n\t\t\t\t\t\t\t\t\t\t\t\t<label for=\"form-field-email\" class=\"elementor-field-label elementor-screen-only\">\n\t\t\t\t\t\t\t\tTelefon\t\t\t\t\t\t\t<\/label>\n\t\t\t\t\t\t\t\t<input size=\"1\" type=\"tel\" name=\"form_fields[email]\" id=\"form-field-email\" class=\"elementor-field elementor-size-sm  elementor-field-textual\" placeholder=\"Telefon *\" required=\"required\" aria-required=\"true\" pattern=\"[0-9()#&amp;+*-=.]+\" title=\"Nur Nummern oder Telefon-Zeichen (#, -, *, etc) werden akzeptiert.\">\n\n\t\t\t\t\t\t<\/div>\n\t\t\t\t\t\t\t\t<div class=\"elementor-field-type-email elementor-field-group elementor-column elementor-field-group-field_83783e5 elementor-col-25 elementor-field-required\">\n\t\t\t\t\t\t\t\t\t\t\t\t<label for=\"form-field-field_83783e5\" class=\"elementor-field-label elementor-screen-only\">\n\t\t\t\t\t\t\t\tE-Mail\t\t\t\t\t\t\t<\/label>\n\t\t\t\t\t\t\t\t\t\t\t\t\t\t<input size=\"1\" type=\"email\" name=\"form_fields[field_83783e5]\" id=\"form-field-field_83783e5\" class=\"elementor-field elementor-size-sm  elementor-field-textual\" placeholder=\"E-Mail *\" required=\"required\" aria-required=\"true\">\n\t\t\t\t\t\t\t\t\t\t\t<\/div>\n\t\t\t\t\t\t\t\t<div class=\"elementor-field-type-html elementor-field-group elementor-column elementor-field-group-field_9c128ed elementor-col-100\">\n\t\t\t\t\tMIETEN DETAILS\t\t\t\t<\/div>\n\t\t\t\t\t\t\t\t<div class=\"elementor-field-type-number elementor-field-group elementor-column elementor-field-group-field_e9db9fe elementor-col-33\">\n\t\t\t\t\t\t\t\t\t\t\t\t<label for=\"form-field-field_e9db9fe\" class=\"elementor-field-label elementor-screen-only\">\n\t\t\t\t\t\t\t\tAnzahl der erwachsenen Teilnehmer\t\t\t\t\t\t\t<\/label>\n\t\t\t\t\t\t\t\t\t<input type=\"number\" name=\"form_fields[field_e9db9fe]\" id=\"form-field-field_e9db9fe\" class=\"elementor-field elementor-size-sm  elementor-field-textual\" placeholder=\"Anzahl der erwachsenen Teilnehmer\" min=\"0\" max=\"\" >\n\t\t\t\t\t\t<\/div>\n\t\t\t\t\t\t\t\t<div class=\"elementor-field-type-number elementor-field-group elementor-column elementor-field-group-field_8026fb4 elementor-col-33\">\n\t\t\t\t\t\t\t\t\t\t\t\t<label for=\"form-field-field_8026fb4\" class=\"elementor-field-label elementor-screen-only\">\n\t\t\t\t\t\t\t\tAnzahl der Teilnehmer 6-4 Jahre\t\t\t\t\t\t\t<\/label>\n\t\t\t\t\t\t\t\t\t<input type=\"number\" name=\"form_fields[field_8026fb4]\" id=\"form-field-field_8026fb4\" class=\"elementor-field elementor-size-sm  elementor-field-textual\" placeholder=\"Anzahl der Teilnehmer 6-14 Jahre\" min=\"0\" max=\"\" >\n\t\t\t\t\t\t<\/div>\n\t\t\t\t\t\t\t\t<div class=\"elementor-field-type-number elementor-field-group elementor-column elementor-field-group-field_99ec864 elementor-col-33\">\n\t\t\t\t\t\t\t\t\t\t\t\t<label for=\"form-field-field_99ec864\" class=\"elementor-field-label elementor-screen-only\">\n\t\t\t\t\t\t\t\tAnzahl der Teilnehmer &lt; 6 Jahre\t\t\t\t\t\t\t<\/label>\n\t\t\t\t\t\t\t\t\t<input type=\"number\" name=\"form_fields[field_99ec864]\" id=\"form-field-field_99ec864\" class=\"elementor-field elementor-size-sm  elementor-field-textual\" placeholder=\"Anzahl der Kinder &lt; 6 Jahre\" min=\"0\" max=\"\" >\n\t\t\t\t\t\t<\/div>\n\t\t\t\t\t\t\t\t<div class=\"elementor-field-type-select elementor-field-group elementor-column elementor-field-group-field_41b38a5 elementor-col-50\">\n\t\t\t\t\t\t\t\t\t\t\t\t<label for=\"form-field-field_41b38a5\" class=\"elementor-field-label elementor-screen-only\">\n\t\t\t\t\t\t\t\tFahrradmodell erforderlich\t\t\t\t\t\t\t<\/label>\n\t\t\t\t\t\t\t\t<div class=\"elementor-field elementor-select-wrapper remove-before \">\n\t\t\t<div class=\"select-caret-down-wrapper\">\n\t\t\t\t<svg aria-hidden=\"true\" class=\"e-font-icon-svg e-eicon-caret-down\" viewBox=\"0 0 571.4 571.4\" xmlns=\"http:\/\/www.w3.org\/2000\/svg\"><path d=\"M571 393Q571 407 561 418L311 668Q300 679 286 679T261 668L11 418Q0 407 0 393T11 368 36 357H536Q550 357 561 368T571 393Z\"><\/path><\/svg>\t\t\t<\/div>\n\t\t\t<select name=\"form_fields[field_41b38a5]\" id=\"form-field-field_41b38a5\" class=\"elementor-field-textual elementor-size-sm\">\n\t\t\t\t\t\t\t\t\t<option value=\"E-Bike\">E-Bike<\/option>\n\t\t\t\t\t\t\t\t\t<option value=\"Trekking\">Trekking<\/option>\n\t\t\t\t\t\t\t\t\t<option value=\"Stra\u00dfe\">Stra\u00dfe<\/option>\n\t\t\t\t\t\t\t\t\t<option value=\"Schotter\">Schotter<\/option>\n\t\t\t\t\t\t\t\t\t<option value=\"MTB\">MTB<\/option>\n\t\t\t\t\t\t\t\t\t<option value=\"Kinderfahrrad\">Kinderfahrrad<\/option>\n\t\t\t\t\t\t\t\t\t<option value=\"Stadtrad\">Stadtrad<\/option>\n\t\t\t\t\t\t\t<\/select>\n\t\t<\/div>\n\t\t\t\t\t\t<\/div>\n\t\t\t\t\t\t\t\t<div class=\"elementor-field-type-select elementor-field-group elementor-column elementor-field-group-field_a42b8e3 elementor-col-50 elementor-field-required\">\n\t\t\t\t\t\t\t\t\t\t\t\t<label for=\"form-field-field_a42b8e3\" class=\"elementor-field-label elementor-screen-only\">\n\t\t\t\t\t\t\t\tZubeh\u00f6r\t\t\t\t\t\t\t<\/label>\n\t\t\t\t\t\t\t\t<div class=\"elementor-field elementor-select-wrapper remove-before \">\n\t\t\t<div class=\"select-caret-down-wrapper\">\n\t\t\t\t<svg aria-hidden=\"true\" class=\"e-font-icon-svg e-eicon-caret-down\" viewBox=\"0 0 571.4 571.4\" xmlns=\"http:\/\/www.w3.org\/2000\/svg\"><path d=\"M571 393Q571 407 561 418L311 668Q300 679 286 679T261 668L11 418Q0 407 0 393T11 368 36 357H536Q550 357 561 368T571 393Z\"><\/path><\/svg>\t\t\t<\/div>\n\t\t\t<select name=\"form_fields[field_a42b8e3]\" id=\"form-field-field_a42b8e3\" class=\"elementor-field-textual elementor-size-sm\" required=\"required\" aria-required=\"true\">\n\t\t\t\t\t\t\t\t\t<option value=\"Ich ben\u00f6tige kein Zubeh\u00f6r\">Ich ben\u00f6tige kein Zubeh\u00f6r<\/option>\n\t\t\t\t\t\t\t\t\t<option value=\"Kinderwagen\">Kinderwagen<\/option>\n\t\t\t\t\t\t\t\t\t<option value=\"Kinderr\u00fccksitz\">Kinderr\u00fccksitz<\/option>\n\t\t\t\t\t\t\t\t\t<option value=\"Hundewagen\">Hundewagen<\/option>\n\t\t\t\t\t\t\t\t\t<option value=\"Hundekorb\">Hundekorb<\/option>\n\t\t\t\t\t\t\t\t\t<option value=\"Telefonhalter\">Telefonhalter<\/option>\n\t\t\t\t\t\t\t\t\t<option value=\"Seitentaschen\">Seitentaschen<\/option>\n\t\t\t\t\t\t\t\t\t<option value=\"SPD-Pedale\">SPD-Pedale<\/option>\n\t\t\t\t\t\t\t<\/select>\n\t\t<\/div>\n\t\t\t\t\t\t<\/div>\n\t\t\t\t\t\t\t\t<div class=\"elementor-field-type-textarea elementor-field-group elementor-column elementor-field-group-field_4bffb45 elementor-col-100 elementor-field-required\">\n\t\t\t\t\t<textarea class=\"elementor-field-textual elementor-field  elementor-size-sm\" name=\"form_fields[field_4bffb45]\" id=\"form-field-field_4bffb45\" rows=\"4\" placeholder=\"Gr\u00f6\u00dfe aller Teilnehmer (geben Sie an, ob Erwachsener M\/F, Junge oder Kind)*\" required=\"required\" aria-required=\"true\"><\/textarea>\t\t\t\t<\/div>\n\t\t\t\t\t\t\t\t<div class=\"elementor-field-type-select elementor-field-group elementor-column elementor-field-group-field_d0e3318 elementor-col-100\">\n\t\t\t\t\t\t\t\t\t\t\t\t<label for=\"form-field-field_d0e3318\" class=\"elementor-field-label elementor-screen-only\">\n\t\t\t\t\t\t\t\tVerleihstelle\t\t\t\t\t\t\t<\/label>\n\t\t\t\t\t\t\t\t<div class=\"elementor-field elementor-select-wrapper remove-before \">\n\t\t\t<div class=\"select-caret-down-wrapper\">\n\t\t\t\t<svg aria-hidden=\"true\" class=\"e-font-icon-svg e-eicon-caret-down\" viewBox=\"0 0 571.4 571.4\" xmlns=\"http:\/\/www.w3.org\/2000\/svg\"><path d=\"M571 393Q571 407 561 418L311 668Q300 679 286 679T261 668L11 418Q0 407 0 393T11 368 36 357H536Q550 357 561 368T571 393Z\"><\/path><\/svg>\t\t\t<\/div>\n\t\t\t<select name=\"form_fields[field_d0e3318]\" id=\"form-field-field_d0e3318\" class=\"elementor-field-textual elementor-size-sm\">\n\t\t\t\t\t\t\t\t\t<option value=\"Abholstelle\">Abholstelle<\/option>\n\t\t\t\t\t\t\t\t\t<option value=\"PESCHIERA - Bella Italia Cycling\">PESCHIERA - Bella Italia Cycling<\/option>\n\t\t\t\t\t\t\t\t\t<option value=\"BARDOLINO - Cisano\">BARDOLINO - Cisano<\/option>\n\t\t\t\t\t\t\t\t\t<option value=\"VALEGGIO SUL MINCIO - Salionze\">VALEGGIO SUL MINCIO - Salionze<\/option>\n\t\t\t\t\t\t\t<\/select>\n\t\t<\/div>\n\t\t\t\t\t\t<\/div>\n\t\t\t\t\t\t\t\t<div class=\"elementor-field-type-date elementor-field-group elementor-column elementor-field-group-field_d87496c elementor-col-50 elementor-field-required\">\n\t\t\t\t\t\t\t\t\t\t\t\t<label for=\"form-field-field_d87496c\" class=\"elementor-field-label elementor-screen-only\">\n\t\t\t\t\t\t\t\tDatum des Mietbeginns\t\t\t\t\t\t\t<\/label>\n\t\t\t\t\t\t\n\t\t<input type=\"date\" name=\"form_fields[field_d87496c]\" id=\"form-field-field_d87496c\" class=\"elementor-field elementor-size-sm  elementor-field-textual elementor-date-field\" placeholder=\"Datum des Mietbeginns\" required=\"required\" aria-required=\"true\" pattern=\"[0-9]{4}-[0-9]{2}-[0-9]{2}\">\n\t\t\t\t\t\t<\/div>\n\t\t\t\t\t\t\t\t<div class=\"elementor-field-type-date elementor-field-group elementor-column elementor-field-group-field_df35a2b elementor-col-50 elementor-field-required\">\n\t\t\t\t\t\t\t\t\t\t\t\t<label for=\"form-field-field_df35a2b\" class=\"elementor-field-label elementor-screen-only\">\n\t\t\t\t\t\t\t\tEnddatum der Miete\t\t\t\t\t\t\t<\/label>\n\t\t\t\t\t\t\n\t\t<input type=\"date\" name=\"form_fields[field_df35a2b]\" id=\"form-field-field_df35a2b\" class=\"elementor-field elementor-size-sm  elementor-field-textual elementor-date-field\" placeholder=\"Enddatum der Miete\" required=\"required\" aria-required=\"true\" pattern=\"[0-9]{4}-[0-9]{2}-[0-9]{2}\">\n\t\t\t\t\t\t<\/div>\n\t\t\t\t\t\t\t\t<div class=\"elementor-field-type-select elementor-field-group elementor-column elementor-field-group-field_f4fe314 elementor-col-50\">\n\t\t\t\t\t\t\t\t\t\t\t\t<label for=\"form-field-field_f4fe314\" class=\"elementor-field-label elementor-screen-only\">\n\t\t\t\t\t\t\t\tStartzeit der Vermietung\t\t\t\t\t\t\t<\/label>\n\t\t\t\t\t\t\t\t<div class=\"elementor-field elementor-select-wrapper remove-before \">\n\t\t\t<div class=\"select-caret-down-wrapper\">\n\t\t\t\t<svg aria-hidden=\"true\" class=\"e-font-icon-svg e-eicon-caret-down\" viewBox=\"0 0 571.4 571.4\" xmlns=\"http:\/\/www.w3.org\/2000\/svg\"><path d=\"M571 393Q571 407 561 418L311 668Q300 679 286 679T261 668L11 418Q0 407 0 393T11 368 36 357H536Q550 357 561 368T571 393Z\"><\/path><\/svg>\t\t\t<\/div>\n\t\t\t<select name=\"form_fields[field_f4fe314]\" id=\"form-field-field_f4fe314\" class=\"elementor-field-textual elementor-size-sm\">\n\t\t\t\t\t\t\t\t\t<option value=\"Mietbeginn\">Mietbeginn<\/option>\n\t\t\t\t\t\t\t\t\t<option value=\"09:30 - 10:30\">09:30 - 10:30<\/option>\n\t\t\t\t\t\t\t\t\t<option value=\"10:30 - 11:30\">10:30 - 11:30<\/option>\n\t\t\t\t\t\t\t\t\t<option value=\"11:30 - 12:30\">11:30 - 12:30<\/option>\n\t\t\t\t\t\t\t\t\t<option value=\"14:30 - 15:30\">14:30 - 15:30<\/option>\n\t\t\t\t\t\t\t\t\t<option value=\"15:30 - 16:30 \">15:30 - 16:30 <\/option>\n\t\t\t\t\t\t\t\t\t<option value=\"16:30 - 17:30\">16:30 - 17:30<\/option>\n\t\t\t\t\t\t\t\t\t<option value=\"17:30 - 18:30\">17:30 - 18:30<\/option>\n\t\t\t\t\t\t\t<\/select>\n\t\t<\/div>\n\t\t\t\t\t\t<\/div>\n\t\t\t\t\t\t\t\t<div class=\"elementor-field-type-select elementor-field-group elementor-column elementor-field-group-field_3ee59e9 elementor-col-50\">\n\t\t\t\t\t\t\t\t\t\t\t\t<label for=\"form-field-field_3ee59e9\" class=\"elementor-field-label elementor-screen-only\">\n\t\t\t\t\t\t\t\tEndzeit der Vermietung\t\t\t\t\t\t\t<\/label>\n\t\t\t\t\t\t\t\t<div class=\"elementor-field elementor-select-wrapper remove-before \">\n\t\t\t<div class=\"select-caret-down-wrapper\">\n\t\t\t\t<svg aria-hidden=\"true\" class=\"e-font-icon-svg e-eicon-caret-down\" viewBox=\"0 0 571.4 571.4\" xmlns=\"http:\/\/www.w3.org\/2000\/svg\"><path d=\"M571 393Q571 407 561 418L311 668Q300 679 286 679T261 668L11 418Q0 407 0 393T11 368 36 357H536Q550 357 561 368T571 393Z\"><\/path><\/svg>\t\t\t<\/div>\n\t\t\t<select name=\"form_fields[field_3ee59e9]\" id=\"form-field-field_3ee59e9\" class=\"elementor-field-textual elementor-size-sm\">\n\t\t\t\t\t\t\t\t\t<option value=\"Mietende\">Mietende<\/option>\n\t\t\t\t\t\t\t\t\t<option value=\"09:30 - 10:30\">09:30 - 10:30<\/option>\n\t\t\t\t\t\t\t\t\t<option value=\"10:30 - 11:30\">10:30 - 11:30<\/option>\n\t\t\t\t\t\t\t\t\t<option value=\"11:30 - 12:30\">11:30 - 12:30<\/option>\n\t\t\t\t\t\t\t\t\t<option value=\"14:30 - 15:30\">14:30 - 15:30<\/option>\n\t\t\t\t\t\t\t\t\t<option value=\"15:30 - 16:30 \">15:30 - 16:30 <\/option>\n\t\t\t\t\t\t\t\t\t<option value=\"16:30 - 17:30\">16:30 - 17:30<\/option>\n\t\t\t\t\t\t\t\t\t<option value=\"17:30 - 18:30\">17:30 - 18:30<\/option>\n\t\t\t\t\t\t\t<\/select>\n\t\t<\/div>\n\t\t\t\t\t\t<\/div>\n\t\t\t\t\t\t\t\t<div class=\"elementor-field-type-textarea elementor-field-group elementor-column elementor-field-group-field_b5505be elementor-col-100\">\n\t\t\t\t\t\t\t\t\t\t\t\t<label for=\"form-field-field_b5505be\" class=\"elementor-field-label elementor-screen-only\">\n\t\t\t\t\t\t\t\tIn welchem Hotel\/Campingplatz sind Sie untergebracht?\t\t\t\t\t\t\t<\/label>\n\t\t\t\t\t\t<textarea class=\"elementor-field-textual elementor-field  elementor-size-sm\" name=\"form_fields[field_b5505be]\" id=\"form-field-field_b5505be\" rows=\"4\" placeholder=\"In welchem Hotel\/Campingplatz sind Sie untergebracht?\"><\/textarea>\t\t\t\t<\/div>\n\t\t\t\t\t\t\t\t<div class=\"elementor-field-type-html elementor-field-group elementor-column elementor-field-group-field_1367d7c elementor-col-100\">\n\t\t\t\t\t LIEFERANWEISUNGEN ODER SONDERW\u00dcNSCHE\t\t\t\t<\/div>\n\t\t\t\t\t\t\t\t<div class=\"elementor-field-type-textarea elementor-field-group elementor-column elementor-field-group-message elementor-col-100\">\n\t\t\t\t\t\t\t\t\t\t\t\t<label for=\"form-field-message\" class=\"elementor-field-label elementor-screen-only\">\n\t\t\t\t\t\t\t\tNachricht\t\t\t\t\t\t\t<\/label>\n\t\t\t\t\t\t<textarea class=\"elementor-field-textual elementor-field  elementor-size-sm\" name=\"form_fields[message]\" id=\"form-field-message\" rows=\"4\" placeholder=\"Anmerkungen oder besondere Anforderungen\"><\/textarea>\t\t\t\t<\/div>\n\t\t\t\t\t\t\t\t<div class=\"elementor-field-type-html elementor-field-group elementor-column elementor-field-group-field_feeac01 elementor-col-100\">\n\t\t\t\t\t<div style=\"padding-bottom:10px\"><strong>ACHTUNG! Das obige Kontaktformular ist nicht als Reservierung gedacht, sondern als Anfrage. Wir werden Sie je nach den hier ge\u00e4u\u00dferten W\u00fcnschen \u00fcber unsere Verf\u00fcgbarkeit informieren.  <\/strong><\/div>\t\t\t\t<\/div>\n\t\t\t\t\t\t\t\t<div class=\"elementor-field-type-text\">\n\t\t\t\t\t<input size=\"1\" type=\"text\" name=\"form_fields[field_62fe42f]\" id=\"form-field-field_62fe42f\" class=\"elementor-field elementor-size-sm \" style=\"display:none !important;\">\t\t\t\t<\/div>\n\t\t\t\t\t\t\t\t<div class=\"elementor-field-type-acceptance elementor-field-group elementor-column elementor-field-group-field_d72c830 elementor-col-100\">\n\t\t\t\t\t\t\t<div class=\"elementor-field-subgroup\">\n\t\t\t<span class=\"elementor-field-option\">\n\t\t\t\t<input type=\"checkbox\" name=\"form_fields[field_d72c830]\" id=\"form-field-field_d72c830\" class=\"elementor-field elementor-size-sm  elementor-acceptance-field\">\n\t\t\t\t<label for=\"form-field-field_d72c830\">Ich stimme der Verarbeitung meiner Daten zu und erkl\u00e4re, dass ich die <a href=\"https:\/\/www.iubenda.com\/privacy-policy\/16242484\" target=\"_blank\" style=\"color:#ffffff;font-weight:400\">Datenschutzbestimmungen<\/a> (Gesetzesdekret 2016\/679) gelesen habe.<\/label>\t\t\t<\/span>\n\t\t<\/div>\n\t\t\t\t\t\t<\/div>\n\t\t\t\t\t\t\t\t<div class=\"elementor-field-type-recaptcha_v3 elementor-field-group elementor-column elementor-field-group-field_bfcf0c3 elementor-col-100 recaptcha_v3-bottomright\">\n\t\t\t\t\t<div class=\"elementor-field\" id=\"form-field-field_bfcf0c3\"><div class=\"elementor-g-recaptcha\" data-sitekey=\"6LezAPEqAAAAAHPIEZuwEzknBzBK6ywSE9ctXXke\" data-type=\"v3\" data-action=\"Form\" data-badge=\"bottomright\" data-size=\"invisible\"><\/div><\/div>\t\t\t\t<\/div>\n\t\t\t\t\t\t\t\t<div class=\"elementor-field-group elementor-column elementor-field-type-submit elementor-col-100 e-form__buttons\">\n\t\t\t\t\t<button class=\"elementor-button elementor-size-sm\" type=\"submit\">\n\t\t\t\t\t\t<span class=\"elementor-button-content-wrapper\">\n\t\t\t\t\t\t\t\t\t\t\t\t\t\t\t\t\t\t\t\t\t\t<span class=\"elementor-button-text\">Senden Sie<\/span>\n\t\t\t\t\t\t\t\t\t\t\t\t\t<\/span>\n\t\t\t\t\t<\/button>\n\t\t\t\t<\/div>\n\t\t\t<\/div>\n\t\t<\/form>\n\t\t\t\t\t\t<\/div>\n\t\t\t\t<\/div>\n\t\t\t\t<div class=\"elementor-element elementor-element-9d2a448 e-transform elementor-hidden-tablet elementor-hidden-mobile elementor-widget elementor-widget-image\" data-id=\"9d2a448\" data-element_type=\"widget\" data-settings=\"{&quot;motion_fx_motion_fx_scrolling&quot;:&quot;yes&quot;,&quot;_transform_translateX_effect_widescreen&quot;:{&quot;unit&quot;:&quot;px&quot;,&quot;size&quot;:200,&quot;sizes&quot;:[]},&quot;motion_fx_devices&quot;:[&quot;widescreen&quot;,&quot;desktop&quot;,&quot;laptop&quot;,&quot;tablet&quot;,&quot;mobile&quot;],&quot;_transform_translateX_effect&quot;:{&quot;unit&quot;:&quot;px&quot;,&quot;size&quot;:&quot;&quot;,&quot;sizes&quot;:[]},&quot;_transform_translateX_effect_laptop&quot;:{&quot;unit&quot;:&quot;px&quot;,&quot;size&quot;:&quot;&quot;,&quot;sizes&quot;:[]},&quot;_transform_translateX_effect_tablet&quot;:{&quot;unit&quot;:&quot;px&quot;,&quot;size&quot;:&quot;&quot;,&quot;sizes&quot;:[]},&quot;_transform_translateX_effect_mobile&quot;:{&quot;unit&quot;:&quot;px&quot;,&quot;size&quot;:&quot;&quot;,&quot;sizes&quot;:[]},&quot;_transform_translateY_effect&quot;:{&quot;unit&quot;:&quot;px&quot;,&quot;size&quot;:&quot;&quot;,&quot;sizes&quot;:[]},&quot;_transform_translateY_effect_widescreen&quot;:{&quot;unit&quot;:&quot;px&quot;,&quot;size&quot;:&quot;&quot;,&quot;sizes&quot;:[]},&quot;_transform_translateY_effect_laptop&quot;:{&quot;unit&quot;:&quot;px&quot;,&quot;size&quot;:&quot;&quot;,&quot;sizes&quot;:[]},&quot;_transform_translateY_effect_tablet&quot;:{&quot;unit&quot;:&quot;px&quot;,&quot;size&quot;:&quot;&quot;,&quot;sizes&quot;:[]},&quot;_transform_translateY_effect_mobile&quot;:{&quot;unit&quot;:&quot;px&quot;,&quot;size&quot;:&quot;&quot;,&quot;sizes&quot;:[]}}\" data-widget_type=\"image.default\">\n\t\t\t\t<div class=\"elementor-widget-container\">\n\t\t\t\t\t\t\t\t\t\t\t\t\t\t\t<img loading=\"lazy\" decoding=\"async\" width=\"2048\" height=\"2048\" src=\"https:\/\/bellaitaliacycling.com\/wp-content\/uploads\/2025\/01\/Bicy-_Kiddo_2.png\" class=\"attachment-full size-full wp-image-2663\" alt=\"\" srcset=\"https:\/\/bellaitaliacycling.com\/wp-content\/uploads\/2025\/01\/Bicy-_Kiddo_2.png 2048w, https:\/\/bellaitaliacycling.com\/wp-content\/uploads\/2025\/01\/Bicy-_Kiddo_2-300x300.png 300w, https:\/\/bellaitaliacycling.com\/wp-content\/uploads\/2025\/01\/Bicy-_Kiddo_2-100x100.png 100w, https:\/\/bellaitaliacycling.com\/wp-content\/uploads\/2025\/01\/Bicy-_Kiddo_2-600x600.png 600w, https:\/\/bellaitaliacycling.com\/wp-content\/uploads\/2025\/01\/Bicy-_Kiddo_2-1024x1024.png 1024w, https:\/\/bellaitaliacycling.com\/wp-content\/uploads\/2025\/01\/Bicy-_Kiddo_2-150x150.png 150w, https:\/\/bellaitaliacycling.com\/wp-content\/uploads\/2025\/01\/Bicy-_Kiddo_2-768x768.png 768w, https:\/\/bellaitaliacycling.com\/wp-content\/uploads\/2025\/01\/Bicy-_Kiddo_2-1536x1536.png 1536w\" sizes=\"(max-width: 2048px) 100vw, 2048px\" \/>\t\t\t\t\t\t\t\t\t\t\t\t\t\t\t<\/div>\n\t\t\t\t<\/div>\n\t\t\t\t<\/div>\n\t\t\t\t\t<\/div>\n\t\t\t\t<\/div>\n\t\t<div class=\"elementor-element elementor-element-ea1da96 e-flex e-con-boxed e-con e-parent\" data-id=\"ea1da96\" data-element_type=\"container\" id=\"rent-bike\" data-settings=\"{&quot;background_background&quot;:&quot;classic&quot;}\">\n\t\t\t\t\t<div class=\"e-con-inner\">\n\t\t\t\t<div class=\"elementor-element elementor-element-d6a5cc0 elementor-widget elementor-widget-heading\" data-id=\"d6a5cc0\" data-element_type=\"widget\" data-widget_type=\"heading.default\">\n\t\t\t\t<div class=\"elementor-widget-container\">\n\t\t\t\t\t<h2 class=\"elementor-heading-title elementor-size-default\">Mieten Sie ein Fahrrad online<\/h2>\t\t\t\t<\/div>\n\t\t\t\t<\/div>\n\t\t\t\t<div class=\"elementor-element elementor-element-cdfe0b2 elementor-widget elementor-widget-text-editor\" data-id=\"cdfe0b2\" data-element_type=\"widget\" data-widget_type=\"text-editor.default\">\n\t\t\t\t<div class=\"elementor-widget-container\">\n\t\t\t\t\t\t\t\t\t<p>Unser umfangreicher Fahrradpark bietet verschiedene L\u00f6sungen, von <strong>Muskelkraftfahrr\u00e4dern<\/strong> bis hin zu <strong>Fahrr\u00e4dern mit Tretunterst\u00fctzung<\/strong>, um unterschiedlichen Anforderungen gerecht zu werden, von denen von Familien bis hin zu denen von erfahrenen Gruppen. <\/p>\t\t\t\t\t\t\t\t<\/div>\n\t\t\t\t<\/div>\n\t\t\t\t\t<\/div>\n\t\t\t\t<\/div>\n\t\t<div class=\"elementor-element elementor-element-934bbf6 e-flex e-con-boxed e-con e-parent\" data-id=\"934bbf6\" data-element_type=\"container\" data-settings=\"{&quot;background_background&quot;:&quot;classic&quot;}\">\n\t\t\t\t\t<div class=\"e-con-inner\">\n\t\t\t\t<div class=\"elementor-element elementor-element-49873df elementor-pagination-type-progressbar elementor-arrows-position-inside elementor-widget elementor-widget-loop-carousel\" data-id=\"49873df\" data-element_type=\"widget\" data-settings=\"{&quot;template_id&quot;:4074,&quot;slides_to_show&quot;:&quot;4&quot;,&quot;image_spacing_custom&quot;:{&quot;unit&quot;:&quot;px&quot;,&quot;size&quot;:0,&quot;sizes&quot;:[]},&quot;pagination&quot;:&quot;progressbar&quot;,&quot;offset_width&quot;:{&quot;unit&quot;:&quot;px&quot;,&quot;size&quot;:30,&quot;sizes&quot;:[]},&quot;offset_sides&quot;:&quot;right&quot;,&quot;_skin&quot;:&quot;post&quot;,&quot;slides_to_show_widescreen&quot;:&quot;3&quot;,&quot;slides_to_show_laptop&quot;:&quot;3&quot;,&quot;slides_to_show_tablet&quot;:&quot;2&quot;,&quot;slides_to_show_mobile&quot;:&quot;1&quot;,&quot;slides_to_scroll&quot;:&quot;1&quot;,&quot;edit_handle_selector&quot;:&quot;.elementor-widget-container&quot;,&quot;autoplay&quot;:&quot;yes&quot;,&quot;autoplay_speed&quot;:5000,&quot;pause_on_hover&quot;:&quot;yes&quot;,&quot;pause_on_interaction&quot;:&quot;yes&quot;,&quot;infinite&quot;:&quot;yes&quot;,&quot;speed&quot;:500,&quot;offset_width_widescreen&quot;:{&quot;unit&quot;:&quot;px&quot;,&quot;size&quot;:&quot;&quot;,&quot;sizes&quot;:[]},&quot;offset_width_laptop&quot;:{&quot;unit&quot;:&quot;px&quot;,&quot;size&quot;:&quot;&quot;,&quot;sizes&quot;:[]},&quot;offset_width_tablet&quot;:{&quot;unit&quot;:&quot;px&quot;,&quot;size&quot;:&quot;&quot;,&quot;sizes&quot;:[]},&quot;offset_width_mobile&quot;:{&quot;unit&quot;:&quot;px&quot;,&quot;size&quot;:&quot;&quot;,&quot;sizes&quot;:[]},&quot;arrows&quot;:&quot;yes&quot;,&quot;image_spacing_custom_widescreen&quot;:{&quot;unit&quot;:&quot;px&quot;,&quot;size&quot;:&quot;&quot;,&quot;sizes&quot;:[]},&quot;image_spacing_custom_laptop&quot;:{&quot;unit&quot;:&quot;px&quot;,&quot;size&quot;:&quot;&quot;,&quot;sizes&quot;:[]},&quot;image_spacing_custom_tablet&quot;:{&quot;unit&quot;:&quot;px&quot;,&quot;size&quot;:&quot;&quot;,&quot;sizes&quot;:[]},&quot;image_spacing_custom_mobile&quot;:{&quot;unit&quot;:&quot;px&quot;,&quot;size&quot;:&quot;&quot;,&quot;sizes&quot;:[]}}\" data-widget_type=\"loop-carousel.post\">\n\t\t\t\t<div class=\"elementor-widget-container\">\n\t\t\t\t\t\t\t<div class=\"swiper elementor-loop-container elementor-grid\" dir=\"ltr\">\n\t\t\t\t<div class=\"swiper-wrapper\" aria-live=\"off\">\n\t\t<style id=\"loop-4074\">.elementor-4074 .elementor-element.elementor-element-ab8a013{--display:flex;--gap:0px 0px;--row-gap:0px;--column-gap:0px;border-style:solid;--border-style:solid;border-width:1px 0px 1px 1px;--border-top-width:1px;--border-right-width:0px;--border-bottom-width:1px;--border-left-width:1px;border-color:var( --e-global-color-0f042f0 );--border-color:var( --e-global-color-0f042f0 );--margin-top:0px;--margin-bottom:0px;--margin-left:0px;--margin-right:0px;--padding-top:20px;--padding-bottom:20px;--padding-left:20px;--padding-right:20px;}.elementor-4074 .elementor-element.elementor-element-ab8a013:not(.elementor-motion-effects-element-type-background), .elementor-4074 .elementor-element.elementor-element-ab8a013 > .elementor-motion-effects-container > .elementor-motion-effects-layer{background-color:var( --e-global-color-793da7d );}.elementor-widget-image .widget-image-caption{color:var( --e-global-color-text );font-family:var( --e-global-typography-text-font-family ), Sans-serif;font-size:var( --e-global-typography-text-font-size );font-weight:var( --e-global-typography-text-font-weight );}.elementor-4074 .elementor-element.elementor-element-789051c > .elementor-widget-container{padding:20px 20px 20px 20px;}.elementor-widget-divider{--divider-color:var( --e-global-color-secondary );}.elementor-widget-divider .elementor-divider__text{color:var( --e-global-color-secondary );font-family:var( --e-global-typography-secondary-font-family ), Sans-serif;font-size:var( --e-global-typography-secondary-font-size );font-weight:var( --e-global-typography-secondary-font-weight );}.elementor-widget-divider.elementor-view-stacked .elementor-icon{background-color:var( --e-global-color-secondary );}.elementor-widget-divider.elementor-view-framed .elementor-icon, .elementor-widget-divider.elementor-view-default .elementor-icon{color:var( --e-global-color-secondary );border-color:var( --e-global-color-secondary );}.elementor-widget-divider.elementor-view-framed .elementor-icon, .elementor-widget-divider.elementor-view-default .elementor-icon svg{fill:var( --e-global-color-secondary );}.elementor-4074 .elementor-element.elementor-element-b253219{--divider-border-style:solid;--divider-color:#F0F0F0;--divider-border-width:1px;}.elementor-4074 .elementor-element.elementor-element-b253219 .elementor-divider-separator{width:100%;}.elementor-4074 .elementor-element.elementor-element-b253219 .elementor-divider{padding-block-start:15px;padding-block-end:15px;}.elementor-widget-heading .elementor-heading-title{font-family:var( --e-global-typography-primary-font-family ), Sans-serif;font-size:var( --e-global-typography-primary-font-size );font-weight:var( --e-global-typography-primary-font-weight );text-transform:var( --e-global-typography-primary-text-transform );color:var( --e-global-color-primary );}.elementor-4074 .elementor-element.elementor-element-ff8672f > .elementor-widget-container{padding:0px 0px 10px 0px;}.elementor-4074 .elementor-element.elementor-element-ff8672f .elementor-heading-title{font-family:\"stolzl\", Sans-serif;font-size:30px;font-weight:600;text-transform:none;color:var( --e-global-color-ca3c6d4 );}.elementor-widget-theme-post-content{color:var( --e-global-color-text );font-family:var( --e-global-typography-text-font-family ), Sans-serif;font-size:var( --e-global-typography-text-font-size );font-weight:var( --e-global-typography-text-font-weight );}@media(max-width:1366px){.elementor-widget-image .widget-image-caption{font-size:var( --e-global-typography-text-font-size );}.elementor-widget-divider .elementor-divider__text{font-size:var( --e-global-typography-secondary-font-size );}.elementor-widget-heading .elementor-heading-title{font-size:var( --e-global-typography-primary-font-size );}.elementor-widget-theme-post-content{font-size:var( --e-global-typography-text-font-size );}}@media(max-width:1024px){.elementor-widget-image .widget-image-caption{font-size:var( --e-global-typography-text-font-size );}.elementor-widget-divider .elementor-divider__text{font-size:var( --e-global-typography-secondary-font-size );}.elementor-widget-heading .elementor-heading-title{font-size:var( --e-global-typography-primary-font-size );}.elementor-widget-theme-post-content{font-size:var( --e-global-typography-text-font-size );}}@media(max-width:767px){.elementor-widget-image .widget-image-caption{font-size:var( --e-global-typography-text-font-size );}.elementor-widget-divider .elementor-divider__text{font-size:var( --e-global-typography-secondary-font-size );}.elementor-widget-heading .elementor-heading-title{font-size:var( --e-global-typography-primary-font-size );}.elementor-widget-theme-post-content{font-size:var( --e-global-typography-text-font-size );}}@media(min-width:2400px){.elementor-widget-image .widget-image-caption{font-size:var( --e-global-typography-text-font-size );}.elementor-widget-divider .elementor-divider__text{font-size:var( --e-global-typography-secondary-font-size );}.elementor-widget-heading .elementor-heading-title{font-size:var( --e-global-typography-primary-font-size );}.elementor-widget-theme-post-content{font-size:var( --e-global-typography-text-font-size );}}<\/style>\t\t<div data-elementor-type=\"loop-item\" data-elementor-id=\"4074\" class=\"elementor elementor-4074 elementor-107 swiper-slide e-loop-item e-loop-item-4163 post-4163 bici-a-noleggio type-bici-a-noleggio status-publish has-post-thumbnail hentry\" data-elementor-post-type=\"elementor_library\" role=\"group\" aria-roledescription=\"slide\" data-custom-edit-handle=\"1\">\n\t\t\t<div class=\"elementor-element elementor-element-ab8a013 e-flex e-con-boxed e-con e-parent\" data-id=\"ab8a013\" data-element_type=\"container\" data-settings=\"{&quot;background_background&quot;:&quot;classic&quot;}\">\n\t\t\t\t\t<div class=\"e-con-inner\">\n\t\t\t\t<div class=\"elementor-element elementor-element-789051c elementor-widget elementor-widget-image\" data-id=\"789051c\" data-element_type=\"widget\" data-widget_type=\"image.default\">\n\t\t\t\t<div class=\"elementor-widget-container\">\n\t\t\t\t\t\t\t\t\t\t\t\t\t\t\t<img loading=\"lazy\" decoding=\"async\" width=\"500\" height=\"300\" src=\"https:\/\/bellaitaliacycling.com\/wp-content\/uploads\/2025\/03\/trolley_bimbi.jpg\" class=\"elementor-animation-grow attachment-full size-full wp-image-2975\" alt=\"\" srcset=\"https:\/\/bellaitaliacycling.com\/wp-content\/uploads\/2025\/03\/trolley_bimbi.jpg 500w, https:\/\/bellaitaliacycling.com\/wp-content\/uploads\/2025\/03\/trolley_bimbi-300x180.jpg 300w\" sizes=\"(max-width: 500px) 100vw, 500px\" \/>\t\t\t\t\t\t\t\t\t\t\t\t\t\t\t<\/div>\n\t\t\t\t<\/div>\n\t\t\t\t<div class=\"elementor-element elementor-element-b253219 elementor-widget-divider--view-line elementor-widget elementor-widget-divider\" data-id=\"b253219\" data-element_type=\"widget\" data-widget_type=\"divider.default\">\n\t\t\t\t<div class=\"elementor-widget-container\">\n\t\t\t\t\t\t\t<div class=\"elementor-divider\">\n\t\t\t<span class=\"elementor-divider-separator\">\n\t\t\t\t\t\t<\/span>\n\t\t<\/div>\n\t\t\t\t\t\t<\/div>\n\t\t\t\t<\/div>\n\t\t\t\t<div class=\"elementor-element elementor-element-ff8672f elementor-widget elementor-widget-heading\" data-id=\"ff8672f\" data-element_type=\"widget\" data-widget_type=\"heading.default\">\n\t\t\t\t<div class=\"elementor-widget-container\">\n\t\t\t\t\t<h3 class=\"elementor-heading-title elementor-size-default\">Bimby Wagen &#8211; TROLLEY<\/h3>\t\t\t\t<\/div>\n\t\t\t\t<\/div>\n\t\t\t\t<div class=\"elementor-element elementor-element-0f354fa elementor-widget elementor-widget-theme-post-content\" data-id=\"0f354fa\" data-element_type=\"widget\" data-widget_type=\"theme-post-content.default\">\n\t\t\t\t<div class=\"elementor-widget-container\">\n\t\t\t\t\t\n<p>Eine sichere Fahrt mit Mama und Papa!<br\/>2-sitzige Babyschale mit Sicherheitsgurten, 20\u2033 Schnellspanner-R\u00e4der, Nylonverdeck, Kippschutz, Regenschutz, zus\u00e4tzlicher Platz f\u00fcr Gep\u00e4ck oder Taschen<br\/>T\u00dcV- und GS-gepr\u00fcft, Ma\u00dfe 61x73x58 cm. Gewicht 13Kg. Tragf\u00e4higkeit 40Kg.  <\/p>\n\t\t\t\t<\/div>\n\t\t\t\t<\/div>\n\t\t\t\t\t<\/div>\n\t\t\t\t<\/div>\n\t\t\t\t<\/div>\n\t\t\t\t<div data-elementor-type=\"loop-item\" data-elementor-id=\"4074\" class=\"elementor elementor-4074 elementor-107 swiper-slide e-loop-item e-loop-item-4171 post-4171 bici-a-noleggio type-bici-a-noleggio status-publish has-post-thumbnail hentry\" data-elementor-post-type=\"elementor_library\" role=\"group\" aria-roledescription=\"slide\" data-custom-edit-handle=\"1\">\n\t\t\t<div class=\"elementor-element elementor-element-ab8a013 e-flex e-con-boxed e-con e-parent\" data-id=\"ab8a013\" data-element_type=\"container\" data-settings=\"{&quot;background_background&quot;:&quot;classic&quot;}\">\n\t\t\t\t\t<div class=\"e-con-inner\">\n\t\t\t\t<div class=\"elementor-element elementor-element-789051c elementor-widget elementor-widget-image\" data-id=\"789051c\" data-element_type=\"widget\" data-widget_type=\"image.default\">\n\t\t\t\t<div class=\"elementor-widget-container\">\n\t\t\t\t\t\t\t\t\t\t\t\t\t\t\t<img loading=\"lazy\" decoding=\"async\" width=\"500\" height=\"300\" src=\"https:\/\/bellaitaliacycling.com\/wp-content\/uploads\/2025\/03\/baby_seat.jpg\" class=\"elementor-animation-grow attachment-full size-full wp-image-2972\" alt=\"\" srcset=\"https:\/\/bellaitaliacycling.com\/wp-content\/uploads\/2025\/03\/baby_seat.jpg 500w, https:\/\/bellaitaliacycling.com\/wp-content\/uploads\/2025\/03\/baby_seat-300x180.jpg 300w\" sizes=\"(max-width: 500px) 100vw, 500px\" \/>\t\t\t\t\t\t\t\t\t\t\t\t\t\t\t<\/div>\n\t\t\t\t<\/div>\n\t\t\t\t<div class=\"elementor-element elementor-element-b253219 elementor-widget-divider--view-line elementor-widget elementor-widget-divider\" data-id=\"b253219\" data-element_type=\"widget\" data-widget_type=\"divider.default\">\n\t\t\t\t<div class=\"elementor-widget-container\">\n\t\t\t\t\t\t\t<div class=\"elementor-divider\">\n\t\t\t<span class=\"elementor-divider-separator\">\n\t\t\t\t\t\t<\/span>\n\t\t<\/div>\n\t\t\t\t\t\t<\/div>\n\t\t\t\t<\/div>\n\t\t\t\t<div class=\"elementor-element elementor-element-ff8672f elementor-widget elementor-widget-heading\" data-id=\"ff8672f\" data-element_type=\"widget\" data-widget_type=\"heading.default\">\n\t\t\t\t<div class=\"elementor-widget-container\">\n\t\t\t\t\t<h3 class=\"elementor-heading-title elementor-size-default\">Kindersitz &#8211; BABYSEAT<\/h3>\t\t\t\t<\/div>\n\t\t\t\t<\/div>\n\t\t\t\t<div class=\"elementor-element elementor-element-0f354fa elementor-widget elementor-widget-theme-post-content\" data-id=\"0f354fa\" data-element_type=\"widget\" data-widget_type=\"theme-post-content.default\">\n\t\t\t\t<div class=\"elementor-widget-container\">\n\t\t\t\t\t\n<p>Kindersitz f\u00fcr den sicheren Transport von Kindern von 9 Monaten bis 4\/5 Jahren (22 kg). H\u00f6henverstellbarer Sicherheitsgurt mit 3-Punkt-Schloss, h\u00f6henverstellbare Fu\u00dfst\u00fctze. Das Produkt ist nach der europ\u00e4ischen Sicherheitsnorm EN 14344 zertifiziert.<\/p>\n\t\t\t\t<\/div>\n\t\t\t\t<\/div>\n\t\t\t\t\t<\/div>\n\t\t\t\t<\/div>\n\t\t\t\t<\/div>\n\t\t\t\t<div data-elementor-type=\"loop-item\" data-elementor-id=\"4074\" class=\"elementor elementor-4074 elementor-107 swiper-slide e-loop-item e-loop-item-4184 post-4184 bici-a-noleggio type-bici-a-noleggio status-publish has-post-thumbnail hentry\" data-elementor-post-type=\"elementor_library\" role=\"group\" aria-roledescription=\"slide\" data-custom-edit-handle=\"1\">\n\t\t\t<div class=\"elementor-element elementor-element-ab8a013 e-flex e-con-boxed e-con e-parent\" data-id=\"ab8a013\" data-element_type=\"container\" data-settings=\"{&quot;background_background&quot;:&quot;classic&quot;}\">\n\t\t\t\t\t<div class=\"e-con-inner\">\n\t\t\t\t<div class=\"elementor-element elementor-element-789051c elementor-widget elementor-widget-image\" data-id=\"789051c\" data-element_type=\"widget\" data-widget_type=\"image.default\">\n\t\t\t\t<div class=\"elementor-widget-container\">\n\t\t\t\t\t\t\t\t\t\t\t\t\t\t\t<img loading=\"lazy\" decoding=\"async\" width=\"500\" height=\"300\" src=\"https:\/\/bellaitaliacycling.com\/wp-content\/uploads\/2025\/03\/dog-basket.jpg\" class=\"elementor-animation-grow attachment-full size-full wp-image-2969\" alt=\"\" srcset=\"https:\/\/bellaitaliacycling.com\/wp-content\/uploads\/2025\/03\/dog-basket.jpg 500w, https:\/\/bellaitaliacycling.com\/wp-content\/uploads\/2025\/03\/dog-basket-300x180.jpg 300w\" sizes=\"(max-width: 500px) 100vw, 500px\" \/>\t\t\t\t\t\t\t\t\t\t\t\t\t\t\t<\/div>\n\t\t\t\t<\/div>\n\t\t\t\t<div class=\"elementor-element elementor-element-b253219 elementor-widget-divider--view-line elementor-widget elementor-widget-divider\" data-id=\"b253219\" data-element_type=\"widget\" data-widget_type=\"divider.default\">\n\t\t\t\t<div class=\"elementor-widget-container\">\n\t\t\t\t\t\t\t<div class=\"elementor-divider\">\n\t\t\t<span class=\"elementor-divider-separator\">\n\t\t\t\t\t\t<\/span>\n\t\t<\/div>\n\t\t\t\t\t\t<\/div>\n\t\t\t\t<\/div>\n\t\t\t\t<div class=\"elementor-element elementor-element-ff8672f elementor-widget elementor-widget-heading\" data-id=\"ff8672f\" data-element_type=\"widget\" data-widget_type=\"heading.default\">\n\t\t\t\t<div class=\"elementor-widget-container\">\n\t\t\t\t\t<h3 class=\"elementor-heading-title elementor-size-default\">Hundekorb &#8211; DOG BASKET<\/h3>\t\t\t\t<\/div>\n\t\t\t\t<\/div>\n\t\t\t\t<div class=\"elementor-element elementor-element-0f354fa elementor-widget elementor-widget-theme-post-content\" data-id=\"0f354fa\" data-element_type=\"widget\" data-widget_type=\"theme-post-content.default\">\n\t\t\t\t<div class=\"elementor-widget-container\">\n\t\t\t\t\t\n<p>Eine 6-beinige Fahrradtour! Wenn Ihr pelziger Freund daran gew\u00f6hnt ist, mit Ihnen zu radeln, kann er die Fahrt im Schlepptau auf unserem Trolley genie\u00dfen (f\u00fcr mittelgro\u00dfe Rassen bis 25 kg) <\/p>\n\t\t\t\t<\/div>\n\t\t\t\t<\/div>\n\t\t\t\t\t<\/div>\n\t\t\t\t<\/div>\n\t\t\t\t<\/div>\n\t\t\t\t<div data-elementor-type=\"loop-item\" data-elementor-id=\"4074\" class=\"elementor elementor-4074 elementor-107 swiper-slide e-loop-item e-loop-item-4174 post-4174 bici-a-noleggio type-bici-a-noleggio status-publish has-post-thumbnail hentry\" data-elementor-post-type=\"elementor_library\" role=\"group\" aria-roledescription=\"slide\" data-custom-edit-handle=\"1\">\n\t\t\t<div class=\"elementor-element elementor-element-ab8a013 e-flex e-con-boxed e-con e-parent\" data-id=\"ab8a013\" data-element_type=\"container\" data-settings=\"{&quot;background_background&quot;:&quot;classic&quot;}\">\n\t\t\t\t\t<div class=\"e-con-inner\">\n\t\t\t\t<div class=\"elementor-element elementor-element-789051c elementor-widget elementor-widget-image\" data-id=\"789051c\" data-element_type=\"widget\" data-widget_type=\"image.default\">\n\t\t\t\t<div class=\"elementor-widget-container\">\n\t\t\t\t\t\t\t\t\t\t\t\t\t\t\t<img loading=\"lazy\" decoding=\"async\" width=\"500\" height=\"300\" src=\"https:\/\/bellaitaliacycling.com\/wp-content\/uploads\/2025\/03\/kids-bike.jpg\" class=\"elementor-animation-grow attachment-full size-full wp-image-2963\" alt=\"\" srcset=\"https:\/\/bellaitaliacycling.com\/wp-content\/uploads\/2025\/03\/kids-bike.jpg 500w, https:\/\/bellaitaliacycling.com\/wp-content\/uploads\/2025\/03\/kids-bike-300x180.jpg 300w\" sizes=\"(max-width: 500px) 100vw, 500px\" \/>\t\t\t\t\t\t\t\t\t\t\t\t\t\t\t<\/div>\n\t\t\t\t<\/div>\n\t\t\t\t<div class=\"elementor-element elementor-element-b253219 elementor-widget-divider--view-line elementor-widget elementor-widget-divider\" data-id=\"b253219\" data-element_type=\"widget\" data-widget_type=\"divider.default\">\n\t\t\t\t<div class=\"elementor-widget-container\">\n\t\t\t\t\t\t\t<div class=\"elementor-divider\">\n\t\t\t<span class=\"elementor-divider-separator\">\n\t\t\t\t\t\t<\/span>\n\t\t<\/div>\n\t\t\t\t\t\t<\/div>\n\t\t\t\t<\/div>\n\t\t\t\t<div class=\"elementor-element elementor-element-ff8672f elementor-widget elementor-widget-heading\" data-id=\"ff8672f\" data-element_type=\"widget\" data-widget_type=\"heading.default\">\n\t\t\t\t<div class=\"elementor-widget-container\">\n\t\t\t\t\t<h3 class=\"elementor-heading-title elementor-size-default\">Fahrr\u00e4der f\u00fcr Kinder &#8211; KIDDO<\/h3>\t\t\t\t<\/div>\n\t\t\t\t<\/div>\n\t\t\t\t<div class=\"elementor-element elementor-element-0f354fa elementor-widget elementor-widget-theme-post-content\" data-id=\"0f354fa\" data-element_type=\"widget\" data-widget_type=\"theme-post-content.default\">\n\t\t\t\t<div class=\"elementor-widget-container\">\n\t\t\t\t\t\n<p>Es ist nie zu fr\u00fch, in die Pedale zu treten! Fahrr\u00e4der f\u00fcr Ihre Kinder von 3 Jahren bis 12 Jahren. <\/p>\n\t\t\t\t<\/div>\n\t\t\t\t<\/div>\n\t\t\t\t\t<\/div>\n\t\t\t\t<\/div>\n\t\t\t\t<\/div>\n\t\t\t\t<div data-elementor-type=\"loop-item\" data-elementor-id=\"4074\" class=\"elementor elementor-4074 elementor-107 swiper-slide e-loop-item e-loop-item-4186 post-4186 bici-a-noleggio type-bici-a-noleggio status-publish has-post-thumbnail hentry\" data-elementor-post-type=\"elementor_library\" role=\"group\" aria-roledescription=\"slide\" data-custom-edit-handle=\"1\">\n\t\t\t<div class=\"elementor-element elementor-element-ab8a013 e-flex e-con-boxed e-con e-parent\" data-id=\"ab8a013\" data-element_type=\"container\" data-settings=\"{&quot;background_background&quot;:&quot;classic&quot;}\">\n\t\t\t\t\t<div class=\"e-con-inner\">\n\t\t\t\t<div class=\"elementor-element elementor-element-789051c elementor-widget elementor-widget-image\" data-id=\"789051c\" data-element_type=\"widget\" data-widget_type=\"image.default\">\n\t\t\t\t<div class=\"elementor-widget-container\">\n\t\t\t\t\t\t\t\t\t\t\t\t\t\t\t<img loading=\"lazy\" decoding=\"async\" width=\"500\" height=\"300\" src=\"https:\/\/bellaitaliacycling.com\/wp-content\/uploads\/2025\/03\/egravel.jpg\" class=\"elementor-animation-grow attachment-full size-full wp-image-2960\" alt=\"\" srcset=\"https:\/\/bellaitaliacycling.com\/wp-content\/uploads\/2025\/03\/egravel.jpg 500w, https:\/\/bellaitaliacycling.com\/wp-content\/uploads\/2025\/03\/egravel-300x180.jpg 300w\" sizes=\"(max-width: 500px) 100vw, 500px\" \/>\t\t\t\t\t\t\t\t\t\t\t\t\t\t\t<\/div>\n\t\t\t\t<\/div>\n\t\t\t\t<div class=\"elementor-element elementor-element-b253219 elementor-widget-divider--view-line elementor-widget elementor-widget-divider\" data-id=\"b253219\" data-element_type=\"widget\" data-widget_type=\"divider.default\">\n\t\t\t\t<div class=\"elementor-widget-container\">\n\t\t\t\t\t\t\t<div class=\"elementor-divider\">\n\t\t\t<span class=\"elementor-divider-separator\">\n\t\t\t\t\t\t<\/span>\n\t\t<\/div>\n\t\t\t\t\t\t<\/div>\n\t\t\t\t<\/div>\n\t\t\t\t<div class=\"elementor-element elementor-element-ff8672f elementor-widget elementor-widget-heading\" data-id=\"ff8672f\" data-element_type=\"widget\" data-widget_type=\"heading.default\">\n\t\t\t\t<div class=\"elementor-widget-container\">\n\t\t\t\t\t<h3 class=\"elementor-heading-title elementor-size-default\">E-Gravel Fahrrad &#8211; E-GRAVEL<\/h3>\t\t\t\t<\/div>\n\t\t\t\t<\/div>\n\t\t\t\t<div class=\"elementor-element elementor-element-0f354fa elementor-widget elementor-widget-theme-post-content\" data-id=\"0f354fa\" data-element_type=\"widget\" data-widget_type=\"theme-post-content.default\">\n\t\t\t\t<div class=\"elementor-widget-container\">\n\t\t\t\t\t\n<p>Geeignet f\u00fcr Radfahrer, die sich auf steilen und anspruchsvollen Strecken ein wenig Servo-Unterst\u00fctzung w\u00fcnschen, mehr Komfort oder f\u00fcr diejenigen, die mit ihren schnelleren Freunden mithalten wollen.<\/p>\n\t\t\t\t<\/div>\n\t\t\t\t<\/div>\n\t\t\t\t\t<\/div>\n\t\t\t\t<\/div>\n\t\t\t\t<\/div>\n\t\t\t\t<div data-elementor-type=\"loop-item\" data-elementor-id=\"4074\" class=\"elementor elementor-4074 elementor-107 swiper-slide e-loop-item e-loop-item-4198 post-4198 bici-a-noleggio type-bici-a-noleggio status-publish has-post-thumbnail hentry\" data-elementor-post-type=\"elementor_library\" role=\"group\" aria-roledescription=\"slide\" data-custom-edit-handle=\"1\">\n\t\t\t<div class=\"elementor-element elementor-element-ab8a013 e-flex e-con-boxed e-con e-parent\" data-id=\"ab8a013\" data-element_type=\"container\" data-settings=\"{&quot;background_background&quot;:&quot;classic&quot;}\">\n\t\t\t\t\t<div class=\"e-con-inner\">\n\t\t\t\t<div class=\"elementor-element elementor-element-789051c elementor-widget elementor-widget-image\" data-id=\"789051c\" data-element_type=\"widget\" data-widget_type=\"image.default\">\n\t\t\t\t<div class=\"elementor-widget-container\">\n\t\t\t\t\t\t\t\t\t\t\t\t\t\t\t<img loading=\"lazy\" decoding=\"async\" width=\"500\" height=\"300\" src=\"https:\/\/bellaitaliacycling.com\/wp-content\/uploads\/2025\/03\/ego.jpg\" class=\"elementor-animation-grow attachment-full size-full wp-image-2957\" alt=\"\" srcset=\"https:\/\/bellaitaliacycling.com\/wp-content\/uploads\/2025\/03\/ego.jpg 500w, https:\/\/bellaitaliacycling.com\/wp-content\/uploads\/2025\/03\/ego-300x180.jpg 300w\" sizes=\"(max-width: 500px) 100vw, 500px\" \/>\t\t\t\t\t\t\t\t\t\t\t\t\t\t\t<\/div>\n\t\t\t\t<\/div>\n\t\t\t\t<div class=\"elementor-element elementor-element-b253219 elementor-widget-divider--view-line elementor-widget elementor-widget-divider\" data-id=\"b253219\" data-element_type=\"widget\" data-widget_type=\"divider.default\">\n\t\t\t\t<div class=\"elementor-widget-container\">\n\t\t\t\t\t\t\t<div class=\"elementor-divider\">\n\t\t\t<span class=\"elementor-divider-separator\">\n\t\t\t\t\t\t<\/span>\n\t\t<\/div>\n\t\t\t\t\t\t<\/div>\n\t\t\t\t<\/div>\n\t\t\t\t<div class=\"elementor-element elementor-element-ff8672f elementor-widget elementor-widget-heading\" data-id=\"ff8672f\" data-element_type=\"widget\" data-widget_type=\"heading.default\">\n\t\t\t\t<div class=\"elementor-widget-container\">\n\t\t\t\t\t<h3 class=\"elementor-heading-title elementor-size-default\">E-City Fahrrad &#8211; E-GO<\/h3>\t\t\t\t<\/div>\n\t\t\t\t<\/div>\n\t\t\t\t<div class=\"elementor-element elementor-element-0f354fa elementor-widget elementor-widget-theme-post-content\" data-id=\"0f354fa\" data-element_type=\"widget\" data-widget_type=\"theme-post-content.default\">\n\t\t\t\t<div class=\"elementor-widget-container\">\n\t\t\t\t\t\n<p>Robustes und effizientes E-Bike f\u00fcr den t\u00e4glichen Gebrauch, perfekt zum Radfahren zu jeder Zeit, auch nachts!<\/p>\n\t\t\t\t<\/div>\n\t\t\t\t<\/div>\n\t\t\t\t\t<\/div>\n\t\t\t\t<\/div>\n\t\t\t\t<\/div>\n\t\t\t\t<div data-elementor-type=\"loop-item\" data-elementor-id=\"4074\" class=\"elementor elementor-4074 elementor-107 swiper-slide e-loop-item e-loop-item-4191 post-4191 bici-a-noleggio type-bici-a-noleggio status-publish has-post-thumbnail hentry\" data-elementor-post-type=\"elementor_library\" role=\"group\" aria-roledescription=\"slide\" data-custom-edit-handle=\"1\">\n\t\t\t<div class=\"elementor-element elementor-element-ab8a013 e-flex e-con-boxed e-con e-parent\" data-id=\"ab8a013\" data-element_type=\"container\" data-settings=\"{&quot;background_background&quot;:&quot;classic&quot;}\">\n\t\t\t\t\t<div class=\"e-con-inner\">\n\t\t\t\t<div class=\"elementor-element elementor-element-789051c elementor-widget elementor-widget-image\" data-id=\"789051c\" data-element_type=\"widget\" data-widget_type=\"image.default\">\n\t\t\t\t<div class=\"elementor-widget-container\">\n\t\t\t\t\t\t\t\t\t\t\t\t\t\t\t<img loading=\"lazy\" decoding=\"async\" width=\"500\" height=\"300\" src=\"https:\/\/bellaitaliacycling.com\/wp-content\/uploads\/2025\/03\/city-bike-easy.jpg\" class=\"elementor-animation-grow attachment-full size-full wp-image-2954\" alt=\"\" srcset=\"https:\/\/bellaitaliacycling.com\/wp-content\/uploads\/2025\/03\/city-bike-easy.jpg 500w, https:\/\/bellaitaliacycling.com\/wp-content\/uploads\/2025\/03\/city-bike-easy-300x180.jpg 300w\" sizes=\"(max-width: 500px) 100vw, 500px\" \/>\t\t\t\t\t\t\t\t\t\t\t\t\t\t\t<\/div>\n\t\t\t\t<\/div>\n\t\t\t\t<div class=\"elementor-element elementor-element-b253219 elementor-widget-divider--view-line elementor-widget elementor-widget-divider\" data-id=\"b253219\" data-element_type=\"widget\" data-widget_type=\"divider.default\">\n\t\t\t\t<div class=\"elementor-widget-container\">\n\t\t\t\t\t\t\t<div class=\"elementor-divider\">\n\t\t\t<span class=\"elementor-divider-separator\">\n\t\t\t\t\t\t<\/span>\n\t\t<\/div>\n\t\t\t\t\t\t<\/div>\n\t\t\t\t<\/div>\n\t\t\t\t<div class=\"elementor-element elementor-element-ff8672f elementor-widget elementor-widget-heading\" data-id=\"ff8672f\" data-element_type=\"widget\" data-widget_type=\"heading.default\">\n\t\t\t\t<div class=\"elementor-widget-container\">\n\t\t\t\t\t<h3 class=\"elementor-heading-title elementor-size-default\">Stadtrad &#8211; EASY<\/h3>\t\t\t\t<\/div>\n\t\t\t\t<\/div>\n\t\t\t\t<div class=\"elementor-element elementor-element-0f354fa elementor-widget elementor-widget-theme-post-content\" data-id=\"0f354fa\" data-element_type=\"widget\" data-widget_type=\"theme-post-content.default\">\n\t\t\t\t<div class=\"elementor-widget-container\">\n\t\t\t\t\t\n<p>Mit pannensicheren R\u00e4dern und Teleskopsattel, geeignet f\u00fcr leichte Fahrradtouren, mit Frontkorb.<\/p>\n\t\t\t\t<\/div>\n\t\t\t\t<\/div>\n\t\t\t\t\t<\/div>\n\t\t\t\t<\/div>\n\t\t\t\t<\/div>\n\t\t\t\t<div data-elementor-type=\"loop-item\" data-elementor-id=\"4074\" class=\"elementor elementor-4074 elementor-107 swiper-slide e-loop-item e-loop-item-4204 post-4204 bici-a-noleggio type-bici-a-noleggio status-publish has-post-thumbnail hentry\" data-elementor-post-type=\"elementor_library\" role=\"group\" aria-roledescription=\"slide\" data-custom-edit-handle=\"1\">\n\t\t\t<div class=\"elementor-element elementor-element-ab8a013 e-flex e-con-boxed e-con e-parent\" data-id=\"ab8a013\" data-element_type=\"container\" data-settings=\"{&quot;background_background&quot;:&quot;classic&quot;}\">\n\t\t\t\t\t<div class=\"e-con-inner\">\n\t\t\t\t<div class=\"elementor-element elementor-element-789051c elementor-widget elementor-widget-image\" data-id=\"789051c\" data-element_type=\"widget\" data-widget_type=\"image.default\">\n\t\t\t\t<div class=\"elementor-widget-container\">\n\t\t\t\t\t\t\t\t\t\t\t\t\t\t\t<img loading=\"lazy\" decoding=\"async\" width=\"500\" height=\"300\" src=\"https:\/\/bellaitaliacycling.com\/wp-content\/uploads\/2025\/03\/trekking-fun.jpg\" class=\"elementor-animation-grow attachment-full size-full wp-image-2951\" alt=\"\" srcset=\"https:\/\/bellaitaliacycling.com\/wp-content\/uploads\/2025\/03\/trekking-fun.jpg 500w, https:\/\/bellaitaliacycling.com\/wp-content\/uploads\/2025\/03\/trekking-fun-300x180.jpg 300w\" sizes=\"(max-width: 500px) 100vw, 500px\" \/>\t\t\t\t\t\t\t\t\t\t\t\t\t\t\t<\/div>\n\t\t\t\t<\/div>\n\t\t\t\t<div class=\"elementor-element elementor-element-b253219 elementor-widget-divider--view-line elementor-widget elementor-widget-divider\" data-id=\"b253219\" data-element_type=\"widget\" data-widget_type=\"divider.default\">\n\t\t\t\t<div class=\"elementor-widget-container\">\n\t\t\t\t\t\t\t<div class=\"elementor-divider\">\n\t\t\t<span class=\"elementor-divider-separator\">\n\t\t\t\t\t\t<\/span>\n\t\t<\/div>\n\t\t\t\t\t\t<\/div>\n\t\t\t\t<\/div>\n\t\t\t\t<div class=\"elementor-element elementor-element-ff8672f elementor-widget elementor-widget-heading\" data-id=\"ff8672f\" data-element_type=\"widget\" data-widget_type=\"heading.default\">\n\t\t\t\t<div class=\"elementor-widget-container\">\n\t\t\t\t\t<h3 class=\"elementor-heading-title elementor-size-default\">Trekking-Fahrr\u00e4der &#8211; FUN<\/h3>\t\t\t\t<\/div>\n\t\t\t\t<\/div>\n\t\t\t\t<div class=\"elementor-element elementor-element-0f354fa elementor-widget elementor-widget-theme-post-content\" data-id=\"0f354fa\" data-element_type=\"widget\" data-widget_type=\"theme-post-content.default\">\n\t\t\t\t<div class=\"elementor-widget-container\">\n\t\t\t\t\t\n<p>Sportliches Trekkingrad, geeignet f\u00fcr weiche Trekkingrouten, perfekt f\u00fcr eine Fahrradtour auf gepflegten Radwegen und auf Asphalt.<\/p>\n\t\t\t\t<\/div>\n\t\t\t\t<\/div>\n\t\t\t\t\t<\/div>\n\t\t\t\t<\/div>\n\t\t\t\t<\/div>\n\t\t\t\t<div data-elementor-type=\"loop-item\" data-elementor-id=\"4074\" class=\"elementor elementor-4074 elementor-107 swiper-slide e-loop-item e-loop-item-4215 post-4215 bici-a-noleggio type-bici-a-noleggio status-publish has-post-thumbnail hentry\" data-elementor-post-type=\"elementor_library\" role=\"group\" aria-roledescription=\"slide\" data-custom-edit-handle=\"1\">\n\t\t\t<div class=\"elementor-element elementor-element-ab8a013 e-flex e-con-boxed e-con e-parent\" data-id=\"ab8a013\" data-element_type=\"container\" data-settings=\"{&quot;background_background&quot;:&quot;classic&quot;}\">\n\t\t\t\t\t<div class=\"e-con-inner\">\n\t\t\t\t<div class=\"elementor-element elementor-element-789051c elementor-widget elementor-widget-image\" data-id=\"789051c\" data-element_type=\"widget\" data-widget_type=\"image.default\">\n\t\t\t\t<div class=\"elementor-widget-container\">\n\t\t\t\t\t\t\t\t\t\t\t\t\t\t\t<img loading=\"lazy\" decoding=\"async\" width=\"500\" height=\"300\" src=\"https:\/\/bellaitaliacycling.com\/wp-content\/uploads\/2025\/03\/mtb_rock.jpg\" class=\"elementor-animation-grow attachment-full size-full wp-image-2948\" alt=\"\" srcset=\"https:\/\/bellaitaliacycling.com\/wp-content\/uploads\/2025\/03\/mtb_rock.jpg 500w, https:\/\/bellaitaliacycling.com\/wp-content\/uploads\/2025\/03\/mtb_rock-300x180.jpg 300w\" sizes=\"(max-width: 500px) 100vw, 500px\" \/>\t\t\t\t\t\t\t\t\t\t\t\t\t\t\t<\/div>\n\t\t\t\t<\/div>\n\t\t\t\t<div class=\"elementor-element elementor-element-b253219 elementor-widget-divider--view-line elementor-widget elementor-widget-divider\" data-id=\"b253219\" data-element_type=\"widget\" data-widget_type=\"divider.default\">\n\t\t\t\t<div class=\"elementor-widget-container\">\n\t\t\t\t\t\t\t<div class=\"elementor-divider\">\n\t\t\t<span class=\"elementor-divider-separator\">\n\t\t\t\t\t\t<\/span>\n\t\t<\/div>\n\t\t\t\t\t\t<\/div>\n\t\t\t\t<\/div>\n\t\t\t\t<div class=\"elementor-element elementor-element-ff8672f elementor-widget elementor-widget-heading\" data-id=\"ff8672f\" data-element_type=\"widget\" data-widget_type=\"heading.default\">\n\t\t\t\t<div class=\"elementor-widget-container\">\n\t\t\t\t\t<h3 class=\"elementor-heading-title elementor-size-default\">Mountainbiken &#8211; ROCK<\/h3>\t\t\t\t<\/div>\n\t\t\t\t<\/div>\n\t\t\t\t<div class=\"elementor-element elementor-element-0f354fa elementor-widget elementor-widget-theme-post-content\" data-id=\"0f354fa\" data-element_type=\"widget\" data-widget_type=\"theme-post-content.default\">\n\t\t\t\t<div class=\"elementor-widget-container\">\n\t\t\t\t\t\n<p>Sportlich, komfortabel und robust, geeignet f\u00fcr unebenes Gel\u00e4nde, abseits der Piste und unbefestigte Stra\u00dfen.<\/p>\n\t\t\t\t<\/div>\n\t\t\t\t<\/div>\n\t\t\t\t\t<\/div>\n\t\t\t\t<\/div>\n\t\t\t\t<\/div>\n\t\t\t\t<div data-elementor-type=\"loop-item\" data-elementor-id=\"4074\" class=\"elementor elementor-4074 elementor-107 swiper-slide e-loop-item e-loop-item-4222 post-4222 bici-a-noleggio type-bici-a-noleggio status-publish has-post-thumbnail hentry\" data-elementor-post-type=\"elementor_library\" role=\"group\" aria-roledescription=\"slide\" data-custom-edit-handle=\"1\">\n\t\t\t<div class=\"elementor-element elementor-element-ab8a013 e-flex e-con-boxed e-con e-parent\" data-id=\"ab8a013\" data-element_type=\"container\" data-settings=\"{&quot;background_background&quot;:&quot;classic&quot;}\">\n\t\t\t\t\t<div class=\"e-con-inner\">\n\t\t\t\t<div class=\"elementor-element elementor-element-789051c elementor-widget elementor-widget-image\" data-id=\"789051c\" data-element_type=\"widget\" data-widget_type=\"image.default\">\n\t\t\t\t<div class=\"elementor-widget-container\">\n\t\t\t\t\t\t\t\t\t\t\t\t\t\t\t<img loading=\"lazy\" decoding=\"async\" width=\"500\" height=\"300\" src=\"https:\/\/bellaitaliacycling.com\/wp-content\/uploads\/2025\/01\/road_bike.jpg\" class=\"elementor-animation-grow attachment-full size-full wp-image-2606\" alt=\"\" srcset=\"https:\/\/bellaitaliacycling.com\/wp-content\/uploads\/2025\/01\/road_bike.jpg 500w, https:\/\/bellaitaliacycling.com\/wp-content\/uploads\/2025\/01\/road_bike-300x180.jpg 300w\" sizes=\"(max-width: 500px) 100vw, 500px\" \/>\t\t\t\t\t\t\t\t\t\t\t\t\t\t\t<\/div>\n\t\t\t\t<\/div>\n\t\t\t\t<div class=\"elementor-element elementor-element-b253219 elementor-widget-divider--view-line elementor-widget elementor-widget-divider\" data-id=\"b253219\" data-element_type=\"widget\" data-widget_type=\"divider.default\">\n\t\t\t\t<div class=\"elementor-widget-container\">\n\t\t\t\t\t\t\t<div class=\"elementor-divider\">\n\t\t\t<span class=\"elementor-divider-separator\">\n\t\t\t\t\t\t<\/span>\n\t\t<\/div>\n\t\t\t\t\t\t<\/div>\n\t\t\t\t<\/div>\n\t\t\t\t<div class=\"elementor-element elementor-element-ff8672f elementor-widget elementor-widget-heading\" data-id=\"ff8672f\" data-element_type=\"widget\" data-widget_type=\"heading.default\">\n\t\t\t\t<div class=\"elementor-widget-container\">\n\t\t\t\t\t<h3 class=\"elementor-heading-title elementor-size-default\">Rennrad &#8211; ROAD<\/h3>\t\t\t\t<\/div>\n\t\t\t\t<\/div>\n\t\t\t\t<div class=\"elementor-element elementor-element-0f354fa elementor-widget elementor-widget-theme-post-content\" data-id=\"0f354fa\" data-element_type=\"widget\" data-widget_type=\"theme-post-content.default\">\n\t\t\t\t<div class=\"elementor-widget-container\">\n\t\t\t\t\t\n<p>Ein Fahrrad mit einem hochwertigen Kohlefaserrahmen, der f\u00fcr ausgezeichnete Festigkeit und Leichtigkeit sorgt. Seine Ausdauergeometrie bietet dem Fahrer eine sehr bequeme Position auf langen Fahrten, aber auch ein sehr effektives Pedalieren auf Schotter und Asphalt. Das Rad ist mit einem Scheibenbremssystem ausgestattet, das eine hervorragende Bremsleistung garantiert. <\/p>\n\t\t\t\t<\/div>\n\t\t\t\t<\/div>\n\t\t\t\t\t<\/div>\n\t\t\t\t<\/div>\n\t\t\t\t<\/div>\n\t\t\t\t<div data-elementor-type=\"loop-item\" data-elementor-id=\"4074\" class=\"elementor elementor-4074 elementor-107 swiper-slide e-loop-item e-loop-item-4224 post-4224 bici-a-noleggio type-bici-a-noleggio status-publish has-post-thumbnail hentry\" data-elementor-post-type=\"elementor_library\" role=\"group\" aria-roledescription=\"slide\" data-custom-edit-handle=\"1\">\n\t\t\t<div class=\"elementor-element elementor-element-ab8a013 e-flex e-con-boxed e-con e-parent\" data-id=\"ab8a013\" data-element_type=\"container\" data-settings=\"{&quot;background_background&quot;:&quot;classic&quot;}\">\n\t\t\t\t\t<div class=\"e-con-inner\">\n\t\t\t\t<div class=\"elementor-element elementor-element-789051c elementor-widget elementor-widget-image\" data-id=\"789051c\" data-element_type=\"widget\" data-widget_type=\"image.default\">\n\t\t\t\t<div class=\"elementor-widget-container\">\n\t\t\t\t\t\t\t\t\t\t\t\t\t\t\t<img loading=\"lazy\" decoding=\"async\" width=\"500\" height=\"300\" src=\"https:\/\/bellaitaliacycling.com\/wp-content\/uploads\/2025\/01\/etrekking.jpg\" class=\"elementor-animation-grow attachment-full size-full wp-image-2603\" alt=\"\" srcset=\"https:\/\/bellaitaliacycling.com\/wp-content\/uploads\/2025\/01\/etrekking.jpg 500w, https:\/\/bellaitaliacycling.com\/wp-content\/uploads\/2025\/01\/etrekking-300x180.jpg 300w\" sizes=\"(max-width: 500px) 100vw, 500px\" \/>\t\t\t\t\t\t\t\t\t\t\t\t\t\t\t<\/div>\n\t\t\t\t<\/div>\n\t\t\t\t<div class=\"elementor-element elementor-element-b253219 elementor-widget-divider--view-line elementor-widget elementor-widget-divider\" data-id=\"b253219\" data-element_type=\"widget\" data-widget_type=\"divider.default\">\n\t\t\t\t<div class=\"elementor-widget-container\">\n\t\t\t\t\t\t\t<div class=\"elementor-divider\">\n\t\t\t<span class=\"elementor-divider-separator\">\n\t\t\t\t\t\t<\/span>\n\t\t<\/div>\n\t\t\t\t\t\t<\/div>\n\t\t\t\t<\/div>\n\t\t\t\t<div class=\"elementor-element elementor-element-ff8672f elementor-widget elementor-widget-heading\" data-id=\"ff8672f\" data-element_type=\"widget\" data-widget_type=\"heading.default\">\n\t\t\t\t<div class=\"elementor-widget-container\">\n\t\t\t\t\t<h3 class=\"elementor-heading-title elementor-size-default\">E-Trekkingrad &#8211; RELAX<\/h3>\t\t\t\t<\/div>\n\t\t\t\t<\/div>\n\t\t\t\t<div class=\"elementor-element elementor-element-0f354fa elementor-widget elementor-widget-theme-post-content\" data-id=\"0f354fa\" data-element_type=\"widget\" data-widget_type=\"theme-post-content.default\">\n\t\t\t\t<div class=\"elementor-widget-container\">\n\t\t\t\t\t\n<p>E-Bike f\u00fcr entspanntes Radfahren und um \u00fcberall hinzukommen, mit Motor zur Tretunterst\u00fctzung.  <\/p>\n\n<p>Zwischen den D\u00f6rfern, oder auf wei\u00dfen Stra\u00dfen im flachen oder h\u00fcgeligen Gel\u00e4nde, sogar auf einer mehrt\u00e4gigen Tour zwischen Seen, H\u00fcgeln und kleinen Reliefs.<\/p>\n\t\t\t\t<\/div>\n\t\t\t\t<\/div>\n\t\t\t\t\t<\/div>\n\t\t\t\t<\/div>\n\t\t\t\t<\/div>\n\t\t\t\t<\/div>\n\t\t<\/div>\n\t\t\t\t\t<div class=\"elementor-swiper-button elementor-swiper-button-prev\" role=\"button\" tabindex=\"0\" aria-label=\"Voriger\">\n\t\t\t\t<i aria-hidden=\"true\" class=\"lnr lnr-arrow-left\"><\/i>\t\t\t<\/div>\n\t\t\t<div class=\"elementor-swiper-button elementor-swiper-button-next\" role=\"button\" tabindex=\"0\" aria-label=\"N\u00e4chster\">\n\t\t\t\t<i aria-hidden=\"true\" class=\"lnr lnr-arrow-right\"><\/i>\t\t\t<\/div>\n\t\t\t\t\t<div class=\"swiper-pagination\"><\/div>\n\t\t\t\t\t\t<\/div>\n\t\t\t\t<\/div>\n\t\t\t\t\t<\/div>\n\t\t\t\t<\/div>\n\t\t<div class=\"elementor-element elementor-element-5fce21b e-flex e-con-boxed e-con e-parent\" data-id=\"5fce21b\" data-element_type=\"container\" data-settings=\"{&quot;background_background&quot;:&quot;classic&quot;}\">\n\t\t\t\t\t<div class=\"e-con-inner\">\n\t\t<div class=\"elementor-element elementor-element-6b49f61 e-con-full e-flex e-con e-child\" data-id=\"6b49f61\" data-element_type=\"container\">\n\t\t\t\t<div class=\"elementor-element elementor-element-668a742 elementor-widget elementor-widget-heading\" data-id=\"668a742\" data-element_type=\"widget\" data-widget_type=\"heading.default\">\n\t\t\t\t<div class=\"elementor-widget-container\">\n\t\t\t\t\t<h2 class=\"elementor-heading-title elementor-size-default\">FAHRRADVERLEIH MIT LIEFERUNG UND ABHOLUNG\n<\/h2>\t\t\t\t<\/div>\n\t\t\t\t<\/div>\n\t\t\t\t<div class=\"elementor-element elementor-element-74f5a78 elementor-widget elementor-widget-text-editor\" data-id=\"74f5a78\" data-element_type=\"widget\" data-widget_type=\"text-editor.default\">\n\t\t\t\t<div class=\"elementor-widget-container\">\n\t\t\t\t\t\t\t\t\t<p>Wir bringen Ihr Fahrrad <strong>direkt dorthin, wo Sie es haben m\u00f6chten!<\/strong><\/p><p>Ob Sie es in <strong>Ihrem Hotel, am Bahnhof oder an einem anderen Ort Ihrer Wahl<\/strong> in Empfang nehmen m\u00f6chten, unser <strong>Liefer- und Abholservice<\/strong> garantiert Ihnen maximalen Komfort.<\/p>\t\t\t\t\t\t\t\t<\/div>\n\t\t\t\t<\/div>\n\t\t\t\t<div class=\"elementor-element elementor-element-dbd5496 elementor-icon-list--layout-traditional elementor-list-item-link-full_width elementor-widget elementor-widget-icon-list\" data-id=\"dbd5496\" data-element_type=\"widget\" data-widget_type=\"icon-list.default\">\n\t\t\t\t<div class=\"elementor-widget-container\">\n\t\t\t\t\t\t\t<ul class=\"elementor-icon-list-items\">\n\t\t\t\t\t\t\t<li class=\"elementor-icon-list-item\">\n\t\t\t\t\t\t\t\t\t\t\t<span class=\"elementor-icon-list-icon\">\n\t\t\t\t\t\t\t<i aria-hidden=\"true\" class=\" arrow_right\"><\/i>\t\t\t\t\t\t<\/span>\n\t\t\t\t\t\t\t\t\t\t<span class=\"elementor-icon-list-text\">Mindestmietdauer <strong>2 Tage<\/strong> <\/span>\n\t\t\t\t\t\t\t\t\t<\/li>\n\t\t\t\t\t\t\t\t<li class=\"elementor-icon-list-item\">\n\t\t\t\t\t\t\t\t\t\t\t<span class=\"elementor-icon-list-icon\">\n\t\t\t\t\t\t\t<i aria-hidden=\"true\" class=\" arrow_right\"><\/i>\t\t\t\t\t\t<\/span>\n\t\t\t\t\t\t\t\t\t\t<span class=\"elementor-icon-list-text\">Reservierung mindestens <strong>48 Stunden im Voraus<\/strong> erforderlich<\/span>\n\t\t\t\t\t\t\t\t\t<\/li>\n\t\t\t\t\t\t\t\t<li class=\"elementor-icon-list-item\">\n\t\t\t\t\t\t\t\t\t\t\t<span class=\"elementor-icon-list-icon\">\n\t\t\t\t\t\t\t<i aria-hidden=\"true\" class=\" arrow_right\"><\/i>\t\t\t\t\t\t<\/span>\n\t\t\t\t\t\t\t\t\t\t<span class=\"elementor-icon-list-text\">Die Transportkosten werden je nach <strong>Entfernung<\/strong> und <strong>Anzahl der Fahrr\u00e4der<\/strong> berechnet<\/span>\n\t\t\t\t\t\t\t\t\t<\/li>\n\t\t\t\t\t\t<\/ul>\n\t\t\t\t\t\t<\/div>\n\t\t\t\t<\/div>\n\t\t\t\t<div class=\"elementor-element elementor-element-12cfb94 elementor-widget__width-auto elementor-widget elementor-widget-button\" data-id=\"12cfb94\" data-element_type=\"widget\" data-widget_type=\"button.default\">\n\t\t\t\t<div class=\"elementor-widget-container\">\n\t\t\t\t\t\t\t\t\t<div class=\"elementor-button-wrapper\">\n\t\t\t\t\t<a class=\"elementor-button elementor-button-link elementor-size-sm elementor-animation-float\" href=\"#form-contatti\">\n\t\t\t\t\t\t<span class=\"elementor-button-content-wrapper\">\n\t\t\t\t\t\t\t\t\t<span class=\"elementor-button-text\">Kontaktieren Sie uns f\u00fcr ein Angebot<\/span>\n\t\t\t\t\t<\/span>\n\t\t\t\t\t<\/a>\n\t\t\t\t<\/div>\n\t\t\t\t\t\t\t\t<\/div>\n\t\t\t\t<\/div>\n\t\t\t\t<\/div>\n\t\t<div class=\"elementor-element elementor-element-5aa4a5f e-con-full e-flex e-con e-child\" data-id=\"5aa4a5f\" data-element_type=\"container\" data-settings=\"{&quot;background_background&quot;:&quot;classic&quot;,&quot;background_motion_fx_motion_fx_scrolling&quot;:&quot;yes&quot;,&quot;background_motion_fx_scale_effect&quot;:&quot;yes&quot;,&quot;background_motion_fx_devices&quot;:[&quot;widescreen&quot;,&quot;desktop&quot;,&quot;laptop&quot;],&quot;background_motion_fx_scale_direction&quot;:&quot;out-in&quot;,&quot;background_motion_fx_scale_speed&quot;:{&quot;unit&quot;:&quot;px&quot;,&quot;size&quot;:4,&quot;sizes&quot;:[]},&quot;background_motion_fx_scale_range&quot;:{&quot;unit&quot;:&quot;%&quot;,&quot;size&quot;:&quot;&quot;,&quot;sizes&quot;:{&quot;start&quot;:20,&quot;end&quot;:80}}}\">\n\t\t\t\t<\/div>\n\t\t\t\t\t<\/div>\n\t\t\t\t<\/div>\n\t\t<div class=\"elementor-element elementor-element-538f334 e-flex e-con-boxed e-con e-parent\" data-id=\"538f334\" data-element_type=\"container\" data-settings=\"{&quot;background_background&quot;:&quot;classic&quot;}\">\n\t\t\t\t\t<div class=\"e-con-inner\">\n\t\t<div class=\"elementor-element elementor-element-d5fc922 e-con-full e-flex e-con e-child\" data-id=\"d5fc922\" data-element_type=\"container\">\n\t\t\t\t<div class=\"elementor-element elementor-element-9e55643 elementor-widget elementor-widget-heading\" data-id=\"9e55643\" data-element_type=\"widget\" data-widget_type=\"heading.default\">\n\t\t\t\t<div class=\"elementor-widget-container\">\n\t\t\t\t\t<h2 class=\"elementor-heading-title elementor-size-default\">Warum uns w\u00e4hlen\n<\/h2>\t\t\t\t<\/div>\n\t\t\t\t<\/div>\n\t\t\t\t<\/div>\n\t\t<div class=\"elementor-element elementor-element-57155a7 e-con-full e-flex e-con e-child\" data-id=\"57155a7\" data-element_type=\"container\">\n\t\t<div class=\"elementor-element elementor-element-5eb9372 e-con-full e-flex e-con e-child\" data-id=\"5eb9372\" data-element_type=\"container\">\n\t\t\t\t<div class=\"elementor-element elementor-element-9a7b301 elementor-view-default elementor-position-top elementor-mobile-position-top elementor-widget elementor-widget-icon-box\" data-id=\"9a7b301\" data-element_type=\"widget\" data-widget_type=\"icon-box.default\">\n\t\t\t\t<div class=\"elementor-widget-container\">\n\t\t\t\t\t\t\t<div class=\"elementor-icon-box-wrapper\">\n\n\t\t\t\t\t\t<div class=\"elementor-icon-box-icon\">\n\t\t\t\t<span  class=\"elementor-icon\">\n\t\t\t\t<i aria-hidden=\"true\" class=\" ti-bolt\"><\/i>\t\t\t\t<\/span>\n\t\t\t<\/div>\n\t\t\t\n\t\t\t\t\t\t<div class=\"elementor-icon-box-content\">\n\n\t\t\t\t\n\t\t\t\t\t\t\t\t\t<p class=\"elementor-icon-box-description\">\n\t\t\t\t\t\tWir vermieten hochwertige Wander- und Elektrofahrr\u00e4der, mit denen Sie die Radwege am Gardasee stilvoll und bequem erkunden k\u00f6nnen.\n\t\t\t\t\t<\/p>\n\t\t\t\t\n\t\t\t<\/div>\n\t\t\t\n\t\t<\/div>\n\t\t\t\t\t\t<\/div>\n\t\t\t\t<\/div>\n\t\t\t\t<\/div>\n\t\t<div class=\"elementor-element elementor-element-21e5430 e-con-full e-flex e-con e-child\" data-id=\"21e5430\" data-element_type=\"container\">\n\t\t\t\t<div class=\"elementor-element elementor-element-a6b4ee2 elementor-view-default elementor-position-top elementor-mobile-position-top elementor-widget elementor-widget-icon-box\" data-id=\"a6b4ee2\" data-element_type=\"widget\" data-widget_type=\"icon-box.default\">\n\t\t\t\t<div class=\"elementor-widget-container\">\n\t\t\t\t\t\t\t<div class=\"elementor-icon-box-wrapper\">\n\n\t\t\t\t\t\t<div class=\"elementor-icon-box-icon\">\n\t\t\t\t<span  class=\"elementor-icon\">\n\t\t\t\t<i aria-hidden=\"true\" class=\" ti-wand\"><\/i>\t\t\t\t<\/span>\n\t\t\t<\/div>\n\t\t\t\n\t\t\t\t\t\t<div class=\"elementor-icon-box-content\">\n\n\t\t\t\t\n\t\t\t\t\t\t\t\t\t<p class=\"elementor-icon-box-description\">\n\t\t\t\t\t\tNeuer und st\u00e4ndig gewarteter Fahrradpark.\n\t\t\t\t\t<\/p>\n\t\t\t\t\n\t\t\t<\/div>\n\t\t\t\n\t\t<\/div>\n\t\t\t\t\t\t<\/div>\n\t\t\t\t<\/div>\n\t\t\t\t<\/div>\n\t\t<div class=\"elementor-element elementor-element-ee91024 e-con-full e-flex e-con e-child\" data-id=\"ee91024\" data-element_type=\"container\">\n\t\t\t\t<div class=\"elementor-element elementor-element-4091dc3 elementor-view-default elementor-position-top elementor-mobile-position-top elementor-widget elementor-widget-icon-box\" data-id=\"4091dc3\" data-element_type=\"widget\" data-widget_type=\"icon-box.default\">\n\t\t\t\t<div class=\"elementor-widget-container\">\n\t\t\t\t\t\t\t<div class=\"elementor-icon-box-wrapper\">\n\n\t\t\t\t\t\t<div class=\"elementor-icon-box-icon\">\n\t\t\t\t<span  class=\"elementor-icon\">\n\t\t\t\t<i aria-hidden=\"true\" class=\" ti-direction-alt\"><\/i>\t\t\t\t<\/span>\n\t\t\t<\/div>\n\t\t\t\n\t\t\t\t\t\t<div class=\"elementor-icon-box-content\">\n\n\t\t\t\t\n\t\t\t\t\t\t\t\t\t<p class=\"elementor-icon-box-description\">\n\t\t\t\t\t\tDirekter Zugang zu den wichtigsten Fahrradrouten, so dass Sie ohne Zeitverlust sofort zu einem Abenteuer aufbrechen k\u00f6nnen!\n\t\t\t\t\t<\/p>\n\t\t\t\t\n\t\t\t<\/div>\n\t\t\t\n\t\t<\/div>\n\t\t\t\t\t\t<\/div>\n\t\t\t\t<\/div>\n\t\t\t\t<\/div>\n\t\t<div class=\"elementor-element elementor-element-21f7519 e-con-full e-flex e-con e-child\" data-id=\"21f7519\" data-element_type=\"container\">\n\t\t\t\t<div class=\"elementor-element elementor-element-e4fd793 elementor-view-default elementor-position-top elementor-mobile-position-top elementor-widget elementor-widget-icon-box\" data-id=\"e4fd793\" data-element_type=\"widget\" data-widget_type=\"icon-box.default\">\n\t\t\t\t<div class=\"elementor-widget-container\">\n\t\t\t\t\t\t\t<div class=\"elementor-icon-box-wrapper\">\n\n\t\t\t\t\t\t<div class=\"elementor-icon-box-icon\">\n\t\t\t\t<span  class=\"elementor-icon\">\n\t\t\t\t<i aria-hidden=\"true\" class=\" ti-settings\"><\/i>\t\t\t\t<\/span>\n\t\t\t<\/div>\n\t\t\t\n\t\t\t\t\t\t<div class=\"elementor-icon-box-content\">\n\n\t\t\t\t\n\t\t\t\t\t\t\t\t\t<p class=\"elementor-icon-box-description\">\n\t\t\t\t\t\tWir bieten Ihnen einen kompletten Service: Verleih inklusive Helm und Schloss, Unterst\u00fctzung bei der Abholung, Lieferung des Fahrrads, Hilfe in Notf\u00e4llen, Fahrradwerkstatt f\u00fcr alle technischen Bed\u00fcrfnisse.\n\t\t\t\t\t<\/p>\n\t\t\t\t\n\t\t\t<\/div>\n\t\t\t\n\t\t<\/div>\n\t\t\t\t\t\t<\/div>\n\t\t\t\t<\/div>\n\t\t\t\t<\/div>\n\t\t<div class=\"elementor-element elementor-element-d4483c1 e-con-full e-flex e-con e-child\" data-id=\"d4483c1\" data-element_type=\"container\">\n\t\t\t\t<div class=\"elementor-element elementor-element-6b0d8b4 elementor-view-default elementor-position-top elementor-mobile-position-top elementor-widget elementor-widget-icon-box\" data-id=\"6b0d8b4\" data-element_type=\"widget\" data-widget_type=\"icon-box.default\">\n\t\t\t\t<div class=\"elementor-widget-container\">\n\t\t\t\t\t\t\t<div class=\"elementor-icon-box-wrapper\">\n\n\t\t\t\t\t\t<div class=\"elementor-icon-box-icon\">\n\t\t\t\t<span  class=\"elementor-icon\">\n\t\t\t\t<i aria-hidden=\"true\" class=\"lnr lnr-bicycle\"><\/i>\t\t\t\t<\/span>\n\t\t\t<\/div>\n\t\t\t\n\t\t\t\t\t\t<div class=\"elementor-icon-box-content\">\n\n\t\t\t\t\n\t\t\t\t\t\t\t\t\t<p class=\"elementor-icon-box-description\">\n\t\t\t\t\t\tGro\u00dfe Auswahl an Fahrr\u00e4dern f\u00fcr jeden Bedarf, auch f\u00fcr die Kleinsten! \n\t\t\t\t\t<\/p>\n\t\t\t\t\n\t\t\t<\/div>\n\t\t\t\n\t\t<\/div>\n\t\t\t\t\t\t<\/div>\n\t\t\t\t<\/div>\n\t\t\t\t<\/div>\n\t\t\t\t<\/div>\n\t\t\t\t\t<\/div>\n\t\t\t\t<\/div>\n\t\t<div class=\"elementor-element elementor-element-a6a0525 e-flex e-con-boxed e-con e-parent\" data-id=\"a6a0525\" data-element_type=\"container\" data-settings=\"{&quot;background_background&quot;:&quot;classic&quot;,&quot;background_motion_fx_motion_fx_scrolling&quot;:&quot;yes&quot;,&quot;background_motion_fx_translateY_effect&quot;:&quot;yes&quot;,&quot;background_motion_fx_translateY_speed&quot;:{&quot;unit&quot;:&quot;px&quot;,&quot;size&quot;:6,&quot;sizes&quot;:[]},&quot;background_motion_fx_translateY_affectedRange&quot;:{&quot;unit&quot;:&quot;%&quot;,&quot;size&quot;:&quot;&quot;,&quot;sizes&quot;:{&quot;start&quot;:0,&quot;end&quot;:100}},&quot;background_motion_fx_devices&quot;:[&quot;widescreen&quot;,&quot;desktop&quot;,&quot;laptop&quot;,&quot;tablet&quot;,&quot;mobile&quot;]}\">\n\t\t\t\t\t<div class=\"e-con-inner\">\n\t\t\t\t\t<\/div>\n\t\t\t\t<\/div>\n\t\t<div class=\"elementor-element elementor-element-51586fc e-flex e-con-boxed e-con e-parent\" data-id=\"51586fc\" data-element_type=\"container\" data-settings=\"{&quot;background_background&quot;:&quot;classic&quot;}\">\n\t\t\t\t\t<div class=\"e-con-inner\">\n\t\t<div class=\"elementor-element elementor-element-efc5556 e-con-full e-flex e-con e-child\" data-id=\"efc5556\" data-element_type=\"container\">\n\t\t\t\t<div class=\"elementor-element elementor-element-3131bc6 elementor-widget elementor-widget-image\" data-id=\"3131bc6\" data-element_type=\"widget\" data-widget_type=\"image.default\">\n\t\t\t\t<div class=\"elementor-widget-container\">\n\t\t\t\t\t\t\t\t\t\t\t\t\t\t\t<img loading=\"lazy\" decoding=\"async\" width=\"800\" height=\"450\" src=\"https:\/\/bellaitaliacycling.com\/wp-content\/uploads\/2025\/02\/tour-guidati-1024x576.png\" class=\"attachment-large size-large wp-image-2741\" alt=\"\" srcset=\"https:\/\/bellaitaliacycling.com\/wp-content\/uploads\/2025\/02\/tour-guidati-1024x576.png 1024w, https:\/\/bellaitaliacycling.com\/wp-content\/uploads\/2025\/02\/tour-guidati-600x337.png 600w, https:\/\/bellaitaliacycling.com\/wp-content\/uploads\/2025\/02\/tour-guidati-300x169.png 300w, https:\/\/bellaitaliacycling.com\/wp-content\/uploads\/2025\/02\/tour-guidati-768x432.png 768w, https:\/\/bellaitaliacycling.com\/wp-content\/uploads\/2025\/02\/tour-guidati-1536x864.png 1536w, https:\/\/bellaitaliacycling.com\/wp-content\/uploads\/2025\/02\/tour-guidati-2048x1152.png 2048w\" sizes=\"(max-width: 800px) 100vw, 800px\" \/>\t\t\t\t\t\t\t\t\t\t\t\t\t\t\t<\/div>\n\t\t\t\t<\/div>\n\t\t\t\t<div class=\"elementor-element elementor-element-4b55b7f elementor-widget elementor-widget-heading\" data-id=\"4b55b7f\" data-element_type=\"widget\" data-widget_type=\"heading.default\">\n\t\t\t\t<div class=\"elementor-widget-container\">\n\t\t\t\t\t<h3 class=\"elementor-heading-title elementor-size-default\">Gef\u00fchrte Touren<\/h3>\t\t\t\t<\/div>\n\t\t\t\t<\/div>\n\t\t\t\t<div class=\"elementor-element elementor-element-f81c885 elementor-widget elementor-widget-text-editor\" data-id=\"f81c885\" data-element_type=\"widget\" data-widget_type=\"text-editor.default\">\n\t\t\t\t<div class=\"elementor-widget-container\">\n\t\t\t\t\t\t\t\t\t<p>Bella Italia Cycling organisiert <strong>gef\u00fchrte Touren<\/strong> mit dem Ziel, unser geliebtes <strong>Gebiet<\/strong> bekannt und beliebt zu machen. Von den <strong>einfachsten<\/strong> Touren, die f\u00fcr die ganze Familie geeignet sind, \u00fcber <strong>anspruchsvollere<\/strong> Touren bis hin zu <strong>gastronomischen<\/strong> Touren, um die Vorz\u00fcge des Gardasees zu entdecken. Warten Sie nicht und buchen Sie die Tour, die Sie bevorzugen!  <\/p>\t\t\t\t\t\t\t\t<\/div>\n\t\t\t\t<\/div>\n\t\t\t\t<div class=\"elementor-element elementor-element-2999d3e elementor-widget__width-auto elementor-widget elementor-widget-button\" data-id=\"2999d3e\" data-element_type=\"widget\" data-widget_type=\"button.default\">\n\t\t\t\t<div class=\"elementor-widget-container\">\n\t\t\t\t\t\t\t\t\t<div class=\"elementor-button-wrapper\">\n\t\t\t\t\t<a class=\"elementor-button elementor-button-link elementor-size-sm elementor-animation-float\" href=\"https:\/\/bellaitaliacycling.com\/de\/gefuehrte-fahrradtouren\/\">\n\t\t\t\t\t\t<span class=\"elementor-button-content-wrapper\">\n\t\t\t\t\t\t<span class=\"elementor-button-icon\">\n\t\t\t\t<i aria-hidden=\"true\" class=\" icon_calendar\"><\/i>\t\t\t<\/span>\n\t\t\t\t\t\t\t\t\t<span class=\"elementor-button-text\">Buchen Sie eine gef\u00fchrte Tour<\/span>\n\t\t\t\t\t<\/span>\n\t\t\t\t\t<\/a>\n\t\t\t\t<\/div>\n\t\t\t\t\t\t\t\t<\/div>\n\t\t\t\t<\/div>\n\t\t\t\t<\/div>\n\t\t<div class=\"elementor-element elementor-element-742d1d9 e-con-full e-flex e-con e-child\" data-id=\"742d1d9\" data-element_type=\"container\">\n\t\t<div class=\"elementor-element elementor-element-31aa3df e-con-full e-flex e-con e-child\" data-id=\"31aa3df\" data-element_type=\"container\">\n\t\t\t\t<div class=\"elementor-element elementor-element-b7290a7 elementor-widget elementor-widget-image\" data-id=\"b7290a7\" data-element_type=\"widget\" data-widget_type=\"image.default\">\n\t\t\t\t<div class=\"elementor-widget-container\">\n\t\t\t\t\t\t\t\t\t\t\t\t\t\t\t<img loading=\"lazy\" decoding=\"async\" width=\"800\" height=\"450\" src=\"https:\/\/bellaitaliacycling.com\/wp-content\/uploads\/2025\/02\/tour-di-gruppo-1024x576.png\" class=\"attachment-large size-large wp-image-2738\" alt=\"\" srcset=\"https:\/\/bellaitaliacycling.com\/wp-content\/uploads\/2025\/02\/tour-di-gruppo-1024x576.png 1024w, https:\/\/bellaitaliacycling.com\/wp-content\/uploads\/2025\/02\/tour-di-gruppo-600x337.png 600w, https:\/\/bellaitaliacycling.com\/wp-content\/uploads\/2025\/02\/tour-di-gruppo-300x169.png 300w, https:\/\/bellaitaliacycling.com\/wp-content\/uploads\/2025\/02\/tour-di-gruppo-768x432.png 768w, https:\/\/bellaitaliacycling.com\/wp-content\/uploads\/2025\/02\/tour-di-gruppo-1536x864.png 1536w, https:\/\/bellaitaliacycling.com\/wp-content\/uploads\/2025\/02\/tour-di-gruppo-2048x1152.png 2048w\" sizes=\"(max-width: 800px) 100vw, 800px\" \/>\t\t\t\t\t\t\t\t\t\t\t\t\t\t\t<\/div>\n\t\t\t\t<\/div>\n\t\t\t\t<div class=\"elementor-element elementor-element-b39fc27 elementor-widget elementor-widget-heading\" data-id=\"b39fc27\" data-element_type=\"widget\" data-widget_type=\"heading.default\">\n\t\t\t\t<div class=\"elementor-widget-container\">\n\t\t\t\t\t<h3 class=\"elementor-heading-title elementor-size-default\">Gruppenreisen<\/h3>\t\t\t\t<\/div>\n\t\t\t\t<\/div>\n\t\t\t\t<div class=\"elementor-element elementor-element-34c3f35 elementor-widget elementor-widget-text-editor\" data-id=\"34c3f35\" data-element_type=\"widget\" data-widget_type=\"text-editor.default\">\n\t\t\t\t<div class=\"elementor-widget-container\">\n\t\t\t\t\t\t\t\t\t<p>Wenn Sie eine <strong>gro\u00dfe<\/strong> Gruppe sind, z. B. eine Schulklasse, eine Reisegruppe oder ein Unternehmen, keine Sorge&#8230; wir hei\u00dfen Sie gerne willkommen! Bitte kontaktieren Sie uns und teilen Sie uns mit <strong>, wann<\/strong> Sie die Tour organisieren m\u00f6chten und <strong>wie viele<\/strong> von Ihnen teilnehmen werden. <\/p>\t\t\t\t\t\t\t\t<\/div>\n\t\t\t\t<\/div>\n\t\t\t\t<\/div>\n\t\t<div class=\"elementor-element elementor-element-f6a7802 e-con-full e-flex e-con e-child\" data-id=\"f6a7802\" data-element_type=\"container\">\n\t\t\t\t<div class=\"elementor-element elementor-element-8c2b56a elementor-widget__width-auto elementor-widget elementor-widget-button\" data-id=\"8c2b56a\" data-element_type=\"widget\" data-widget_type=\"button.default\">\n\t\t\t\t<div class=\"elementor-widget-container\">\n\t\t\t\t\t\t\t\t\t<div class=\"elementor-button-wrapper\">\n\t\t\t\t\t<a class=\"elementor-button elementor-button-link elementor-size-sm elementor-animation-float\" href=\"https:\/\/bellaitaliacycling.com\/de\/radtouren-fuer-gruppen-und-reisebueros\/\">\n\t\t\t\t\t\t<span class=\"elementor-button-content-wrapper\">\n\t\t\t\t\t\t<span class=\"elementor-button-icon\">\n\t\t\t\t<svg aria-hidden=\"true\" class=\"e-font-icon-svg e-far-envelope\" viewBox=\"0 0 512 512\" xmlns=\"http:\/\/www.w3.org\/2000\/svg\"><path d=\"M464 64H48C21.49 64 0 85.49 0 112v288c0 26.51 21.49 48 48 48h416c26.51 0 48-21.49 48-48V112c0-26.51-21.49-48-48-48zm0 48v40.805c-22.422 18.259-58.168 46.651-134.587 106.49-16.841 13.247-50.201 45.072-73.413 44.701-23.208.375-56.579-31.459-73.413-44.701C106.18 199.465 70.425 171.067 48 152.805V112h416zM48 400V214.398c22.914 18.251 55.409 43.862 104.938 82.646 21.857 17.205 60.134 55.186 103.062 54.955 42.717.231 80.509-37.199 103.053-54.947 49.528-38.783 82.032-64.401 104.947-82.653V400H48z\"><\/path><\/svg>\t\t\t<\/span>\n\t\t\t\t\t\t\t\t\t<span class=\"elementor-button-text\">Kontaktieren Sie uns<\/span>\n\t\t\t\t\t<\/span>\n\t\t\t\t\t<\/a>\n\t\t\t\t<\/div>\n\t\t\t\t\t\t\t\t<\/div>\n\t\t\t\t<\/div>\n\t\t\t\t<\/div>\n\t\t\t\t<\/div>\n\t\t<div class=\"elementor-element elementor-element-24003f7 e-con-full e-flex e-con e-child\" data-id=\"24003f7\" data-element_type=\"container\">\n\t\t\t\t<div class=\"elementor-element elementor-element-ddf5a6a elementor-widget elementor-widget-image\" data-id=\"ddf5a6a\" data-element_type=\"widget\" data-widget_type=\"image.default\">\n\t\t\t\t<div class=\"elementor-widget-container\">\n\t\t\t\t\t\t\t\t\t\t\t\t\t\t\t<img loading=\"lazy\" decoding=\"async\" width=\"800\" height=\"450\" src=\"https:\/\/bellaitaliacycling.com\/wp-content\/uploads\/2025\/02\/tour-individuale-1024x576.png\" class=\"attachment-large size-large wp-image-2747\" alt=\"\" srcset=\"https:\/\/bellaitaliacycling.com\/wp-content\/uploads\/2025\/02\/tour-individuale-1024x576.png 1024w, https:\/\/bellaitaliacycling.com\/wp-content\/uploads\/2025\/02\/tour-individuale-600x337.png 600w, https:\/\/bellaitaliacycling.com\/wp-content\/uploads\/2025\/02\/tour-individuale-300x169.png 300w, https:\/\/bellaitaliacycling.com\/wp-content\/uploads\/2025\/02\/tour-individuale-768x432.png 768w, https:\/\/bellaitaliacycling.com\/wp-content\/uploads\/2025\/02\/tour-individuale-1536x864.png 1536w, https:\/\/bellaitaliacycling.com\/wp-content\/uploads\/2025\/02\/tour-individuale-2048x1152.png 2048w\" sizes=\"(max-width: 800px) 100vw, 800px\" \/>\t\t\t\t\t\t\t\t\t\t\t\t\t\t\t<\/div>\n\t\t\t\t<\/div>\n\t\t\t\t<div class=\"elementor-element elementor-element-b8bcaa4 elementor-widget elementor-widget-heading\" data-id=\"b8bcaa4\" data-element_type=\"widget\" data-widget_type=\"heading.default\">\n\t\t\t\t<div class=\"elementor-widget-container\">\n\t\t\t\t\t<h3 class=\"elementor-heading-title elementor-size-default\">Individuelle Touren<\/h3>\t\t\t\t<\/div>\n\t\t\t\t<\/div>\n\t\t\t\t<div class=\"elementor-element elementor-element-58f8dac elementor-widget elementor-widget-text-editor\" data-id=\"58f8dac\" data-element_type=\"widget\" data-widget_type=\"text-editor.default\">\n\t\t\t\t<div class=\"elementor-widget-container\">\n\t\t\t\t\t\t\t\t\t<p>Wenn Sie ein erfahrener Radfahrer sind, der bereits daran gew\u00f6hnt ist, Touren auf eigene Faust zu unternehmen, und auf der Suche nach aufregenden neuen Routen sind, sollten Sie einen Blick auf unsere <strong>Reiseroute<\/strong> werfen. Wir haben eine Reihe von <strong>GPS-Touren<\/strong> mit<strong> verschiedenen Schwierigkeitsgraden<\/strong> ausgew\u00e4hlt<strong>. <\/strong>Laden Sie sie einfach herunter, \u00f6ffnen Sie sie mit Ihrer Lieblings-App&#8230; und schwingen Sie sich aufs Rad! <\/p>\t\t\t\t\t\t\t\t<\/div>\n\t\t\t\t<\/div>\n\t\t<div class=\"elementor-element elementor-element-10a3a85 e-con-full e-flex e-con e-child\" data-id=\"10a3a85\" data-element_type=\"container\">\n\t\t\t\t<div class=\"elementor-element elementor-element-132e740 elementor-widget__width-auto elementor-widget elementor-widget-button\" data-id=\"132e740\" data-element_type=\"widget\" data-widget_type=\"button.default\">\n\t\t\t\t<div class=\"elementor-widget-container\">\n\t\t\t\t\t\t\t\t\t<div class=\"elementor-button-wrapper\">\n\t\t\t\t\t<a class=\"elementor-button elementor-button-link elementor-size-sm elementor-animation-float\" href=\"https:\/\/bellaitaliacycling.com\/de\/selbststaendige-tour-mit-dem-fahrrad\/\">\n\t\t\t\t\t\t<span class=\"elementor-button-content-wrapper\">\n\t\t\t\t\t\t<span class=\"elementor-button-icon\">\n\t\t\t\t<i aria-hidden=\"true\" class=\" icon_compass_alt\"><\/i>\t\t\t<\/span>\n\t\t\t\t\t\t\t\t\t<span class=\"elementor-button-text\">Zu GPS-Routen gehen<\/span>\n\t\t\t\t\t<\/span>\n\t\t\t\t\t<\/a>\n\t\t\t\t<\/div>\n\t\t\t\t\t\t\t\t<\/div>\n\t\t\t\t<\/div>\n\t\t\t\t<div class=\"elementor-element elementor-element-6ff6f38 elementor-widget__width-auto elementor-widget elementor-widget-button\" data-id=\"6ff6f38\" data-element_type=\"widget\" data-widget_type=\"button.default\">\n\t\t\t\t<div class=\"elementor-widget-container\">\n\t\t\t\t\t\t\t\t\t<div class=\"elementor-button-wrapper\">\n\t\t\t\t\t<a class=\"elementor-button elementor-button-link elementor-size-sm elementor-animation-float\" href=\"https:\/\/bellaitaliacycling.com\/de\/gps-tracks-fuer-radtouren\/\">\n\t\t\t\t\t\t<span class=\"elementor-button-content-wrapper\">\n\t\t\t\t\t\t<span class=\"elementor-button-icon\">\n\t\t\t\t<i aria-hidden=\"true\" class=\"lnr lnr-user\"><\/i>\t\t\t<\/span>\n\t\t\t\t\t\t\t\t\t<span class=\"elementor-button-text\">Zu den Selbsttouren gehen<\/span>\n\t\t\t\t\t<\/span>\n\t\t\t\t\t<\/a>\n\t\t\t\t<\/div>\n\t\t\t\t\t\t\t\t<\/div>\n\t\t\t\t<\/div>\n\t\t\t\t<\/div>\n\t\t\t\t<\/div>\n\t\t\t\t\t<\/div>\n\t\t\t\t<\/div>\n\t\t\t\t<\/div>\n\t\t","protected":false},"excerpt":{"rendered":"<p>Willkommen im Herzen einer der malerischsten Gegenden Italiens, einem wahren Paradies f\u00fcr Fahrradliebhaber! Unsere Mietstationen am Gardasee Unsere Fahrradverleihstellen sind strategisch g\u00fcnstig gelegen, um Ihnen das beste Erlebnis am und um den Gardasee zu bieten . Peschiera BICY- Stra\u00dfe Bella Italia Perfetto per avventurarsi verso la Ciclopedonale Sirmione-Desenzano, scoprire le colline moreniche e i vigneti [&hellip;]<\/p>\n","protected":false},"author":1,"featured_media":0,"parent":0,"menu_order":0,"comment_status":"closed","ping_status":"closed","template":"","meta":{"_acf_changed":false,"footnotes":""},"class_list":["post-3913","page","type-page","status-publish","hentry"],"acf":[],"yoast_head":"<!-- This site is optimized with the Yoast SEO plugin v26.3 - https:\/\/yoast.com\/wordpress\/plugins\/seo\/ -->\n<title>Fahrradverleih Gardasee - Bella Italia Cycling<\/title>\n<meta name=\"description\" content=\"Fahrradverleih am Gardasee. Unser breites Angebot umfasst Citybikes, Trekkingr\u00e4der, E-Bikes, Mountainbikes und Kinderfahrr\u00e4der.\" \/>\n<meta name=\"robots\" content=\"index, follow, max-snippet:-1, max-image-preview:large, max-video-preview:-1\" \/>\n<link rel=\"canonical\" href=\"https:\/\/bellaitaliacycling.com\/de\/fahrradverleih-gardasee\/\" \/>\n<meta property=\"og:locale\" content=\"de_DE\" \/>\n<meta property=\"og:type\" content=\"article\" \/>\n<meta property=\"og:title\" content=\"Fahrradverleih Gardasee - Bella Italia Cycling\" \/>\n<meta property=\"og:description\" content=\"Fahrradverleih am Gardasee. Unser breites Angebot umfasst Citybikes, Trekkingr\u00e4der, E-Bikes, Mountainbikes und Kinderfahrr\u00e4der.\" \/>\n<meta property=\"og:url\" content=\"https:\/\/bellaitaliacycling.com\/de\/fahrradverleih-gardasee\/\" \/>\n<meta property=\"og:site_name\" content=\"Bella Italia Cycling\" \/>\n<meta property=\"article:publisher\" content=\"https:\/\/www.facebook.com\/p\/Bella-Italia-CYcling-61557438540626\/\" \/>\n<meta property=\"article:modified_time\" content=\"2026-03-05T14:26:59+00:00\" \/>\n<meta property=\"og:image\" content=\"https:\/\/bellaitaliacycling.com\/wp-content\/uploads\/2026\/02\/bella-italia-bicy-peschiera.jpg\" \/>\n\t<meta property=\"og:image:width\" content=\"1500\" \/>\n\t<meta property=\"og:image:height\" content=\"1200\" \/>\n\t<meta property=\"og:image:type\" content=\"image\/jpeg\" \/>\n<meta name=\"twitter:card\" content=\"summary_large_image\" \/>\n<meta name=\"twitter:label1\" content=\"Gesch\u00e4tzte Lesezeit\" \/>\n\t<meta name=\"twitter:data1\" content=\"20\u00a0Minuten\" \/>\n<script type=\"application\/ld+json\" class=\"yoast-schema-graph\">{\"@context\":\"https:\/\/schema.org\",\"@graph\":[{\"@type\":\"WebPage\",\"@id\":\"https:\/\/bellaitaliacycling.com\/de\/fahrradverleih-gardasee\/\",\"url\":\"https:\/\/bellaitaliacycling.com\/de\/fahrradverleih-gardasee\/\",\"name\":\"Fahrradverleih Gardasee - Bella Italia Cycling\",\"isPartOf\":{\"@id\":\"https:\/\/bellaitaliacycling.com\/de\/#website\"},\"primaryImageOfPage\":{\"@id\":\"https:\/\/bellaitaliacycling.com\/de\/fahrradverleih-gardasee\/#primaryimage\"},\"image\":{\"@id\":\"https:\/\/bellaitaliacycling.com\/de\/fahrradverleih-gardasee\/#primaryimage\"},\"thumbnailUrl\":\"https:\/\/bellaitaliacycling.com\/wp-content\/uploads\/2026\/02\/bella-italia-bicy-peschiera.jpg\",\"datePublished\":\"2025-01-14T10:26:26+00:00\",\"dateModified\":\"2026-03-05T14:26:59+00:00\",\"description\":\"Fahrradverleih am Gardasee. Unser breites Angebot umfasst Citybikes, Trekkingr\u00e4der, E-Bikes, Mountainbikes und Kinderfahrr\u00e4der.\",\"breadcrumb\":{\"@id\":\"https:\/\/bellaitaliacycling.com\/de\/fahrradverleih-gardasee\/#breadcrumb\"},\"inLanguage\":\"de\",\"potentialAction\":[{\"@type\":\"ReadAction\",\"target\":[\"https:\/\/bellaitaliacycling.com\/de\/fahrradverleih-gardasee\/\"]}]},{\"@type\":\"ImageObject\",\"inLanguage\":\"de\",\"@id\":\"https:\/\/bellaitaliacycling.com\/de\/fahrradverleih-gardasee\/#primaryimage\",\"url\":\"https:\/\/bellaitaliacycling.com\/wp-content\/uploads\/2026\/02\/bella-italia-bicy-peschiera.jpg\",\"contentUrl\":\"https:\/\/bellaitaliacycling.com\/wp-content\/uploads\/2026\/02\/bella-italia-bicy-peschiera.jpg\"},{\"@type\":\"BreadcrumbList\",\"@id\":\"https:\/\/bellaitaliacycling.com\/de\/fahrradverleih-gardasee\/#breadcrumb\",\"itemListElement\":[{\"@type\":\"ListItem\",\"position\":1,\"name\":\"Startseite\",\"item\":\"https:\/\/bellaitaliacycling.com\/de\/\"},{\"@type\":\"ListItem\",\"position\":2,\"name\":\"Fahrradverleih Gardasee\"}]},{\"@type\":\"WebSite\",\"@id\":\"https:\/\/bellaitaliacycling.com\/de\/#website\",\"url\":\"https:\/\/bellaitaliacycling.com\/de\/\",\"name\":\"Bella Italia Cycling\",\"description\":\"Noleggio bici sul lago di Garda\",\"publisher\":{\"@id\":\"https:\/\/bellaitaliacycling.com\/de\/#organization\"},\"potentialAction\":[{\"@type\":\"SearchAction\",\"target\":{\"@type\":\"EntryPoint\",\"urlTemplate\":\"https:\/\/bellaitaliacycling.com\/de\/?s={search_term_string}\"},\"query-input\":{\"@type\":\"PropertyValueSpecification\",\"valueRequired\":true,\"valueName\":\"search_term_string\"}}],\"inLanguage\":\"de\"},{\"@type\":\"Organization\",\"@id\":\"https:\/\/bellaitaliacycling.com\/de\/#organization\",\"name\":\"Bella Italia Radfahren\",\"url\":\"https:\/\/bellaitaliacycling.com\/de\/\",\"logo\":{\"@type\":\"ImageObject\",\"inLanguage\":\"de\",\"@id\":\"https:\/\/bellaitaliacycling.com\/de\/#\/schema\/logo\/image\/\",\"url\":\"https:\/\/bellaitaliacycling.com\/wp-content\/uploads\/2024\/12\/logo-bicy-semplice.png\",\"contentUrl\":\"https:\/\/bellaitaliacycling.com\/wp-content\/uploads\/2024\/12\/logo-bicy-semplice.png\",\"width\":1000,\"height\":515,\"caption\":\"Bella Italia Radfahren\"},\"image\":{\"@id\":\"https:\/\/bellaitaliacycling.com\/de\/#\/schema\/logo\/image\/\"},\"sameAs\":[\"https:\/\/www.facebook.com\/p\/Bella-Italia-CYcling-61557438540626\/\"]}]}<\/script>\n<!-- \/ Yoast SEO plugin. -->","yoast_head_json":{"title":"Fahrradverleih Gardasee - Bella Italia Cycling","description":"Fahrradverleih am Gardasee. Unser breites Angebot umfasst Citybikes, Trekkingr\u00e4der, E-Bikes, Mountainbikes und Kinderfahrr\u00e4der.","robots":{"index":"index","follow":"follow","max-snippet":"max-snippet:-1","max-image-preview":"max-image-preview:large","max-video-preview":"max-video-preview:-1"},"canonical":"https:\/\/bellaitaliacycling.com\/de\/fahrradverleih-gardasee\/","og_locale":"de_DE","og_type":"article","og_title":"Fahrradverleih Gardasee - Bella Italia Cycling","og_description":"Fahrradverleih am Gardasee. Unser breites Angebot umfasst Citybikes, Trekkingr\u00e4der, E-Bikes, Mountainbikes und Kinderfahrr\u00e4der.","og_url":"https:\/\/bellaitaliacycling.com\/de\/fahrradverleih-gardasee\/","og_site_name":"Bella Italia Cycling","article_publisher":"https:\/\/www.facebook.com\/p\/Bella-Italia-CYcling-61557438540626\/","article_modified_time":"2026-03-05T14:26:59+00:00","og_image":[{"width":1500,"height":1200,"url":"https:\/\/bellaitaliacycling.com\/wp-content\/uploads\/2026\/02\/bella-italia-bicy-peschiera.jpg","type":"image\/jpeg"}],"twitter_card":"summary_large_image","twitter_misc":{"Gesch\u00e4tzte Lesezeit":"20\u00a0Minuten"},"schema":{"@context":"https:\/\/schema.org","@graph":[{"@type":"WebPage","@id":"https:\/\/bellaitaliacycling.com\/de\/fahrradverleih-gardasee\/","url":"https:\/\/bellaitaliacycling.com\/de\/fahrradverleih-gardasee\/","name":"Fahrradverleih Gardasee - Bella Italia Cycling","isPartOf":{"@id":"https:\/\/bellaitaliacycling.com\/de\/#website"},"primaryImageOfPage":{"@id":"https:\/\/bellaitaliacycling.com\/de\/fahrradverleih-gardasee\/#primaryimage"},"image":{"@id":"https:\/\/bellaitaliacycling.com\/de\/fahrradverleih-gardasee\/#primaryimage"},"thumbnailUrl":"https:\/\/bellaitaliacycling.com\/wp-content\/uploads\/2026\/02\/bella-italia-bicy-peschiera.jpg","datePublished":"2025-01-14T10:26:26+00:00","dateModified":"2026-03-05T14:26:59+00:00","description":"Fahrradverleih am Gardasee. Unser breites Angebot umfasst Citybikes, Trekkingr\u00e4der, E-Bikes, Mountainbikes und Kinderfahrr\u00e4der.","breadcrumb":{"@id":"https:\/\/bellaitaliacycling.com\/de\/fahrradverleih-gardasee\/#breadcrumb"},"inLanguage":"de","potentialAction":[{"@type":"ReadAction","target":["https:\/\/bellaitaliacycling.com\/de\/fahrradverleih-gardasee\/"]}]},{"@type":"ImageObject","inLanguage":"de","@id":"https:\/\/bellaitaliacycling.com\/de\/fahrradverleih-gardasee\/#primaryimage","url":"https:\/\/bellaitaliacycling.com\/wp-content\/uploads\/2026\/02\/bella-italia-bicy-peschiera.jpg","contentUrl":"https:\/\/bellaitaliacycling.com\/wp-content\/uploads\/2026\/02\/bella-italia-bicy-peschiera.jpg"},{"@type":"BreadcrumbList","@id":"https:\/\/bellaitaliacycling.com\/de\/fahrradverleih-gardasee\/#breadcrumb","itemListElement":[{"@type":"ListItem","position":1,"name":"Startseite","item":"https:\/\/bellaitaliacycling.com\/de\/"},{"@type":"ListItem","position":2,"name":"Fahrradverleih Gardasee"}]},{"@type":"WebSite","@id":"https:\/\/bellaitaliacycling.com\/de\/#website","url":"https:\/\/bellaitaliacycling.com\/de\/","name":"Bella Italia Cycling","description":"Noleggio bici sul lago di Garda","publisher":{"@id":"https:\/\/bellaitaliacycling.com\/de\/#organization"},"potentialAction":[{"@type":"SearchAction","target":{"@type":"EntryPoint","urlTemplate":"https:\/\/bellaitaliacycling.com\/de\/?s={search_term_string}"},"query-input":{"@type":"PropertyValueSpecification","valueRequired":true,"valueName":"search_term_string"}}],"inLanguage":"de"},{"@type":"Organization","@id":"https:\/\/bellaitaliacycling.com\/de\/#organization","name":"Bella Italia Radfahren","url":"https:\/\/bellaitaliacycling.com\/de\/","logo":{"@type":"ImageObject","inLanguage":"de","@id":"https:\/\/bellaitaliacycling.com\/de\/#\/schema\/logo\/image\/","url":"https:\/\/bellaitaliacycling.com\/wp-content\/uploads\/2024\/12\/logo-bicy-semplice.png","contentUrl":"https:\/\/bellaitaliacycling.com\/wp-content\/uploads\/2024\/12\/logo-bicy-semplice.png","width":1000,"height":515,"caption":"Bella Italia Radfahren"},"image":{"@id":"https:\/\/bellaitaliacycling.com\/de\/#\/schema\/logo\/image\/"},"sameAs":["https:\/\/www.facebook.com\/p\/Bella-Italia-CYcling-61557438540626\/"]}]}},"_links":{"self":[{"href":"https:\/\/bellaitaliacycling.com\/de\/wp-json\/wp\/v2\/pages\/3913","targetHints":{"allow":["GET"]}}],"collection":[{"href":"https:\/\/bellaitaliacycling.com\/de\/wp-json\/wp\/v2\/pages"}],"about":[{"href":"https:\/\/bellaitaliacycling.com\/de\/wp-json\/wp\/v2\/types\/page"}],"author":[{"embeddable":true,"href":"https:\/\/bellaitaliacycling.com\/de\/wp-json\/wp\/v2\/users\/1"}],"replies":[{"embeddable":true,"href":"https:\/\/bellaitaliacycling.com\/de\/wp-json\/wp\/v2\/comments?post=3913"}],"version-history":[{"count":26,"href":"https:\/\/bellaitaliacycling.com\/de\/wp-json\/wp\/v2\/pages\/3913\/revisions"}],"predecessor-version":[{"id":7284,"href":"https:\/\/bellaitaliacycling.com\/de\/wp-json\/wp\/v2\/pages\/3913\/revisions\/7284"}],"wp:attachment":[{"href":"https:\/\/bellaitaliacycling.com\/de\/wp-json\/wp\/v2\/media?parent=3913"}],"curies":[{"name":"wp","href":"https:\/\/api.w.org\/{rel}","templated":true}]}}